{"id":6524,"date":"2024-01-03T14:22:03","date_gmt":"2024-01-03T14:22:03","guid":{"rendered":"https:\/\/www.evialis.com\/?post_type=temoignages&#038;p=6524"},"modified":"2024-02-07T14:24:38","modified_gmt":"2024-02-07T14:24:38","slug":"temoignage-station-genetique-blonde-daquitaine-de-casteljaloux","status":"publish","type":"temoignages","link":"https:\/\/www.evialis.com\/ph\/temoignages\/temoignage-station-genetique-blonde-daquitaine-de-casteljaloux\/","title":{"rendered":"T\u00e9moignage Station G\u00e9n\u00e9tique Blonde D\u2019Aquitaine de Casteljaloux\u00a0"},"content":{"rendered":"\n<figure class=\"wp-block-image size-full\"><img fetchpriority=\"high\" decoding=\"async\" width=\"1024\" height=\"683\" src=\"https:\/\/www.evialis.com\/wp-content\/uploads\/2024\/01\/image.png\" alt=\"\" class=\"wp-image-6525\" srcset=\"https:\/\/www.evialis.com\/wp-content\/uploads\/2024\/01\/image.png 1024w, https:\/\/www.evialis.com\/wp-content\/uploads\/2024\/01\/image-300x200.png 300w, https:\/\/www.evialis.com\/wp-content\/uploads\/2024\/01\/image-768x512.png 768w, https:\/\/www.evialis.com\/wp-content\/uploads\/2024\/01\/image-120x80.png 120w\" sizes=\"(max-width: 1024px) 100vw, 1024px\" \/><\/figure>\n\n\n\n<p>700 bovins de la race blonde d\u2019Aquitaine sont \u00e9lev\u00e9s \u00e0 la station de s\u00e9lection de Casteljaloux<br>dans le Lot-et-Garonne. EVIALIS cr\u00e9e les rations de l\u2019\u00e9lite.<\/p>\n\n\n\n<p>Le protocole de la station de s\u00e9lection g\u00e9r\u00e9 par Blonde G\u00e9n\u00e9tique a pour but d\u2019atteindre<br>1 400 grammes de GMQ en 84 jours et d\u2019amener ainsi les m\u00e2les \u00e0 la qualifi cation. <\/p>\n\n\n\n<blockquote class=\"wp-block-quote is-layout-flow wp-block-quote-is-layout-flow\">\n<p>\u00ab Notre objectif est largement atteint avec ces animaux d\u2019exception \u00bb, souligne J\u00e9r\u00f4me N\u00e8gre, responsable technique et commercial Blonde G\u00e9n\u00e9tique. <\/p>\n<\/blockquote>\n\n\n\n<p>Pour r\u00e9pondre aux besoins de la station, ils utilisent un aliment compl\u00e9mentaire EVIALIS de<a href=\"https:\/\/www.evialis.com\/gammes\/vision\/?especes=bovins-viande\" target=\"_blank\" rel=\"noreferrer noopener\"> la gamme MAJORAL<\/a>. Ce correcteur contient 30% de prot\u00e9ine, 0,93<br>UFV, enrichi en cellulose digestible. Cette derni\u00e8re favorise le fonctionnement ruminal, <\/p>\n\n\n\n<blockquote class=\"wp-block-quote is-layout-flow wp-block-quote-is-layout-flow\">\n<p>\u00ab en limitant l\u2019amidon pour amener les UF, on assure une bonne croissance sans d\u00e9poser de gras \u00bb, pr\u00e9cise Jean-Jacques Dupouy, technico-commercial EVIALIS.<\/p>\n<\/blockquote>\n\n\n\n<figure class=\"wp-block-embed is-type-video is-provider-youtube wp-block-embed-youtube wp-embed-aspect-16-9 wp-has-aspect-ratio\"><div class=\"wp-block-embed__wrapper\">\n<iframe title=\"T\u00e9moignage Station G\u00e9n\u00e9tique Blonde D\u2019Aquitaine de Casteljaloux\" width=\"800\" height=\"450\" src=\"https:\/\/www.youtube.com\/embed\/-P0FT0qavBk?feature=oembed\" frameborder=\"0\" allow=\"accelerometer; autoplay; clipboard-write; encrypted-media; gyroscope; picture-in-picture; web-share\" allowfullscreen><\/iframe>\n<\/div><\/figure>\n\n\n\n<h2 class=\"wp-block-heading\"><br>Patural Seren \u00e0 l&#8217;arriv\u00e9e des g\u00e9nisses<\/h2>\n\n\n\n<p><br>Chaque ann\u00e9e, AURIVA (unit\u00e9 de s\u00e9lection) accueille 140 \u00e0 150 g\u00e9nisses Blonde d\u2019Aquitaine \u00e2g\u00e9es de 6 \u00e0 7 mois. Pour assurer un bon d\u00e9marrage, le <a href=\"https:\/\/www.evialis.com\/aliments-ruminants\/patural-seren-nutrition-bovins-viande-gamme-vision-soutient-defenses-naturelles\/\" target=\"_blank\" rel=\"noreferrer noopener\">PATURAL SEREN<\/a> est distribu\u00e9 d\u00e8s l\u2019arriv\u00e9 des animaux, cela permet de limiter les frais v\u00e9t\u00e9rinaires et d\u2019assurer une bonne transition. Afin de limiter les frais v\u00e9t\u00e9rinaires et d\u2019assurer cette transition, la station mise sur le<a href=\"https:\/\/www.evialis.com\/aliments-ruminants\/patural-seren-nutrition-bovins-viande-gamme-vision-soutient-defenses-naturelles\/\" target=\"_blank\" rel=\"noreferrer noopener\"> PATURAL SEREN<\/a>. Le<a href=\"https:\/\/www.evialis.com\/aliments-ruminants\/patural-seren-nutrition-bovins-viande-gamme-vision-soutient-defenses-naturelles\/\"> PATURAL SEREN<\/a> contient un m\u00e9lange d\u2019huiles essentiels et d\u2019extrait de plantes pour soutenir l\u2019immunit\u00e9 des g\u00e9nisses. <\/p>\n\n\n\n<blockquote class=\"wp-block-quote is-layout-flow wp-block-quote-is-layout-flow\">\n<p><br>\u00ab Nous l\u2019utilisons depuis quatre ans et nous constatons une nette am\u00e9lioration de la r\u00e9ponse immunitaire des animaux. \u00bb, T\u00e9moignage Nicolas Maginet, responsable AURIVA de la station de Casteljaloux.<\/p>\n<\/blockquote>\n\n\n\n<h2 class=\"wp-block-heading\">Assurer le premier v\u00ealage \u00e0 24 mois<\/h2>\n\n\n\n<p><br>La station vise \u00e9galement le v\u00ealage \u00e0 2 ans. Pour y parvenir, les techniciens recherchent un poids cible de 450 kg \u00e0 15 mois. <\/p>\n\n\n\n<blockquote class=\"wp-block-quote is-layout-flow wp-block-quote-is-layout-flow\">\n<p>\u00ab On d\u00e9veloppe ainsi les activit\u00e9s sexuelles pour obtenir un bon taux de r\u00e9ussite aux IA \u00bb, poursuit Nicolas Maginet. <\/p>\n<\/blockquote>\n\n\n\n<p>Les rations \u00e9labor\u00e9es par EVIALIS permettent de r\u00e9pondre au but de la station : exprimer tout le potentiel des futurs reproducteurs de la race blonde d\u2019Aquitaine.<\/p>\n","protected":false},"featured_media":6525,"parent":0,"template":"","especes":[55],"class_list":["post-6524","temoignages","type-temoignages","status-publish","has-post-thumbnail","hentry","especes-bovins-viande"],"acf":[],"yoast_head":"<!-- This site is optimized with the Yoast SEO plugin v27.5 - https:\/\/yoast.com\/product\/yoast-seo-wordpress\/ -->\n<title>T\u00e9moignage Station G\u00e9n\u00e9tique Blonde D\u2019Aquitaine de Casteljaloux\u00a0 &#8226; EVIALIS<\/title>\n<meta name=\"description\" content=\"700 bovins de la race blonde d\u2019Aquitaine sont \u00e9lev\u00e9s \u00e0 la station de s\u00e9lection de Casteljalouxdans le Lot-et-Garonne. EVIALIS cr\u00e9e les rations de l\u2019\u00e9lite.\" \/>\n<meta name=\"robots\" content=\"index, follow, max-snippet:-1, max-image-preview:large, max-video-preview:-1\" \/>\n<link rel=\"canonical\" href=\"https:\/\/www.evialis.com\/ph\/temoignages\/temoignage-station-genetique-blonde-daquitaine-de-casteljaloux\/\" \/>\n<meta property=\"og:locale\" content=\"en_GB\" \/>\n<meta property=\"og:type\" content=\"article\" \/>\n<meta property=\"og:title\" content=\"T\u00e9moignage Station G\u00e9n\u00e9tique Blonde D\u2019Aquitaine de Casteljaloux\u00a0 &#8226; EVIALIS\" \/>\n<meta property=\"og:description\" content=\"700 bovins de la race blonde d\u2019Aquitaine sont \u00e9lev\u00e9s \u00e0 la station de s\u00e9lection de Casteljalouxdans le Lot-et-Garonne. EVIALIS cr\u00e9e les rations de l\u2019\u00e9lite.\" \/>\n<meta property=\"og:url\" content=\"https:\/\/www.evialis.com\/ph\/temoignages\/temoignage-station-genetique-blonde-daquitaine-de-casteljaloux\/\" \/>\n<meta property=\"og:site_name\" content=\"EVIALIS\" \/>\n<meta property=\"article:modified_time\" content=\"2024-02-07T14:24:38+00:00\" \/>\n<meta property=\"og:image\" content=\"https:\/\/www.evialis.com\/wp-content\/uploads\/2024\/01\/image.png\" \/>\n\t<meta property=\"og:image:width\" content=\"1024\" \/>\n\t<meta property=\"og:image:height\" content=\"683\" \/>\n\t<meta property=\"og:image:type\" content=\"image\/png\" \/>\n<meta name=\"twitter:card\" content=\"summary_large_image\" \/>\n<meta name=\"twitter:label1\" content=\"Estimated reading time\" \/>\n\t<meta name=\"twitter:data1\" content=\"2 minutes\" \/>\n<script type=\"application\/ld+json\" class=\"yoast-schema-graph\">{\"@context\":\"https:\\\/\\\/schema.org\",\"@graph\":[{\"@type\":\"WebPage\",\"@id\":\"https:\\\/\\\/www.evialis.com\\\/ph\\\/temoignages\\\/temoignage-station-genetique-blonde-daquitaine-de-casteljaloux\\\/\",\"url\":\"https:\\\/\\\/www.evialis.com\\\/ph\\\/temoignages\\\/temoignage-station-genetique-blonde-daquitaine-de-casteljaloux\\\/\",\"name\":\"T\u00e9moignage Station G\u00e9n\u00e9tique Blonde D\u2019Aquitaine de Casteljaloux\u00a0 &#8226; EVIALIS\",\"isPartOf\":{\"@id\":\"https:\\\/\\\/www.evialis.com\\\/ph\\\/#website\"},\"primaryImageOfPage\":{\"@id\":\"https:\\\/\\\/www.evialis.com\\\/ph\\\/temoignages\\\/temoignage-station-genetique-blonde-daquitaine-de-casteljaloux\\\/#primaryimage\"},\"image\":{\"@id\":\"https:\\\/\\\/www.evialis.com\\\/ph\\\/temoignages\\\/temoignage-station-genetique-blonde-daquitaine-de-casteljaloux\\\/#primaryimage\"},\"thumbnailUrl\":\"https:\\\/\\\/www.evialis.com\\\/wp-content\\\/uploads\\\/2024\\\/01\\\/image.png\",\"datePublished\":\"2024-01-03T14:22:03+00:00\",\"dateModified\":\"2024-02-07T14:24:38+00:00\",\"description\":\"700 bovins de la race blonde d\u2019Aquitaine sont \u00e9lev\u00e9s \u00e0 la station de s\u00e9lection de Casteljalouxdans le Lot-et-Garonne. EVIALIS cr\u00e9e les rations de l\u2019\u00e9lite.\",\"breadcrumb\":{\"@id\":\"https:\\\/\\\/www.evialis.com\\\/ph\\\/temoignages\\\/temoignage-station-genetique-blonde-daquitaine-de-casteljaloux\\\/#breadcrumb\"},\"inLanguage\":\"en-GB\",\"potentialAction\":[{\"@type\":\"ReadAction\",\"target\":[\"https:\\\/\\\/www.evialis.com\\\/ph\\\/temoignages\\\/temoignage-station-genetique-blonde-daquitaine-de-casteljaloux\\\/\"]}]},{\"@type\":\"ImageObject\",\"inLanguage\":\"en-GB\",\"@id\":\"https:\\\/\\\/www.evialis.com\\\/ph\\\/temoignages\\\/temoignage-station-genetique-blonde-daquitaine-de-casteljaloux\\\/#primaryimage\",\"url\":\"https:\\\/\\\/www.evialis.com\\\/wp-content\\\/uploads\\\/2024\\\/01\\\/image.png\",\"contentUrl\":\"https:\\\/\\\/www.evialis.com\\\/wp-content\\\/uploads\\\/2024\\\/01\\\/image.png\",\"width\":1024,\"height\":683},{\"@type\":\"BreadcrumbList\",\"@id\":\"https:\\\/\\\/www.evialis.com\\\/ph\\\/temoignages\\\/temoignage-station-genetique-blonde-daquitaine-de-casteljaloux\\\/#breadcrumb\",\"itemListElement\":[{\"@type\":\"ListItem\",\"position\":1,\"name\":\"Home\",\"item\":\"https:\\\/\\\/www.evialis.com\\\/ph\\\/\"},{\"@type\":\"ListItem\",\"position\":2,\"name\":\"Testimonials\",\"item\":\"https:\\\/\\\/www.evialis.com\\\/ph\\\/temoignages\\\/\"},{\"@type\":\"ListItem\",\"position\":3,\"name\":\"T\u00e9moignage Station G\u00e9n\u00e9tique Blonde D\u2019Aquitaine de Casteljaloux\u00a0\"}]},{\"@type\":\"WebSite\",\"@id\":\"https:\\\/\\\/www.evialis.com\\\/ph\\\/#website\",\"url\":\"https:\\\/\\\/www.evialis.com\\\/ph\\\/\",\"name\":\"EVIALIS\",\"description\":\"Nourrir vos animaux et bien plus - Leader en nutrition animale\",\"potentialAction\":[{\"@type\":\"SearchAction\",\"target\":{\"@type\":\"EntryPoint\",\"urlTemplate\":\"https:\\\/\\\/www.evialis.com\\\/ph\\\/?s={search_term_string}\"},\"query-input\":{\"@type\":\"PropertyValueSpecification\",\"valueRequired\":true,\"valueName\":\"search_term_string\"}}],\"inLanguage\":\"en-GB\"}]}<\/script>\n<!-- \/ Yoast SEO plugin. -->","yoast_head_json":{"title":"T\u00e9moignage Station G\u00e9n\u00e9tique Blonde D\u2019Aquitaine de Casteljaloux\u00a0 &#8226; EVIALIS","description":"700 bovins de la race blonde d\u2019Aquitaine sont \u00e9lev\u00e9s \u00e0 la station de s\u00e9lection de Casteljalouxdans le Lot-et-Garonne. EVIALIS cr\u00e9e les rations de l\u2019\u00e9lite.","robots":{"index":"index","follow":"follow","max-snippet":"max-snippet:-1","max-image-preview":"max-image-preview:large","max-video-preview":"max-video-preview:-1"},"canonical":"https:\/\/www.evialis.com\/ph\/temoignages\/temoignage-station-genetique-blonde-daquitaine-de-casteljaloux\/","og_locale":"en_GB","og_type":"article","og_title":"T\u00e9moignage Station G\u00e9n\u00e9tique Blonde D\u2019Aquitaine de Casteljaloux\u00a0 &#8226; EVIALIS","og_description":"700 bovins de la race blonde d\u2019Aquitaine sont \u00e9lev\u00e9s \u00e0 la station de s\u00e9lection de Casteljalouxdans le Lot-et-Garonne. EVIALIS cr\u00e9e les rations de l\u2019\u00e9lite.","og_url":"https:\/\/www.evialis.com\/ph\/temoignages\/temoignage-station-genetique-blonde-daquitaine-de-casteljaloux\/","og_site_name":"EVIALIS","article_modified_time":"2024-02-07T14:24:38+00:00","og_image":[{"width":1024,"height":683,"url":"https:\/\/www.evialis.com\/wp-content\/uploads\/2024\/01\/image.png","type":"image\/png"}],"twitter_card":"summary_large_image","twitter_misc":{"Estimated reading time":"2 minutes"},"schema":{"@context":"https:\/\/schema.org","@graph":[{"@type":"WebPage","@id":"https:\/\/www.evialis.com\/ph\/temoignages\/temoignage-station-genetique-blonde-daquitaine-de-casteljaloux\/","url":"https:\/\/www.evialis.com\/ph\/temoignages\/temoignage-station-genetique-blonde-daquitaine-de-casteljaloux\/","name":"T\u00e9moignage Station G\u00e9n\u00e9tique Blonde D\u2019Aquitaine de Casteljaloux\u00a0 &#8226; EVIALIS","isPartOf":{"@id":"https:\/\/www.evialis.com\/ph\/#website"},"primaryImageOfPage":{"@id":"https:\/\/www.evialis.com\/ph\/temoignages\/temoignage-station-genetique-blonde-daquitaine-de-casteljaloux\/#primaryimage"},"image":{"@id":"https:\/\/www.evialis.com\/ph\/temoignages\/temoignage-station-genetique-blonde-daquitaine-de-casteljaloux\/#primaryimage"},"thumbnailUrl":"https:\/\/www.evialis.com\/wp-content\/uploads\/2024\/01\/image.png","datePublished":"2024-01-03T14:22:03+00:00","dateModified":"2024-02-07T14:24:38+00:00","description":"700 bovins de la race blonde d\u2019Aquitaine sont \u00e9lev\u00e9s \u00e0 la station de s\u00e9lection de Casteljalouxdans le Lot-et-Garonne. EVIALIS cr\u00e9e les rations de l\u2019\u00e9lite.","breadcrumb":{"@id":"https:\/\/www.evialis.com\/ph\/temoignages\/temoignage-station-genetique-blonde-daquitaine-de-casteljaloux\/#breadcrumb"},"inLanguage":"en-GB","potentialAction":[{"@type":"ReadAction","target":["https:\/\/www.evialis.com\/ph\/temoignages\/temoignage-station-genetique-blonde-daquitaine-de-casteljaloux\/"]}]},{"@type":"ImageObject","inLanguage":"en-GB","@id":"https:\/\/www.evialis.com\/ph\/temoignages\/temoignage-station-genetique-blonde-daquitaine-de-casteljaloux\/#primaryimage","url":"https:\/\/www.evialis.com\/wp-content\/uploads\/2024\/01\/image.png","contentUrl":"https:\/\/www.evialis.com\/wp-content\/uploads\/2024\/01\/image.png","width":1024,"height":683},{"@type":"BreadcrumbList","@id":"https:\/\/www.evialis.com\/ph\/temoignages\/temoignage-station-genetique-blonde-daquitaine-de-casteljaloux\/#breadcrumb","itemListElement":[{"@type":"ListItem","position":1,"name":"Home","item":"https:\/\/www.evialis.com\/ph\/"},{"@type":"ListItem","position":2,"name":"Testimonials","item":"https:\/\/www.evialis.com\/ph\/temoignages\/"},{"@type":"ListItem","position":3,"name":"T\u00e9moignage Station G\u00e9n\u00e9tique Blonde D\u2019Aquitaine de Casteljaloux\u00a0"}]},{"@type":"WebSite","@id":"https:\/\/www.evialis.com\/ph\/#website","url":"https:\/\/www.evialis.com\/ph\/","name":"EVIALIS","description":"Nourrir vos animaux et bien plus - Leader en nutrition animale","potentialAction":[{"@type":"SearchAction","target":{"@type":"EntryPoint","urlTemplate":"https:\/\/www.evialis.com\/ph\/?s={search_term_string}"},"query-input":{"@type":"PropertyValueSpecification","valueRequired":true,"valueName":"search_term_string"}}],"inLanguage":"en-GB"}]}},"_links":{"self":[{"href":"https:\/\/www.evialis.com\/ph\/wp-json\/wp\/v2\/temoignages\/6524","targetHints":{"allow":["GET"]}}],"collection":[{"href":"https:\/\/www.evialis.com\/ph\/wp-json\/wp\/v2\/temoignages"}],"about":[{"href":"https:\/\/www.evialis.com\/ph\/wp-json\/wp\/v2\/types\/temoignages"}],"wp:featuredmedia":[{"embeddable":true,"href":"https:\/\/www.evialis.com\/ph\/wp-json\/wp\/v2\/media\/6525"}],"wp:attachment":[{"href":"https:\/\/www.evialis.com\/ph\/wp-json\/wp\/v2\/media?parent=6524"}],"wp:term":[{"taxonomy":"especes","embeddable":true,"href":"https:\/\/www.evialis.com\/ph\/wp-json\/wp\/v2\/especes?post=6524"}],"curies":[{"name":"wp","href":"https:\/\/api.w.org\/{rel}","templated":true}]}}