{"id":2205,"date":"2021-03-29T13:49:03","date_gmt":"2021-03-29T13:49:03","guid":{"rendered":"https:\/\/evialis.drwp.fr\/temoignages\/earl-de-la-vallee-du-louet\/"},"modified":"2021-06-16T13:20:40","modified_gmt":"2021-06-16T13:20:40","slug":"earl-de-la-vallee-du-louet","status":"publish","type":"temoignages","link":"https:\/\/www.evialis.com\/ph\/temoignages\/earl-de-la-vallee-du-louet\/","title":{"rendered":"EARL de la Vall\u00e9e du Louet"},"content":{"rendered":"\n<h2 class=\"wp-block-heading\"><strong>De la vente d\u2019aliment \u00e0 l\u2019\u00e9levage<\/strong><\/h2>\n\n\n\n<p><strong>Ancienne Technico-Commerciale EVIALIS chez <a href=\"https:\/\/www.evialis.com\/reseau-partenaire\/\" target=\"_blank\" rel=\"noreferrer noopener\">SOAL<\/a>, Corinne a d\u00e9cid\u00e9 en 2017, de vivre de sa passion : l\u2019\u00e9levage. Forte de son exp\u00e9rience, elle g\u00e8re son troupeau laitier d\u2019une main de ma\u00eetre accompagn\u00e9e par son mari Thierry.<\/strong>\u00a0<\/p>\n\n\n\n<h3 class=\"wp-block-heading\"><strong>Des&nbsp;histoires&nbsp;comme&nbsp;on&nbsp;les&nbsp;aime<\/strong><\/h3>\n\n\n\n<p>Voil\u00e0 maintenant 3 ans que Corinne a fait le grand saut pour devenir \u00e0 son tour \u00e9leveuse laitier. Elle s\u2019est lanc\u00e9e seule au d\u00e9part, puisque Thierry, son mari, travaille \u00e9galement de son c\u00f4t\u00e9 en tant que Directeur du magasin Point Vert \u00e0 Pau (coop\u00e9rative EURALIS). Situ\u00e9 au c\u0153ur du B\u00e9arn, dans une zone de polyculture \u00e9levage, l\u2019EARL DE LA VALLEE DU LOUET est implant\u00e9e \u00e0 proximit\u00e9 d\u2019un lac collinaire ce qui permet d\u2019irriguer toute l\u2019ann\u00e9e plus de 25 hectares de champs. La ferme est compos\u00e9e d\u2019un b\u00e2timent neuf de 70 logettes b\u00e9tonn\u00e9es avec tapis et paille. D\u00e8s son installation, Corinne a fait le choix de passer la production au robot, achet\u00e9 d\u2019occasion.&nbsp;&nbsp;<\/p>\n\n\n\n<p>Aujourd\u2019hui, ils suivent leur atelier de vaches laiti\u00e8res avec chacun sa sp\u00e9cialit\u00e9, Corinne aux animaux et Thierry au mat\u00e9riel. Corinne bichonne ses vaches et ses g\u00e9nisses, s\u2019occupe de la gestion administrative de la ferme et du fonctionnement du robot.&nbsp;<\/p>\n\n\n\n<p>Son parcours de Technico-Commerciale chez SOAL lui a laiss\u00e9 tous les bons r\u00e9flexes pour g\u00e9rer au quotidien la production.&nbsp;&nbsp;<\/p>\n\n\n\n<h3 class=\"wp-block-heading\">L&#8217;alimentation des vaches laiti\u00e8res<\/h3>\n\n\n\n<p>Au niveau de l\u2019alimentation, la ration de base est apport\u00e9e une fois par jour \u00e0 la d\u00e9sileuse distributrice puis repouss\u00e9e dans la journ\u00e9e \u00e0 la main.&nbsp;<\/p>\n\n\n\n<div class=\"wp-block-image\"><figure class=\"aligncenter size-full is-resized\"><img fetchpriority=\"high\" decoding=\"async\" src=\"https:\/\/www.evialis.com\/wp-content\/uploads\/2021\/04\/Capture-3.png\" alt=\"\" class=\"wp-image-4446\" width=\"410\" height=\"331\" srcset=\"https:\/\/www.evialis.com\/wp-content\/uploads\/2021\/04\/Capture-3.png 820w, https:\/\/www.evialis.com\/wp-content\/uploads\/2021\/04\/Capture-3-300x242.png 300w, https:\/\/www.evialis.com\/wp-content\/uploads\/2021\/04\/Capture-3-768x620.png 768w\" sizes=\"(max-width: 410px) 100vw, 410px\" \/><\/figure><\/div>\n\n\n\n<p>Elle se compose d\u2019ensilage de ma\u00efs, d\u2019ensilage de m\u00e9teil (triticale, avoine et pois), de foin, de coque de soja, de pulpe de betterave, d\u2019<a href=\"https:\/\/www.evialis.com\/aliments-ruminants\/azolis-amine-nutrition-vaches-laitieres-gamme-vision-ameliorer-la-qualite-du-lait\/\" target=\"_blank\" rel=\"noreferrer noopener\">AZOLIS AMINE<\/a>, d\u2019<a href=\"https:\/\/www.evialis.com\/gammes\/origine\/?especes=vaches-laitieres\" target=\"_blank\" rel=\"noreferrer noopener\">ENERLIS<\/a>, et de min\u00e9ral. Corinne a choisi l\u2019<a href=\"https:\/\/www.evialis.com\/aliments-ruminants\/azolis-amine-nutrition-vaches-laitieres-gamme-vision-ameliorer-la-qualite-du-lait\/\">AZOLIS AMINE<\/a> car c\u2019est un\u00a0compl\u00e9mentaire\u00a0qui est \u00e0 50 % de MAT, optimis\u00e9 sur les acides amin\u00e9s et apporteur d\u2019ENI (azote soluble).\u00a0<\/p>\n\n\n\n<p>Il&nbsp;est distribu\u00e9 uniquement au robot et est associ\u00e9 \u00e0 une ENERLIS 3L&nbsp;personnalis\u00e9e.&nbsp;Cette&nbsp;ration lui permet de valoriser au&nbsp;maximum&nbsp;les fourrages produits sur l\u2019exploitation et ses animaux n\u2019ont aucun probl\u00e8me d\u2019acidose.&nbsp;&nbsp;<\/p>\n\n\n\n<h3 class=\"wp-block-heading\">Et pour la suite ?<\/h3>\n\n\n\n<p>Gr\u00e2ce \u00e0 son exp\u00e9rience,&nbsp;<strong>l\u2019entrepreneuse conna\u00eet les performances des aliments EVIALIS : &#8220;En fait c\u2019est un tout qui allie technique, performance et qualit\u00e9&#8221;<\/strong>&nbsp;t\u00e9moigne Corinne. Elle est \u00e9galement ravie d\u2019\u00eatre suivie par son ancien coll\u00e8gue Patrice BAUD qui vient lui apporter des conseils r\u00e9guliers sur son \u00e9levage.&nbsp;<\/p>\n\n\n\n<p><strong><em>\u201cArriver \u00e0 r\u00e9aliser ses\u00a0r\u00eaves, ne rien l\u00e2cher, faire preuve de pers\u00e9v\u00e9rance et d\u2019authenticit\u00e9\u201d<\/em><\/strong>\u00a0<\/p>\n\n\n\n<p>Dans les ann\u00e9es qui viennent, Corinne et Thierry souhaitent continuer \u00e0 mieux produire et am\u00e9liorer l\u2019outil de travail pour transmettre une exploitation relevant les challenges de demain. Conscients des enjeux\u00a0environnementaux, ils veulent \u00eatre dans une d\u00e9marche de pr\u00e9servation de nos ressources naturelles et d\u2019am\u00e9lioration de la qualit\u00e9 des produits finis.\u00a0<\/p>\n\n\n\n<div style=\"height:35px\" aria-hidden=\"true\" class=\"wp-block-spacer\"><\/div>\n\n\n\n<p class=\"has-text-align-right\"><strong>Jean-Louis COURTY, EVIALIS<\/strong>&nbsp;<\/p>\n","protected":false},"featured_media":4872,"parent":0,"template":"","especes":[40],"class_list":["post-2205","temoignages","type-temoignages","status-publish","has-post-thumbnail","hentry","especes-vaches-laitieres"],"acf":[],"yoast_head":"<!-- This site is optimized with the Yoast SEO plugin v27.5 - https:\/\/yoast.com\/product\/yoast-seo-wordpress\/ -->\n<title>T\u00e9moignage \u00e9leveurs - EARL de la Vall\u00e9e du Louet - EVIALIS<\/title>\n<meta name=\"description\" content=\"Ancienne Technico-Commerciale EVIALIS chez SOAL, Corinne a d\u00e9cid\u00e9 en 2017, de vivre de sa passion : l\u2019\u00e9levage.\" \/>\n<meta name=\"robots\" content=\"index, follow, max-snippet:-1, max-image-preview:large, max-video-preview:-1\" \/>\n<link rel=\"canonical\" href=\"https:\/\/www.evialis.com\/ph\/temoignages\/earl-de-la-vallee-du-louet\/\" \/>\n<meta property=\"og:locale\" content=\"en_GB\" \/>\n<meta property=\"og:type\" content=\"article\" \/>\n<meta property=\"og:title\" content=\"T\u00e9moignage \u00e9leveurs - EARL de la Vall\u00e9e du Louet - EVIALIS\" \/>\n<meta property=\"og:description\" content=\"Ancienne Technico-Commerciale EVIALIS chez SOAL, Corinne a d\u00e9cid\u00e9 en 2017, de vivre de sa passion : l\u2019\u00e9levage.\" \/>\n<meta property=\"og:url\" content=\"https:\/\/www.evialis.com\/ph\/temoignages\/earl-de-la-vallee-du-louet\/\" \/>\n<meta property=\"og:site_name\" content=\"EVIALIS\" \/>\n<meta property=\"article:modified_time\" content=\"2021-06-16T13:20:40+00:00\" \/>\n<meta property=\"og:image\" content=\"https:\/\/www.evialis.com\/wp-content\/uploads\/2021\/03\/prim-holstein-scaled.jpg\" \/>\n\t<meta property=\"og:image:width\" content=\"2048\" \/>\n\t<meta property=\"og:image:height\" content=\"1365\" \/>\n\t<meta property=\"og:image:type\" content=\"image\/jpeg\" \/>\n<meta name=\"twitter:card\" content=\"summary_large_image\" \/>\n<meta name=\"twitter:label1\" content=\"Estimated reading time\" \/>\n\t<meta name=\"twitter:data1\" content=\"3 minutes\" \/>\n<script type=\"application\/ld+json\" class=\"yoast-schema-graph\">{\"@context\":\"https:\\\/\\\/schema.org\",\"@graph\":[{\"@type\":\"WebPage\",\"@id\":\"https:\\\/\\\/www.evialis.com\\\/ph\\\/temoignages\\\/earl-de-la-vallee-du-louet\\\/\",\"url\":\"https:\\\/\\\/www.evialis.com\\\/ph\\\/temoignages\\\/earl-de-la-vallee-du-louet\\\/\",\"name\":\"T\u00e9moignage \u00e9leveurs - EARL de la Vall\u00e9e du Louet - EVIALIS\",\"isPartOf\":{\"@id\":\"https:\\\/\\\/www.evialis.com\\\/ph\\\/#website\"},\"primaryImageOfPage\":{\"@id\":\"https:\\\/\\\/www.evialis.com\\\/ph\\\/temoignages\\\/earl-de-la-vallee-du-louet\\\/#primaryimage\"},\"image\":{\"@id\":\"https:\\\/\\\/www.evialis.com\\\/ph\\\/temoignages\\\/earl-de-la-vallee-du-louet\\\/#primaryimage\"},\"thumbnailUrl\":\"https:\\\/\\\/www.evialis.com\\\/wp-content\\\/uploads\\\/2021\\\/03\\\/prim-holstein-scaled.jpg\",\"datePublished\":\"2021-03-29T13:49:03+00:00\",\"dateModified\":\"2021-06-16T13:20:40+00:00\",\"description\":\"Ancienne Technico-Commerciale EVIALIS chez SOAL, Corinne a d\u00e9cid\u00e9 en 2017, de vivre de sa passion : l\u2019\u00e9levage.\",\"breadcrumb\":{\"@id\":\"https:\\\/\\\/www.evialis.com\\\/ph\\\/temoignages\\\/earl-de-la-vallee-du-louet\\\/#breadcrumb\"},\"inLanguage\":\"en-GB\",\"potentialAction\":[{\"@type\":\"ReadAction\",\"target\":[\"https:\\\/\\\/www.evialis.com\\\/ph\\\/temoignages\\\/earl-de-la-vallee-du-louet\\\/\"]}]},{\"@type\":\"ImageObject\",\"inLanguage\":\"en-GB\",\"@id\":\"https:\\\/\\\/www.evialis.com\\\/ph\\\/temoignages\\\/earl-de-la-vallee-du-louet\\\/#primaryimage\",\"url\":\"https:\\\/\\\/www.evialis.com\\\/wp-content\\\/uploads\\\/2021\\\/03\\\/prim-holstein-scaled.jpg\",\"contentUrl\":\"https:\\\/\\\/www.evialis.com\\\/wp-content\\\/uploads\\\/2021\\\/03\\\/prim-holstein-scaled.jpg\",\"width\":2048,\"height\":1365},{\"@type\":\"BreadcrumbList\",\"@id\":\"https:\\\/\\\/www.evialis.com\\\/ph\\\/temoignages\\\/earl-de-la-vallee-du-louet\\\/#breadcrumb\",\"itemListElement\":[{\"@type\":\"ListItem\",\"position\":1,\"name\":\"Home\",\"item\":\"https:\\\/\\\/www.evialis.com\\\/ph\\\/\"},{\"@type\":\"ListItem\",\"position\":2,\"name\":\"Testimonials\",\"item\":\"https:\\\/\\\/www.evialis.com\\\/ph\\\/temoignages\\\/\"},{\"@type\":\"ListItem\",\"position\":3,\"name\":\"EARL de la Vall\u00e9e du Louet\"}]},{\"@type\":\"WebSite\",\"@id\":\"https:\\\/\\\/www.evialis.com\\\/ph\\\/#website\",\"url\":\"https:\\\/\\\/www.evialis.com\\\/ph\\\/\",\"name\":\"EVIALIS\",\"description\":\"Nourrir vos animaux et bien plus - Leader en nutrition animale\",\"potentialAction\":[{\"@type\":\"SearchAction\",\"target\":{\"@type\":\"EntryPoint\",\"urlTemplate\":\"https:\\\/\\\/www.evialis.com\\\/ph\\\/?s={search_term_string}\"},\"query-input\":{\"@type\":\"PropertyValueSpecification\",\"valueRequired\":true,\"valueName\":\"search_term_string\"}}],\"inLanguage\":\"en-GB\"}]}<\/script>\n<!-- \/ Yoast SEO plugin. -->","yoast_head_json":{"title":"T\u00e9moignage \u00e9leveurs - EARL de la Vall\u00e9e du Louet - EVIALIS","description":"Ancienne Technico-Commerciale EVIALIS chez SOAL, Corinne a d\u00e9cid\u00e9 en 2017, de vivre de sa passion : l\u2019\u00e9levage.","robots":{"index":"index","follow":"follow","max-snippet":"max-snippet:-1","max-image-preview":"max-image-preview:large","max-video-preview":"max-video-preview:-1"},"canonical":"https:\/\/www.evialis.com\/ph\/temoignages\/earl-de-la-vallee-du-louet\/","og_locale":"en_GB","og_type":"article","og_title":"T\u00e9moignage \u00e9leveurs - EARL de la Vall\u00e9e du Louet - EVIALIS","og_description":"Ancienne Technico-Commerciale EVIALIS chez SOAL, Corinne a d\u00e9cid\u00e9 en 2017, de vivre de sa passion : l\u2019\u00e9levage.","og_url":"https:\/\/www.evialis.com\/ph\/temoignages\/earl-de-la-vallee-du-louet\/","og_site_name":"EVIALIS","article_modified_time":"2021-06-16T13:20:40+00:00","og_image":[{"width":2048,"height":1365,"url":"https:\/\/www.evialis.com\/wp-content\/uploads\/2021\/03\/prim-holstein-scaled.jpg","type":"image\/jpeg"}],"twitter_card":"summary_large_image","twitter_misc":{"Estimated reading time":"3 minutes"},"schema":{"@context":"https:\/\/schema.org","@graph":[{"@type":"WebPage","@id":"https:\/\/www.evialis.com\/ph\/temoignages\/earl-de-la-vallee-du-louet\/","url":"https:\/\/www.evialis.com\/ph\/temoignages\/earl-de-la-vallee-du-louet\/","name":"T\u00e9moignage \u00e9leveurs - EARL de la Vall\u00e9e du Louet - EVIALIS","isPartOf":{"@id":"https:\/\/www.evialis.com\/ph\/#website"},"primaryImageOfPage":{"@id":"https:\/\/www.evialis.com\/ph\/temoignages\/earl-de-la-vallee-du-louet\/#primaryimage"},"image":{"@id":"https:\/\/www.evialis.com\/ph\/temoignages\/earl-de-la-vallee-du-louet\/#primaryimage"},"thumbnailUrl":"https:\/\/www.evialis.com\/wp-content\/uploads\/2021\/03\/prim-holstein-scaled.jpg","datePublished":"2021-03-29T13:49:03+00:00","dateModified":"2021-06-16T13:20:40+00:00","description":"Ancienne Technico-Commerciale EVIALIS chez SOAL, Corinne a d\u00e9cid\u00e9 en 2017, de vivre de sa passion : l\u2019\u00e9levage.","breadcrumb":{"@id":"https:\/\/www.evialis.com\/ph\/temoignages\/earl-de-la-vallee-du-louet\/#breadcrumb"},"inLanguage":"en-GB","potentialAction":[{"@type":"ReadAction","target":["https:\/\/www.evialis.com\/ph\/temoignages\/earl-de-la-vallee-du-louet\/"]}]},{"@type":"ImageObject","inLanguage":"en-GB","@id":"https:\/\/www.evialis.com\/ph\/temoignages\/earl-de-la-vallee-du-louet\/#primaryimage","url":"https:\/\/www.evialis.com\/wp-content\/uploads\/2021\/03\/prim-holstein-scaled.jpg","contentUrl":"https:\/\/www.evialis.com\/wp-content\/uploads\/2021\/03\/prim-holstein-scaled.jpg","width":2048,"height":1365},{"@type":"BreadcrumbList","@id":"https:\/\/www.evialis.com\/ph\/temoignages\/earl-de-la-vallee-du-louet\/#breadcrumb","itemListElement":[{"@type":"ListItem","position":1,"name":"Home","item":"https:\/\/www.evialis.com\/ph\/"},{"@type":"ListItem","position":2,"name":"Testimonials","item":"https:\/\/www.evialis.com\/ph\/temoignages\/"},{"@type":"ListItem","position":3,"name":"EARL de la Vall\u00e9e du Louet"}]},{"@type":"WebSite","@id":"https:\/\/www.evialis.com\/ph\/#website","url":"https:\/\/www.evialis.com\/ph\/","name":"EVIALIS","description":"Nourrir vos animaux et bien plus - Leader en nutrition animale","potentialAction":[{"@type":"SearchAction","target":{"@type":"EntryPoint","urlTemplate":"https:\/\/www.evialis.com\/ph\/?s={search_term_string}"},"query-input":{"@type":"PropertyValueSpecification","valueRequired":true,"valueName":"search_term_string"}}],"inLanguage":"en-GB"}]}},"_links":{"self":[{"href":"https:\/\/www.evialis.com\/ph\/wp-json\/wp\/v2\/temoignages\/2205","targetHints":{"allow":["GET"]}}],"collection":[{"href":"https:\/\/www.evialis.com\/ph\/wp-json\/wp\/v2\/temoignages"}],"about":[{"href":"https:\/\/www.evialis.com\/ph\/wp-json\/wp\/v2\/types\/temoignages"}],"wp:featuredmedia":[{"embeddable":true,"href":"https:\/\/www.evialis.com\/ph\/wp-json\/wp\/v2\/media\/4872"}],"wp:attachment":[{"href":"https:\/\/www.evialis.com\/ph\/wp-json\/wp\/v2\/media?parent=2205"}],"wp:term":[{"taxonomy":"especes","embeddable":true,"href":"https:\/\/www.evialis.com\/ph\/wp-json\/wp\/v2\/especes?post=2205"}],"curies":[{"name":"wp","href":"https:\/\/api.w.org\/{rel}","templated":true}]}}