{"id":2197,"date":"2021-03-29T13:48:36","date_gmt":"2021-03-29T13:48:36","guid":{"rendered":"https:\/\/evialis.drwp.fr\/temoignages\/earl-augeau\/"},"modified":"2021-06-17T10:06:38","modified_gmt":"2021-06-17T10:06:38","slug":"earl-augeau","status":"publish","type":"temoignages","link":"https:\/\/www.evialis.com\/ph\/temoignages\/earl-augeau\/","title":{"rendered":"EARL Augeau"},"content":{"rendered":"\n<h2 class=\"wp-block-heading\"><strong>Un grand Cru !<\/strong><\/h2>\n\n\n\n<div style=\"height:15px\" aria-hidden=\"true\" class=\"wp-block-spacer\"><\/div>\n\n\n\n<p><strong>Bienvenue \u00e0 Lesparre-M\u00e9doc, dans une zone Natura 2000, o\u00f9 Xavier AUGEAU s\u2019est install\u00e9 avec sa m\u00e8re il y a 21 ans. Sa r\u00e8gle d\u2019or ? Bien s\u00e9parer chaque activit\u00e9. Alors comment r\u00e9ussir \u00e0 g\u00e9rer un \u00e9levage de 200 bovins et 9 hectares de vignes en m\u00eame temps ? D\u00e9couvrons cette exploitation atypique.<\/strong>&nbsp;<\/p>\n\n\n\n<div style=\"height:35px\" aria-hidden=\"true\" class=\"wp-block-spacer\"><\/div>\n\n\n\n<h3 class=\"wp-block-heading\">A la rencontre de Xavier Augeau<\/h3>\n\n\n\n<div style=\"height:15px\" aria-hidden=\"true\" class=\"wp-block-spacer\"><\/div>\n\n\n\n<p>Install\u00e9 en 1996, Xavier d\u00e9marre avec 40 Blondes d\u2019Aquitaine non inscrites. Aujourd\u2019hui, son exploitation compte pr\u00e8s de <strong>200 bovins et des b\u00e2timents d\u2019\u00e9levage adapt\u00e9s \u00e0 la distribution de foin<\/strong>. Ayant un attrait particulier pour l\u2019\u00e9levage et les productions v\u00e9g\u00e9tales, Xavier a tout de suite aim\u00e9 son m\u00e9tier. Il appr\u00e9cie tout\u00a0particuli\u00e8rement\u00a0relever des challenges. Le premier, faire progresser le cheptel familial, c\u2019est chose faite puisque <strong>ses b\u00eates sont inscrites \u00e0 100% au\u00a0Herd\u00a0Book Blonde d\u2019Aquitaine<\/strong>. Autre tour de force, miser sur<strong> la Blonde d\u2019Aquitaine comme valorisateur d\u2019herbe !<\/strong> Pari r\u00e9ussi car <strong>son\u00a0exploitation\u00a0est auto-suffisante en herbe et en foin<\/strong> : 100 % d\u2019herbe pendant la p\u00e9riode de p\u00e2ture et 100% de foin pour l\u2019hivernage.\u00a0\u00a0<\/p>\n\n\n\n<div style=\"height:35px\" aria-hidden=\"true\" class=\"wp-block-spacer\"><\/div>\n\n\n\n<h3 class=\"wp-block-heading\">L&#8217;alimentation des Blondes d&#8217;Aquitaine<\/h3>\n\n\n\n<div style=\"height:15px\" aria-hidden=\"true\" class=\"wp-block-spacer\"><\/div>\n\n\n\n<p>C\u2019est donc tout naturellement que la ration journali\u00e8re des bovins est compos\u00e9e d\u2019herbe p\u00e2tur\u00e9e l\u2019\u00e9t\u00e9 et de foin l\u2019hiver.&nbsp;<\/p>\n\n\n\n<p>Ici, le <strong>p\u00e2turage est libre avec un chargement faible<\/strong>, cela s\u2019appelle <strong>l\u2019extensification<\/strong>, une\u00a0sp\u00e9cificit\u00e9\u00a0de la r\u00e9gion du M\u00e9doc, terre rude et accueillante \u00e0 la fois. L\u2019acc\u00e8s \u00e0 l\u2019eau potable est cependant une contrainte car les canaux sont remplis d\u2019eau saum\u00e2tre, il faut donc \u00eatre imaginatif !\u00a0<\/p>\n\n\n\n<p>Au quotidien, l\u2019exploitation de Xavier peut compter sur les conseils avis\u00e9s de Beno\u00eet LAFARGUE, Technico-commercial de chez SOAL. Il a <strong>adapt\u00e9 le programme alimentaire<\/strong> \u00e0 cet \u00e9levage particulier. En effet, les broutards Blonds sont vendus entre 5 et 7 mois et autour de 300 kg. Pour les femelles, elles viennent agrandir ou remplacer les vaches du troupeau\u00a0principal.\u00a0<\/p>\n\n\n\n<p><strong>En\u00a0hiver, <\/strong>les animaux ont <strong>un peu de ma\u00efs doux<\/strong> (d\u00e9chets de ma\u00efs de consommation humaine) plus de <strong>l\u2019ENERLIS (compl\u00e9ment vache laiti\u00e8re)<\/strong>.\u00a0\u00a0<\/p>\n\n\n\n<p>Les broutards re\u00e7oivent du <strong>LUSTRAL JET<\/strong> \u00e0 volont\u00e9. Pour mieux valoriser son troupeau Xavier engraisse ses vaches de r\u00e9forme au pr\u00e9, avec acc\u00e8s en libre-service aux\u00a0nourrisseurs. Cette ann\u00e9e, 22 vaches forment le lot. La ration est simple : LUSTRAL FINITION \u00e0 volont\u00e9 et foin, voil\u00e0 le r\u00e9gime ! Le LUSTRAL FINITION est un aliment sp\u00e9cifique \u00e0 EVIALIS qui permet de limiter le travail et apporter des performances. La ration est donc s\u00e9curis\u00e9e, app\u00e9tente et apporte du r\u00e9sultat !\u00a0<\/p>\n\n\n\n<div style=\"height:35px\" aria-hidden=\"true\" class=\"wp-block-spacer\"><\/div>\n\n\n\n<h3 class=\"wp-block-heading\">Une collaboration efficace<\/h3>\n\n\n\n<div style=\"height:15px\" aria-hidden=\"true\" class=\"wp-block-spacer\"><\/div>\n\n\n\n<div style=\"height:35px\" aria-hidden=\"true\" class=\"wp-block-spacer\"><\/div>\n\n\n\n<div class=\"wp-block-image\"><figure class=\"aligncenter size-full is-resized\"><img fetchpriority=\"high\" decoding=\"async\" src=\"https:\/\/www.evialis.com\/wp-content\/uploads\/2021\/04\/Capture.png\" alt=\"\" class=\"wp-image-4428\" width=\"314\" height=\"242\" srcset=\"https:\/\/www.evialis.com\/wp-content\/uploads\/2021\/04\/Capture.png 314w, https:\/\/www.evialis.com\/wp-content\/uploads\/2021\/04\/Capture-300x231.png 300w\" sizes=\"(max-width: 314px) 100vw, 314px\" \/><\/figure><\/div>\n\n\n\n<div class=\"wp-block-columns is-layout-flex wp-container-core-columns-is-layout-28f84493 wp-block-columns-is-layout-flex\">\n<div class=\"wp-block-column is-layout-flow wp-block-column-is-layout-flow\" style=\"flex-basis:100%\">\n<p>L\u2019\u00e9leveur est satisfait de ce m\u00e9lange &#8220;fermier&#8221; car cela facilite son travail au quotidien et r\u00e9duit le temps d\u2019engraissement de ses animaux. Il permet aussi \u00e0 Xavier de garder de la valeur ajout\u00e9e \u00e0 son \u00e9levage et c\u2019est l\u2019essentiel.&nbsp;<\/p>\n<\/div>\n<\/div>\n\n\n\n<blockquote class=\"wp-block-quote is-layout-flow wp-block-quote-is-layout-flow\"><p><strong><em>\u201cContinuons \u00e0 valoriser au maximum nos productions locales\u201d<\/em><\/strong>&nbsp;<\/p><\/blockquote>\n\n\n\n<p>Demain, le propri\u00e9taire de l\u2019EARL AUGEAU souhaite mieux valoriser ses fourrages et optimiser sa g\u00e9n\u00e9tique. Toujours \u00e0 la recherche de nouveaux challenges, il aimerait vendre quelques reproducteurs, avoir des animaux avec des forts indexes, et valoriser au maximum ses d\u00e9bouch\u00e9s viande. Voil\u00e0 de quoi relever des d\u00e9fis dans les ann\u00e9es \u00e0 venir.<\/p>\n\n\n\n<p><\/p>\n\n\n\n<p class=\"has-text-align-right\"><strong>Jean-Louis COURTY, EVIALIS<\/strong><\/p>\n\n\n\n<p><\/p>\n","protected":false},"featured_media":4856,"parent":0,"template":"","especes":[55],"class_list":["post-2197","temoignages","type-temoignages","status-publish","has-post-thumbnail","hentry","especes-bovins-viande"],"acf":[],"yoast_head":"<!-- This site is optimized with the Yoast SEO plugin v27.5 - https:\/\/yoast.com\/product\/yoast-seo-wordpress\/ -->\n<title>T\u00e9moignage \u00e9leveurs bovins - EARL Augeau - EVIALIS<\/title>\n<meta name=\"description\" content=\"Comment r\u00e9ussir \u00e0 g\u00e9rer un \u00e9levage de 200 bovins et 9 hectares de vignes en m\u00eame temps ? D\u00e9couvrons cette exploitation atypique.\" \/>\n<meta name=\"robots\" content=\"index, follow, max-snippet:-1, max-image-preview:large, max-video-preview:-1\" \/>\n<link rel=\"canonical\" href=\"https:\/\/www.evialis.com\/ph\/temoignages\/earl-augeau\/\" \/>\n<meta property=\"og:locale\" content=\"en_GB\" \/>\n<meta property=\"og:type\" content=\"article\" \/>\n<meta property=\"og:title\" content=\"T\u00e9moignage \u00e9leveurs bovins - EARL Augeau - EVIALIS\" \/>\n<meta property=\"og:description\" content=\"Comment r\u00e9ussir \u00e0 g\u00e9rer un \u00e9levage de 200 bovins et 9 hectares de vignes en m\u00eame temps ? D\u00e9couvrons cette exploitation atypique.\" \/>\n<meta property=\"og:url\" content=\"https:\/\/www.evialis.com\/ph\/temoignages\/earl-augeau\/\" \/>\n<meta property=\"og:site_name\" content=\"EVIALIS\" \/>\n<meta property=\"article:modified_time\" content=\"2021-06-17T10:06:38+00:00\" \/>\n<meta property=\"og:image\" content=\"https:\/\/www.evialis.com\/wp-content\/uploads\/2021\/03\/20200713_115637-scaled.jpg\" \/>\n\t<meta property=\"og:image:width\" content=\"2048\" \/>\n\t<meta property=\"og:image:height\" content=\"1536\" \/>\n\t<meta property=\"og:image:type\" content=\"image\/jpeg\" \/>\n<meta name=\"twitter:card\" content=\"summary_large_image\" \/>\n<meta name=\"twitter:label1\" content=\"Estimated reading time\" \/>\n\t<meta name=\"twitter:data1\" content=\"3 minutes\" \/>\n<script type=\"application\/ld+json\" class=\"yoast-schema-graph\">{\"@context\":\"https:\\\/\\\/schema.org\",\"@graph\":[{\"@type\":\"WebPage\",\"@id\":\"https:\\\/\\\/www.evialis.com\\\/ph\\\/temoignages\\\/earl-augeau\\\/\",\"url\":\"https:\\\/\\\/www.evialis.com\\\/ph\\\/temoignages\\\/earl-augeau\\\/\",\"name\":\"T\u00e9moignage \u00e9leveurs bovins - EARL Augeau - EVIALIS\",\"isPartOf\":{\"@id\":\"https:\\\/\\\/www.evialis.com\\\/ph\\\/#website\"},\"primaryImageOfPage\":{\"@id\":\"https:\\\/\\\/www.evialis.com\\\/ph\\\/temoignages\\\/earl-augeau\\\/#primaryimage\"},\"image\":{\"@id\":\"https:\\\/\\\/www.evialis.com\\\/ph\\\/temoignages\\\/earl-augeau\\\/#primaryimage\"},\"thumbnailUrl\":\"https:\\\/\\\/www.evialis.com\\\/wp-content\\\/uploads\\\/2021\\\/03\\\/20200713_115637-scaled.jpg\",\"datePublished\":\"2021-03-29T13:48:36+00:00\",\"dateModified\":\"2021-06-17T10:06:38+00:00\",\"description\":\"Comment r\u00e9ussir \u00e0 g\u00e9rer un \u00e9levage de 200 bovins et 9 hectares de vignes en m\u00eame temps ? D\u00e9couvrons cette exploitation atypique.\",\"breadcrumb\":{\"@id\":\"https:\\\/\\\/www.evialis.com\\\/ph\\\/temoignages\\\/earl-augeau\\\/#breadcrumb\"},\"inLanguage\":\"en-GB\",\"potentialAction\":[{\"@type\":\"ReadAction\",\"target\":[\"https:\\\/\\\/www.evialis.com\\\/ph\\\/temoignages\\\/earl-augeau\\\/\"]}]},{\"@type\":\"ImageObject\",\"inLanguage\":\"en-GB\",\"@id\":\"https:\\\/\\\/www.evialis.com\\\/ph\\\/temoignages\\\/earl-augeau\\\/#primaryimage\",\"url\":\"https:\\\/\\\/www.evialis.com\\\/wp-content\\\/uploads\\\/2021\\\/03\\\/20200713_115637-scaled.jpg\",\"contentUrl\":\"https:\\\/\\\/www.evialis.com\\\/wp-content\\\/uploads\\\/2021\\\/03\\\/20200713_115637-scaled.jpg\",\"width\":2048,\"height\":1536},{\"@type\":\"BreadcrumbList\",\"@id\":\"https:\\\/\\\/www.evialis.com\\\/ph\\\/temoignages\\\/earl-augeau\\\/#breadcrumb\",\"itemListElement\":[{\"@type\":\"ListItem\",\"position\":1,\"name\":\"Home\",\"item\":\"https:\\\/\\\/www.evialis.com\\\/ph\\\/\"},{\"@type\":\"ListItem\",\"position\":2,\"name\":\"Testimonials\",\"item\":\"https:\\\/\\\/www.evialis.com\\\/ph\\\/temoignages\\\/\"},{\"@type\":\"ListItem\",\"position\":3,\"name\":\"EARL Augeau\"}]},{\"@type\":\"WebSite\",\"@id\":\"https:\\\/\\\/www.evialis.com\\\/ph\\\/#website\",\"url\":\"https:\\\/\\\/www.evialis.com\\\/ph\\\/\",\"name\":\"EVIALIS\",\"description\":\"Nourrir vos animaux et bien plus - Leader en nutrition animale\",\"potentialAction\":[{\"@type\":\"SearchAction\",\"target\":{\"@type\":\"EntryPoint\",\"urlTemplate\":\"https:\\\/\\\/www.evialis.com\\\/ph\\\/?s={search_term_string}\"},\"query-input\":{\"@type\":\"PropertyValueSpecification\",\"valueRequired\":true,\"valueName\":\"search_term_string\"}}],\"inLanguage\":\"en-GB\"}]}<\/script>\n<!-- \/ Yoast SEO plugin. -->","yoast_head_json":{"title":"T\u00e9moignage \u00e9leveurs bovins - EARL Augeau - EVIALIS","description":"Comment r\u00e9ussir \u00e0 g\u00e9rer un \u00e9levage de 200 bovins et 9 hectares de vignes en m\u00eame temps ? D\u00e9couvrons cette exploitation atypique.","robots":{"index":"index","follow":"follow","max-snippet":"max-snippet:-1","max-image-preview":"max-image-preview:large","max-video-preview":"max-video-preview:-1"},"canonical":"https:\/\/www.evialis.com\/ph\/temoignages\/earl-augeau\/","og_locale":"en_GB","og_type":"article","og_title":"T\u00e9moignage \u00e9leveurs bovins - EARL Augeau - EVIALIS","og_description":"Comment r\u00e9ussir \u00e0 g\u00e9rer un \u00e9levage de 200 bovins et 9 hectares de vignes en m\u00eame temps ? D\u00e9couvrons cette exploitation atypique.","og_url":"https:\/\/www.evialis.com\/ph\/temoignages\/earl-augeau\/","og_site_name":"EVIALIS","article_modified_time":"2021-06-17T10:06:38+00:00","og_image":[{"width":2048,"height":1536,"url":"https:\/\/www.evialis.com\/wp-content\/uploads\/2021\/03\/20200713_115637-scaled.jpg","type":"image\/jpeg"}],"twitter_card":"summary_large_image","twitter_misc":{"Estimated reading time":"3 minutes"},"schema":{"@context":"https:\/\/schema.org","@graph":[{"@type":"WebPage","@id":"https:\/\/www.evialis.com\/ph\/temoignages\/earl-augeau\/","url":"https:\/\/www.evialis.com\/ph\/temoignages\/earl-augeau\/","name":"T\u00e9moignage \u00e9leveurs bovins - EARL Augeau - EVIALIS","isPartOf":{"@id":"https:\/\/www.evialis.com\/ph\/#website"},"primaryImageOfPage":{"@id":"https:\/\/www.evialis.com\/ph\/temoignages\/earl-augeau\/#primaryimage"},"image":{"@id":"https:\/\/www.evialis.com\/ph\/temoignages\/earl-augeau\/#primaryimage"},"thumbnailUrl":"https:\/\/www.evialis.com\/wp-content\/uploads\/2021\/03\/20200713_115637-scaled.jpg","datePublished":"2021-03-29T13:48:36+00:00","dateModified":"2021-06-17T10:06:38+00:00","description":"Comment r\u00e9ussir \u00e0 g\u00e9rer un \u00e9levage de 200 bovins et 9 hectares de vignes en m\u00eame temps ? D\u00e9couvrons cette exploitation atypique.","breadcrumb":{"@id":"https:\/\/www.evialis.com\/ph\/temoignages\/earl-augeau\/#breadcrumb"},"inLanguage":"en-GB","potentialAction":[{"@type":"ReadAction","target":["https:\/\/www.evialis.com\/ph\/temoignages\/earl-augeau\/"]}]},{"@type":"ImageObject","inLanguage":"en-GB","@id":"https:\/\/www.evialis.com\/ph\/temoignages\/earl-augeau\/#primaryimage","url":"https:\/\/www.evialis.com\/wp-content\/uploads\/2021\/03\/20200713_115637-scaled.jpg","contentUrl":"https:\/\/www.evialis.com\/wp-content\/uploads\/2021\/03\/20200713_115637-scaled.jpg","width":2048,"height":1536},{"@type":"BreadcrumbList","@id":"https:\/\/www.evialis.com\/ph\/temoignages\/earl-augeau\/#breadcrumb","itemListElement":[{"@type":"ListItem","position":1,"name":"Home","item":"https:\/\/www.evialis.com\/ph\/"},{"@type":"ListItem","position":2,"name":"Testimonials","item":"https:\/\/www.evialis.com\/ph\/temoignages\/"},{"@type":"ListItem","position":3,"name":"EARL Augeau"}]},{"@type":"WebSite","@id":"https:\/\/www.evialis.com\/ph\/#website","url":"https:\/\/www.evialis.com\/ph\/","name":"EVIALIS","description":"Nourrir vos animaux et bien plus - Leader en nutrition animale","potentialAction":[{"@type":"SearchAction","target":{"@type":"EntryPoint","urlTemplate":"https:\/\/www.evialis.com\/ph\/?s={search_term_string}"},"query-input":{"@type":"PropertyValueSpecification","valueRequired":true,"valueName":"search_term_string"}}],"inLanguage":"en-GB"}]}},"_links":{"self":[{"href":"https:\/\/www.evialis.com\/ph\/wp-json\/wp\/v2\/temoignages\/2197","targetHints":{"allow":["GET"]}}],"collection":[{"href":"https:\/\/www.evialis.com\/ph\/wp-json\/wp\/v2\/temoignages"}],"about":[{"href":"https:\/\/www.evialis.com\/ph\/wp-json\/wp\/v2\/types\/temoignages"}],"wp:featuredmedia":[{"embeddable":true,"href":"https:\/\/www.evialis.com\/ph\/wp-json\/wp\/v2\/media\/4856"}],"wp:attachment":[{"href":"https:\/\/www.evialis.com\/ph\/wp-json\/wp\/v2\/media?parent=2197"}],"wp:term":[{"taxonomy":"especes","embeddable":true,"href":"https:\/\/www.evialis.com\/ph\/wp-json\/wp\/v2\/especes?post=2197"}],"curies":[{"name":"wp","href":"https:\/\/api.w.org\/{rel}","templated":true}]}}