{"id":2191,"date":"2021-03-29T13:48:36","date_gmt":"2021-03-29T13:48:36","guid":{"rendered":"https:\/\/evialis.drwp.fr\/temoignages\/gaec-lait-roy\/"},"modified":"2021-07-21T14:41:19","modified_gmt":"2021-07-21T14:41:19","slug":"gaec-lait-roy","status":"publish","type":"temoignages","link":"https:\/\/www.evialis.com\/ph\/temoignages\/gaec-lait-roy\/","title":{"rendered":"GAEC Lait Roy"},"content":{"rendered":"\n<h2 class=\"wp-block-heading\"><strong>Une transmission assur\u00e9e<\/strong><\/h2>\n\n\n\n<div style=\"height:15px\" aria-hidden=\"true\" class=\"wp-block-spacer\"><\/div>\n\n\n\n<p><strong>Fra\u00eechement&nbsp;retrait\u00e9s, Olivier et Chantal vont laisser la gestion de l\u2019exploitation \u00e0 leur fille, Cindy. Quelle organisation, quels investissements, quelles solutions techniques adopter&#8230; Elle pourra compter sur les conseils avis\u00e9s d\u2019Audrey LEBEAU, Technico-commerciale EVIALIS qui prendra la suite de Jean-Claude MALBRANT, \u00e9galement futur retrait\u00e9&#8230;<\/strong>&nbsp;<\/p>\n\n\n\n<div style=\"height:35px\" aria-hidden=\"true\" class=\"wp-block-spacer\"><\/div>\n\n\n\n<h3 class=\"wp-block-heading\">Une affaire de famille<\/h3>\n\n\n\n<div style=\"height:15px\" aria-hidden=\"true\" class=\"wp-block-spacer\"><\/div>\n\n\n\n<div class=\"wp-block-columns is-layout-flex wp-container-core-columns-is-layout-28f84493 wp-block-columns-is-layout-flex\">\n<div class=\"wp-block-column is-layout-flow wp-block-column-is-layout-flow\" style=\"flex-basis:66.66%\">\n<p>Cr\u00e9\u00e9 en 1980, le GAEC LAIT ROY se situe \u00e0 Sainte-Maure-de-Touraine en zone de poly-culture-\u00e9levage. Au d\u00e9part, la ferme \u00e9tait compos\u00e9e\u00a0seulement\u00a0de 25 vaches laiti\u00e8res. Aujourd\u2019hui, l\u2019exploitation\u00a0a bien grandi puisqu\u2019elle d\u00e9passe les 75 hectares ! G\u00e9r\u00e9 par Olivier, le p\u00e8re et Chantal, la m\u00e8re, le GAEC a une nouvelle associ\u00e9e depuis 2007, leur fille, Cindy. Cette exploitation familiale a progress\u00e9 avec les g\u00e9n\u00e9rations. Ici, on est \u00e9leveur de p\u00e8re en fils et maintenant en fille. Amoureux de leur\u00a0troupeau\u00a0et de leurs animaux, les r\u00e9sultats sont en lien direct avec les soins apport\u00e9s.\u00a0\u00a0<\/p>\n<\/div>\n\n\n\n<div class=\"wp-block-column is-layout-flow wp-block-column-is-layout-flow\" style=\"flex-basis:33.33%\">\n<figure class=\"wp-block-image size-large is-resized\"><img fetchpriority=\"high\" decoding=\"async\" src=\"https:\/\/www.evialis.com\/wp-content\/uploads\/2021\/07\/GAEC-Lait-Roy-animaux-843x1024.jpg\" alt=\"\" class=\"wp-image-5390\" width=\"211\" height=\"256\" srcset=\"https:\/\/www.evialis.com\/wp-content\/uploads\/2021\/07\/GAEC-Lait-Roy-animaux-843x1024.jpg 843w, https:\/\/www.evialis.com\/wp-content\/uploads\/2021\/07\/GAEC-Lait-Roy-animaux-247x300.jpg 247w, https:\/\/www.evialis.com\/wp-content\/uploads\/2021\/07\/GAEC-Lait-Roy-animaux-768x933.jpg 768w, https:\/\/www.evialis.com\/wp-content\/uploads\/2021\/07\/GAEC-Lait-Roy-animaux-1265x1536.jpg 1265w, https:\/\/www.evialis.com\/wp-content\/uploads\/2021\/07\/GAEC-Lait-Roy-animaux-scaled.jpg 1686w\" sizes=\"(max-width: 211px) 100vw, 211px\" \/><\/figure>\n<\/div>\n<\/div>\n\n\n\n<p>Les rendez-vous avec cette famille souriante inspirent l\u2019humour et la bonne humeur. La fid\u00e9lit\u00e9 est un mot que la famille ROY conna\u00eet bien : voil\u00e0 38 ans que cet \u00e9levage partage une relation forte accompagn\u00e9e des valeurs EVIALIS et travaille avec confiance aupr\u00e8s de Jean-Claude MALBRANT, Technico-commercial EVIALIS CENTRE ATLANTIQUE. Leurs objectifs ? Simplicit\u00e9 et optimisation de la ration gr\u00e2ce aux solutions EVIALIS.&nbsp;&nbsp;<\/p>\n\n\n\n<h3 class=\"wp-block-heading\">Adapter la ration<\/h3>\n\n\n\n<p>Suite \u00e0 un contexte de s\u00e8cheresse intense dans la r\u00e9gion et \u00e0 un manque de stock fourrager, la famille a ajout\u00e9 dans la ration de leurs animaux du PROLIS, en tant que substitut de&nbsp;fourrage.&nbsp;<\/p>\n\n\n\n<p>La&nbsp;ration imagin\u00e9e par Jean-Claude et la famille ROY est&nbsp;distribu\u00e9e&nbsp;aux vaches toute l\u2019ann\u00e9e. Elle permet une production de lait&nbsp;exprim\u00e9e&nbsp;de 29l\/jour\/vache avec des taux int\u00e9ressants&nbsp;: TB 42,5 &amp; TP 33,5. Dans cette ration, on trouve \u00e9galement de l\u2019AZOLIS PIC, un aliment concentr\u00e9 en prot\u00e9ine \u00e0 d\u00e9gradation optimis\u00e9e et en \u00e9nergie. Celui-ci permet d\u2019apporter un niveau \u00e9lev\u00e9 en ENI (azote disponible dans le rumen) pour une correction maximale. Les vaches avant v\u00ealage sont pr\u00e9par\u00e9es avec le programme TARITECH AO, pour jouer sur la BACA et permettre une meilleure acidification.&nbsp;&nbsp;<\/p>\n\n\n\n<p>En \u00e9tant proche de cet \u00e9levage, Jean-Claude a su apporter les r\u00e9ponses technico-\u00e9conomiques du quotidien, tout en ayant une vision \u00e0 long terme. Il a conserv\u00e9 la confiance et le respect qui unissent un professionnel et ses \u00e9leveurs. La r\u00e9activit\u00e9 est totale, les programmes EVIALIS propos\u00e9s pour progresser ont toujours \u00e9t\u00e9 mis en place. Les r\u00e9sultats sont l\u00e0 pour t\u00e9moigner de l\u2019efficacit\u00e9 de cette relation : 750 000 litres de lait produits sur 75 ha ce qui \u00e9quivaut \u00e0 10 000 litres\/ha et donc 9 500 litres de lait\/vache.&nbsp;<\/p>\n\n\n\n<div style=\"height:35px\" aria-hidden=\"true\" class=\"wp-block-spacer\"><\/div>\n\n\n\n<h3 class=\"wp-block-heading\">Un programme en 3 phases<\/h3>\n\n\n\n<div style=\"height:15px\" aria-hidden=\"true\" class=\"wp-block-spacer\"><\/div>\n\n\n\n<p>1 &#8211; STARMILK ELEVAGE + JOVIS DELICE&nbsp;&nbsp;<\/p>\n\n\n\n<p>2 &#8211; JOVIS DELICE + PAILLE&nbsp;&nbsp;<\/p>\n\n\n\n<p>3 &#8211; PROLIS DUO + AZOLIS PIC + PAILLE&nbsp;&nbsp;<\/p>\n\n\n\n<p>Le programme alimentaire pour les v\u00ealages \u00e0 28 mois permet d\u2019avoir des&nbsp;performances&nbsp;de&nbsp;croissance importantes&nbsp;pour aller chercher les poids de r\u00e9f\u00e9rence. Ainsi, les g\u00e9nisses se d\u00e9veloppent harmonieusement, sans gras, pour exprimer totalement leur potentiel g\u00e9n\u00e9tique. Aujourd\u2019hui, la difficult\u00e9 demeure sur le manque de fourrages produit sur l\u2019exploitation. En effet, il n\u2019y a aucune irrigation et les terres sont dess\u00e9ch\u00e9es. La famille est donc en recherche perp\u00e9tuelle de stocks fourragers pour anticiper les ruptures.&nbsp;<\/p>\n\n\n\n<div style=\"height:35px\" aria-hidden=\"true\" class=\"wp-block-spacer\"><\/div>\n\n\n\n<h3 class=\"wp-block-heading\">La rel\u00e8ve assur\u00e9e<\/h3>\n\n\n\n<div style=\"height:15px\" aria-hidden=\"true\" class=\"wp-block-spacer\"><\/div>\n\n\n\n<blockquote class=\"wp-block-quote is-layout-flow wp-block-quote-is-layout-flow\"><p><strong><em>\u201cNous sommes fid\u00e8les \u00e0 EVIALIS car nous avons un r\u00e9el retour sur investissement avec leurs produits.\u201d<\/em><\/strong>&nbsp;&nbsp;<\/p><\/blockquote>\n\n\n\n<div style=\"height:15px\" aria-hidden=\"true\" class=\"wp-block-spacer\"><\/div>\n\n\n\n<p>C\u2019est d\u00e9sormais au tour de Cindy de prendre la t\u00eate de l\u2019exploitation et de piloter l\u2019\u00e9levage du haut de ses 36 ans, sous le regard avis\u00e9 d\u2019Olivier. Changement aussi du c\u00f4t\u00e9 EVIALIS, Jean-Claude va prendre sa retraite d\u2019ici quelques mois et sera remplac\u00e9 par Audrey pour former un nouveau duo de femmes. L\u2019exploitation va continuer son chemin pour aller vers une agriculture plus proche des consommateurs avec de nouveaux challenges \u00e0 relever. Place \u00e0 la jeunesse !&nbsp;<\/p>\n\n\n\n<div style=\"height:35px\" aria-hidden=\"true\" class=\"wp-block-spacer\"><\/div>\n\n\n\n<p class=\"has-text-align-right\">&nbsp;<br><strong>Jean-Louis COURTY, EVIALIS<\/strong>&nbsp;<\/p>\n","protected":false},"featured_media":4954,"parent":0,"template":"","especes":[40],"class_list":["post-2191","temoignages","type-temoignages","status-publish","has-post-thumbnail","hentry","especes-vaches-laitieres"],"acf":[],"yoast_head":"<!-- This site is optimized with the Yoast SEO plugin v27.5 - https:\/\/yoast.com\/product\/yoast-seo-wordpress\/ -->\n<title>T\u00e9moignage vaches laiti\u00e8res - GAEC Lait Roy &#8226; EVIALIS<\/title>\n<meta name=\"description\" content=\"Au d\u00e9part, la ferme \u00e9tait compos\u00e9e de 25 vaches laiti\u00e8res. Aujourd\u2019hui, l\u2019exploitation a bien grandi puisqu\u2019elle d\u00e9passe les 75 hectares !\" \/>\n<meta name=\"robots\" content=\"index, follow, max-snippet:-1, max-image-preview:large, max-video-preview:-1\" \/>\n<link rel=\"canonical\" href=\"https:\/\/www.evialis.com\/ph\/temoignages\/gaec-lait-roy\/\" \/>\n<meta property=\"og:locale\" content=\"en_GB\" \/>\n<meta property=\"og:type\" content=\"article\" \/>\n<meta property=\"og:title\" content=\"T\u00e9moignage vaches laiti\u00e8res - GAEC Lait Roy &#8226; EVIALIS\" \/>\n<meta property=\"og:description\" content=\"Au d\u00e9part, la ferme \u00e9tait compos\u00e9e de 25 vaches laiti\u00e8res. Aujourd\u2019hui, l\u2019exploitation a bien grandi puisqu\u2019elle d\u00e9passe les 75 hectares !\" \/>\n<meta property=\"og:url\" content=\"https:\/\/www.evialis.com\/ph\/temoignages\/gaec-lait-roy\/\" \/>\n<meta property=\"og:site_name\" content=\"EVIALIS\" \/>\n<meta property=\"article:modified_time\" content=\"2021-07-21T14:41:19+00:00\" \/>\n<meta property=\"og:image\" content=\"https:\/\/www.evialis.com\/wp-content\/uploads\/2021\/03\/GAEC-Lait-Roy-animaux-scaled.jpg\" \/>\n\t<meta property=\"og:image:width\" content=\"1686\" \/>\n\t<meta property=\"og:image:height\" content=\"2048\" \/>\n\t<meta property=\"og:image:type\" content=\"image\/jpeg\" \/>\n<meta name=\"twitter:card\" content=\"summary_large_image\" \/>\n<meta name=\"twitter:label1\" content=\"Estimated reading time\" \/>\n\t<meta name=\"twitter:data1\" content=\"3 minutes\" \/>\n<script type=\"application\/ld+json\" class=\"yoast-schema-graph\">{\"@context\":\"https:\\\/\\\/schema.org\",\"@graph\":[{\"@type\":\"WebPage\",\"@id\":\"https:\\\/\\\/www.evialis.com\\\/ph\\\/temoignages\\\/gaec-lait-roy\\\/\",\"url\":\"https:\\\/\\\/www.evialis.com\\\/ph\\\/temoignages\\\/gaec-lait-roy\\\/\",\"name\":\"T\u00e9moignage vaches laiti\u00e8res - GAEC Lait Roy &#8226; EVIALIS\",\"isPartOf\":{\"@id\":\"https:\\\/\\\/www.evialis.com\\\/ph\\\/#website\"},\"primaryImageOfPage\":{\"@id\":\"https:\\\/\\\/www.evialis.com\\\/ph\\\/temoignages\\\/gaec-lait-roy\\\/#primaryimage\"},\"image\":{\"@id\":\"https:\\\/\\\/www.evialis.com\\\/ph\\\/temoignages\\\/gaec-lait-roy\\\/#primaryimage\"},\"thumbnailUrl\":\"https:\\\/\\\/www.evialis.com\\\/wp-content\\\/uploads\\\/2021\\\/03\\\/GAEC-Lait-Roy-animaux-scaled.jpg\",\"datePublished\":\"2021-03-29T13:48:36+00:00\",\"dateModified\":\"2021-07-21T14:41:19+00:00\",\"description\":\"Au d\u00e9part, la ferme \u00e9tait compos\u00e9e de 25 vaches laiti\u00e8res. Aujourd\u2019hui, l\u2019exploitation a bien grandi puisqu\u2019elle d\u00e9passe les 75 hectares !\",\"breadcrumb\":{\"@id\":\"https:\\\/\\\/www.evialis.com\\\/ph\\\/temoignages\\\/gaec-lait-roy\\\/#breadcrumb\"},\"inLanguage\":\"en-GB\",\"potentialAction\":[{\"@type\":\"ReadAction\",\"target\":[\"https:\\\/\\\/www.evialis.com\\\/ph\\\/temoignages\\\/gaec-lait-roy\\\/\"]}]},{\"@type\":\"ImageObject\",\"inLanguage\":\"en-GB\",\"@id\":\"https:\\\/\\\/www.evialis.com\\\/ph\\\/temoignages\\\/gaec-lait-roy\\\/#primaryimage\",\"url\":\"https:\\\/\\\/www.evialis.com\\\/wp-content\\\/uploads\\\/2021\\\/03\\\/GAEC-Lait-Roy-animaux-scaled.jpg\",\"contentUrl\":\"https:\\\/\\\/www.evialis.com\\\/wp-content\\\/uploads\\\/2021\\\/03\\\/GAEC-Lait-Roy-animaux-scaled.jpg\",\"width\":1686,\"height\":2048},{\"@type\":\"BreadcrumbList\",\"@id\":\"https:\\\/\\\/www.evialis.com\\\/ph\\\/temoignages\\\/gaec-lait-roy\\\/#breadcrumb\",\"itemListElement\":[{\"@type\":\"ListItem\",\"position\":1,\"name\":\"Home\",\"item\":\"https:\\\/\\\/www.evialis.com\\\/ph\\\/\"},{\"@type\":\"ListItem\",\"position\":2,\"name\":\"Testimonials\",\"item\":\"https:\\\/\\\/www.evialis.com\\\/ph\\\/temoignages\\\/\"},{\"@type\":\"ListItem\",\"position\":3,\"name\":\"GAEC Lait Roy\"}]},{\"@type\":\"WebSite\",\"@id\":\"https:\\\/\\\/www.evialis.com\\\/ph\\\/#website\",\"url\":\"https:\\\/\\\/www.evialis.com\\\/ph\\\/\",\"name\":\"EVIALIS\",\"description\":\"Nourrir vos animaux et bien plus - Leader en nutrition animale\",\"potentialAction\":[{\"@type\":\"SearchAction\",\"target\":{\"@type\":\"EntryPoint\",\"urlTemplate\":\"https:\\\/\\\/www.evialis.com\\\/ph\\\/?s={search_term_string}\"},\"query-input\":{\"@type\":\"PropertyValueSpecification\",\"valueRequired\":true,\"valueName\":\"search_term_string\"}}],\"inLanguage\":\"en-GB\"}]}<\/script>\n<!-- \/ Yoast SEO plugin. -->","yoast_head_json":{"title":"T\u00e9moignage vaches laiti\u00e8res - GAEC Lait Roy &#8226; EVIALIS","description":"Au d\u00e9part, la ferme \u00e9tait compos\u00e9e de 25 vaches laiti\u00e8res. Aujourd\u2019hui, l\u2019exploitation a bien grandi puisqu\u2019elle d\u00e9passe les 75 hectares !","robots":{"index":"index","follow":"follow","max-snippet":"max-snippet:-1","max-image-preview":"max-image-preview:large","max-video-preview":"max-video-preview:-1"},"canonical":"https:\/\/www.evialis.com\/ph\/temoignages\/gaec-lait-roy\/","og_locale":"en_GB","og_type":"article","og_title":"T\u00e9moignage vaches laiti\u00e8res - GAEC Lait Roy &#8226; EVIALIS","og_description":"Au d\u00e9part, la ferme \u00e9tait compos\u00e9e de 25 vaches laiti\u00e8res. Aujourd\u2019hui, l\u2019exploitation a bien grandi puisqu\u2019elle d\u00e9passe les 75 hectares !","og_url":"https:\/\/www.evialis.com\/ph\/temoignages\/gaec-lait-roy\/","og_site_name":"EVIALIS","article_modified_time":"2021-07-21T14:41:19+00:00","og_image":[{"width":1686,"height":2048,"url":"https:\/\/www.evialis.com\/wp-content\/uploads\/2021\/03\/GAEC-Lait-Roy-animaux-scaled.jpg","type":"image\/jpeg"}],"twitter_card":"summary_large_image","twitter_misc":{"Estimated reading time":"3 minutes"},"schema":{"@context":"https:\/\/schema.org","@graph":[{"@type":"WebPage","@id":"https:\/\/www.evialis.com\/ph\/temoignages\/gaec-lait-roy\/","url":"https:\/\/www.evialis.com\/ph\/temoignages\/gaec-lait-roy\/","name":"T\u00e9moignage vaches laiti\u00e8res - GAEC Lait Roy &#8226; EVIALIS","isPartOf":{"@id":"https:\/\/www.evialis.com\/ph\/#website"},"primaryImageOfPage":{"@id":"https:\/\/www.evialis.com\/ph\/temoignages\/gaec-lait-roy\/#primaryimage"},"image":{"@id":"https:\/\/www.evialis.com\/ph\/temoignages\/gaec-lait-roy\/#primaryimage"},"thumbnailUrl":"https:\/\/www.evialis.com\/wp-content\/uploads\/2021\/03\/GAEC-Lait-Roy-animaux-scaled.jpg","datePublished":"2021-03-29T13:48:36+00:00","dateModified":"2021-07-21T14:41:19+00:00","description":"Au d\u00e9part, la ferme \u00e9tait compos\u00e9e de 25 vaches laiti\u00e8res. Aujourd\u2019hui, l\u2019exploitation a bien grandi puisqu\u2019elle d\u00e9passe les 75 hectares !","breadcrumb":{"@id":"https:\/\/www.evialis.com\/ph\/temoignages\/gaec-lait-roy\/#breadcrumb"},"inLanguage":"en-GB","potentialAction":[{"@type":"ReadAction","target":["https:\/\/www.evialis.com\/ph\/temoignages\/gaec-lait-roy\/"]}]},{"@type":"ImageObject","inLanguage":"en-GB","@id":"https:\/\/www.evialis.com\/ph\/temoignages\/gaec-lait-roy\/#primaryimage","url":"https:\/\/www.evialis.com\/wp-content\/uploads\/2021\/03\/GAEC-Lait-Roy-animaux-scaled.jpg","contentUrl":"https:\/\/www.evialis.com\/wp-content\/uploads\/2021\/03\/GAEC-Lait-Roy-animaux-scaled.jpg","width":1686,"height":2048},{"@type":"BreadcrumbList","@id":"https:\/\/www.evialis.com\/ph\/temoignages\/gaec-lait-roy\/#breadcrumb","itemListElement":[{"@type":"ListItem","position":1,"name":"Home","item":"https:\/\/www.evialis.com\/ph\/"},{"@type":"ListItem","position":2,"name":"Testimonials","item":"https:\/\/www.evialis.com\/ph\/temoignages\/"},{"@type":"ListItem","position":3,"name":"GAEC Lait Roy"}]},{"@type":"WebSite","@id":"https:\/\/www.evialis.com\/ph\/#website","url":"https:\/\/www.evialis.com\/ph\/","name":"EVIALIS","description":"Nourrir vos animaux et bien plus - Leader en nutrition animale","potentialAction":[{"@type":"SearchAction","target":{"@type":"EntryPoint","urlTemplate":"https:\/\/www.evialis.com\/ph\/?s={search_term_string}"},"query-input":{"@type":"PropertyValueSpecification","valueRequired":true,"valueName":"search_term_string"}}],"inLanguage":"en-GB"}]}},"_links":{"self":[{"href":"https:\/\/www.evialis.com\/ph\/wp-json\/wp\/v2\/temoignages\/2191","targetHints":{"allow":["GET"]}}],"collection":[{"href":"https:\/\/www.evialis.com\/ph\/wp-json\/wp\/v2\/temoignages"}],"about":[{"href":"https:\/\/www.evialis.com\/ph\/wp-json\/wp\/v2\/types\/temoignages"}],"wp:featuredmedia":[{"embeddable":true,"href":"https:\/\/www.evialis.com\/ph\/wp-json\/wp\/v2\/media\/4954"}],"wp:attachment":[{"href":"https:\/\/www.evialis.com\/ph\/wp-json\/wp\/v2\/media?parent=2191"}],"wp:term":[{"taxonomy":"especes","embeddable":true,"href":"https:\/\/www.evialis.com\/ph\/wp-json\/wp\/v2\/especes?post=2191"}],"curies":[{"name":"wp","href":"https:\/\/api.w.org\/{rel}","templated":true}]}}