{"id":2184,"date":"2021-03-29T13:48:36","date_gmt":"2021-03-29T13:48:36","guid":{"rendered":"https:\/\/evialis.drwp.fr\/temoignages\/earl-de-la-grandiniere\/"},"modified":"2021-06-03T10:18:38","modified_gmt":"2021-06-03T10:18:38","slug":"earl-de-la-grandiniere","status":"publish","type":"temoignages","link":"https:\/\/www.evialis.com\/ph\/temoignages\/earl-de-la-grandiniere\/","title":{"rendered":"EARL de la Grandini\u00e8re"},"content":{"rendered":"\n<h2 class=\"wp-block-heading\"><strong>Gagnant dans l\u2019\u00e2me<\/strong><\/h2>\n\n\n\n<div style=\"height:10px\" aria-hidden=\"true\" class=\"wp-block-spacer\"><\/div>\n\n\n\n<p><strong>Install\u00e9 depuis 2002, Olivier THIBAULT est un gagnant dans l\u2019\u00e2me ! Rien n\u2019est laiss\u00e9 au hasard dans son \u00e9levage laitier mayennais. Suite au d\u00e9part de son fr\u00e8re, Olivier s\u2019est entour\u00e9 d\u2019un salari\u00e9. En 2008, il se dote d\u2019un nouveau b\u00e2timent \u00e9quip\u00e9 d\u2019un robot de traite ; un 2\u00e8me&nbsp;devrait bient\u00f4t suivre&#8230; Toujours \u00e0 la pointe de la modernit\u00e9, Olivier recherche la performance technico-\u00e9conomique pour aller de l\u2019avant.<\/strong>&nbsp;<\/p>\n\n\n\n<div style=\"height:35px\" aria-hidden=\"true\" class=\"wp-block-spacer\"><\/div>\n\n\n\n<h3 class=\"wp-block-heading\">A la rencontre d&#8217;Olivier Thibault<\/h3>\n\n\n\n<div style=\"height:15px\" aria-hidden=\"true\" class=\"wp-block-spacer\"><\/div>\n\n\n\n<p>\u00c0 Beaumont-Pied-de-B\u0153uf, l\u2019exploitation laiti\u00e8re de M. THIBAULT valorise des productions fourrag\u00e8res produites sur une centaine d\u2019hectares. Ici, on est \u00e0 la fois technique et productif, des champs au tank \u00e0 lait. Tout est contr\u00f4l\u00e9, pes\u00e9, analys\u00e9, valoris\u00e9. Pas de travail sans rigueur ! Olivier sait&nbsp;provoquer&nbsp;les \u00e9l\u00e9ments pour construire son avenir.&nbsp;&nbsp;<\/p>\n\n\n\n<p>Le b\u00e2timent central est dot\u00e9 de 103 logettes paill\u00e9es. Des racleurs passent 4 fois par jour et Olivier s\u2019est \u00e9quip\u00e9 d\u2019un nouveau syst\u00e8me de r\u00e9gulation de la ventilation. Cependant, c\u2019est la partie traite qui a permis toutes les&nbsp;\u00e9volutions. Le choix du robot a permis d&#8217;am\u00e9liorer les performances techniques, se lib\u00e9rer de la contrainte horaire et physique&#8230; Aujourd\u2019hui, 9&nbsp;000 litres de lait par vache sont produits.&nbsp;\u00c0&nbsp;ce jour, Olivier d\u00e9gage 216 \u20ac de marge sur co\u00fbt alimentaire aux 1 000 litres. Marge que l&#8217;\u00e9leveur&nbsp;a&nbsp;pour objectif de faire progresser \u00e0 terme&#8230;&nbsp;<\/p>\n\n\n\n<div style=\"height:35px\" aria-hidden=\"true\" class=\"wp-block-spacer\"><\/div>\n\n\n\n<h3 class=\"wp-block-heading\">L&#8217;alimentation des Prim&#8217;Holstein<\/h3>\n\n\n\n<div style=\"height:15px\" aria-hidden=\"true\" class=\"wp-block-spacer\"><\/div>\n\n\n\n<p>Concernant l\u2019alimentation des vaches laiti\u00e8res, une ration semi-compl\u00e8te est distribu\u00e9e \u00e0 l\u2019auge avec une compl\u00e9mentation au robot de traite.&nbsp;&nbsp;<\/p>\n\n\n\n<div style=\"height:20px\" aria-hidden=\"true\" class=\"wp-block-spacer\"><\/div>\n\n\n\n<div class=\"wp-block-image\"><figure class=\"aligncenter size-large is-resized\"><img fetchpriority=\"high\" decoding=\"async\" src=\"https:\/\/www.evialis.com\/wp-content\/uploads\/2021\/04\/Capture2.png\" alt=\"\" class=\"wp-image-4433\" width=\"707\" height=\"326\" srcset=\"https:\/\/www.evialis.com\/wp-content\/uploads\/2021\/04\/Capture2.png 943w, https:\/\/www.evialis.com\/wp-content\/uploads\/2021\/04\/Capture2-300x138.png 300w, https:\/\/www.evialis.com\/wp-content\/uploads\/2021\/04\/Capture2-768x354.png 768w\" sizes=\"(max-width: 707px) 100vw, 707px\" \/><\/figure><\/div>\n\n\n\n<div style=\"height:20px\" aria-hidden=\"true\" class=\"wp-block-spacer\"><\/div>\n\n\n\n<p>Richard BOSSEBOEUF, Technico-commercial EVIALIS, a mis en place la solution d\u2019optimisation&nbsp;du pic de lactation en appliquant le&nbsp;programme&nbsp;NUTRIS REPROLACT&nbsp;INITIAL.&nbsp;<\/p>\n\n\n\n<p>Le&nbsp;NUTRIS REPROLACT INITIAL est un aliment qui permet d\u2019optimiser la production en d\u00e9but de lactation (1 kg pour 4 litres de lait)&nbsp;suppl\u00e9ment\u00e9&nbsp;en acides amin\u00e9s, niacine, PHYTONIC et vitamines. D\u00e8s le v\u00ealage, on distribue 3 kg jusqu\u2019\u00e0 50 jours puis, en fonction de la&nbsp;production, on ira jusqu\u2019\u00e0 4,5 kg\/jour\/vache. En plus du NUTRIS REPROLACT INITIAL, un aliment semi-tann\u00e9 est ajout\u00e9, l\u2019AZOLIS EXEL INITIAL, distribu\u00e9 au DAC pour apporter des prot\u00e9ines diff\u00e9renci\u00e9es tann\u00e9es qui seront mieux&nbsp;valoris\u00e9es. Pour compl\u00e9ter la ration, on ajoute du NUTRI AMINE, une solution qui apporte des acides amin\u00e9s afin d\u2019optimiser les taux, la&nbsp;production et l\u2019\u00e9tat physique de l\u2019animal.&nbsp;<\/p>\n\n\n\n<p>Au niveau du programme tarissement, on distribue \u00e0 la fois du NUTRIS TARIE INITIAL et du TARITECH A OS (pr\u00e9paration v\u00ealage). La compl\u00e9mentarit\u00e9 de ces 2 produits permet de baisser le pH urinaire et d\u2019aller chercher une BACA n\u00e9gative. Cette pr\u00e9paration optimise la production laiti\u00e8re et la mise-bas.&nbsp;&nbsp;<\/p>\n\n\n\n<div style=\"height:35px\" aria-hidden=\"true\" class=\"wp-block-spacer\"><\/div>\n\n\n\n<h3 class=\"wp-block-heading\">Des r\u00e9sultats satisfaisants<\/h3>\n\n\n\n<div style=\"height:15px\" aria-hidden=\"true\" class=\"wp-block-spacer\"><\/div>\n\n\n\n<blockquote class=\"wp-block-quote is-layout-flow wp-block-quote-is-layout-flow\"><p><strong><em>\u201cLa passion passe aussi par les r\u00e9sultats technico-\u00e9conomiques pour assurer un bon revenu\u201d<\/em><\/strong>&nbsp;<\/p><\/blockquote>\n\n\n\n<div style=\"height:15px\" aria-hidden=\"true\" class=\"wp-block-spacer\"><\/div>\n\n\n\n<p>Suite \u00e0 la mise en route des robots, EVIALIS a permis de r\u00e9soudre les probl\u00e8mes de l\u2019exploitation. Content du suivi et des innovations apport\u00e9es, Olivier recherche un partenariat gagnant-gagnant !&nbsp;&nbsp;<\/p>\n\n\n\n<div style=\"height:20px\" aria-hidden=\"true\" class=\"wp-block-spacer\"><\/div>\n\n\n\n<div class=\"wp-block-image\"><figure class=\"aligncenter size-large is-resized\"><img decoding=\"async\" src=\"https:\/\/www.evialis.com\/wp-content\/uploads\/2021\/04\/Capture-1.png\" alt=\"\" class=\"wp-image-4434\" width=\"474\" height=\"204\" srcset=\"https:\/\/www.evialis.com\/wp-content\/uploads\/2021\/04\/Capture-1.png 474w, https:\/\/www.evialis.com\/wp-content\/uploads\/2021\/04\/Capture-1-300x129.png 300w\" sizes=\"(max-width: 474px) 100vw, 474px\" \/><\/figure><\/div>\n\n\n\n<div style=\"height:20px\" aria-hidden=\"true\" class=\"wp-block-spacer\"><\/div>\n\n\n\n<p>Olivier aime relever des d\u00e9fis et souhaite \u00e0 terme produire 1 000 000 de litres de lait dans son exploitation soit 10 000 litres de lait par vache. De belles perspectives d\u2019avenir pour cet \u00e9levage comp\u00e9titif !<\/p>\n\n\n\n<div style=\"height:35px\" aria-hidden=\"true\" class=\"wp-block-spacer\"><\/div>\n\n\n\n<p class=\"has-text-align-right\"><strong>Jean-Louis COURTY, EVIALIS<\/strong>&nbsp;<\/p>\n","protected":false},"featured_media":4865,"parent":0,"template":"","especes":[40],"class_list":["post-2184","temoignages","type-temoignages","status-publish","has-post-thumbnail","hentry","especes-vaches-laitieres"],"acf":[],"yoast_head":"<!-- This site is optimized with the Yoast SEO plugin v27.5 - https:\/\/yoast.com\/product\/yoast-seo-wordpress\/ -->\n<title>T\u00e9moignage \u00e9leveurs - EARL de la Grandini\u00e8re - EVIALIS<\/title>\n<meta name=\"description\" content=\"Install\u00e9 depuis 2002, Olivier THIBAULT est un gagnant dans l\u2019\u00e2me ! Rien n\u2019est laiss\u00e9 au hasard dans son \u00e9levage laitier mayennais.\" \/>\n<meta name=\"robots\" content=\"index, follow, max-snippet:-1, max-image-preview:large, max-video-preview:-1\" \/>\n<link rel=\"canonical\" href=\"https:\/\/www.evialis.com\/ph\/temoignages\/earl-de-la-grandiniere\/\" \/>\n<meta property=\"og:locale\" content=\"en_GB\" \/>\n<meta property=\"og:type\" content=\"article\" \/>\n<meta property=\"og:title\" content=\"T\u00e9moignage \u00e9leveurs - EARL de la Grandini\u00e8re - EVIALIS\" \/>\n<meta property=\"og:description\" content=\"Install\u00e9 depuis 2002, Olivier THIBAULT est un gagnant dans l\u2019\u00e2me ! Rien n\u2019est laiss\u00e9 au hasard dans son \u00e9levage laitier mayennais.\" \/>\n<meta property=\"og:url\" content=\"https:\/\/www.evialis.com\/ph\/temoignages\/earl-de-la-grandiniere\/\" \/>\n<meta property=\"og:site_name\" content=\"EVIALIS\" \/>\n<meta property=\"article:modified_time\" content=\"2021-06-03T10:18:38+00:00\" \/>\n<meta property=\"og:image\" content=\"https:\/\/www.evialis.com\/wp-content\/uploads\/2021\/03\/Grandiniere2-1-scaled.jpg\" \/>\n\t<meta property=\"og:image:width\" content=\"2048\" \/>\n\t<meta property=\"og:image:height\" content=\"1536\" \/>\n\t<meta property=\"og:image:type\" content=\"image\/jpeg\" \/>\n<meta name=\"twitter:card\" content=\"summary_large_image\" \/>\n<meta name=\"twitter:label1\" content=\"Estimated reading time\" \/>\n\t<meta name=\"twitter:data1\" content=\"3 minutes\" \/>\n<script type=\"application\/ld+json\" class=\"yoast-schema-graph\">{\"@context\":\"https:\\\/\\\/schema.org\",\"@graph\":[{\"@type\":\"WebPage\",\"@id\":\"https:\\\/\\\/www.evialis.com\\\/ph\\\/temoignages\\\/earl-de-la-grandiniere\\\/\",\"url\":\"https:\\\/\\\/www.evialis.com\\\/ph\\\/temoignages\\\/earl-de-la-grandiniere\\\/\",\"name\":\"T\u00e9moignage \u00e9leveurs - EARL de la Grandini\u00e8re - EVIALIS\",\"isPartOf\":{\"@id\":\"https:\\\/\\\/www.evialis.com\\\/ph\\\/#website\"},\"primaryImageOfPage\":{\"@id\":\"https:\\\/\\\/www.evialis.com\\\/ph\\\/temoignages\\\/earl-de-la-grandiniere\\\/#primaryimage\"},\"image\":{\"@id\":\"https:\\\/\\\/www.evialis.com\\\/ph\\\/temoignages\\\/earl-de-la-grandiniere\\\/#primaryimage\"},\"thumbnailUrl\":\"https:\\\/\\\/www.evialis.com\\\/wp-content\\\/uploads\\\/2021\\\/03\\\/Grandiniere2-1-scaled.jpg\",\"datePublished\":\"2021-03-29T13:48:36+00:00\",\"dateModified\":\"2021-06-03T10:18:38+00:00\",\"description\":\"Install\u00e9 depuis 2002, Olivier THIBAULT est un gagnant dans l\u2019\u00e2me ! Rien n\u2019est laiss\u00e9 au hasard dans son \u00e9levage laitier mayennais.\",\"breadcrumb\":{\"@id\":\"https:\\\/\\\/www.evialis.com\\\/ph\\\/temoignages\\\/earl-de-la-grandiniere\\\/#breadcrumb\"},\"inLanguage\":\"en-GB\",\"potentialAction\":[{\"@type\":\"ReadAction\",\"target\":[\"https:\\\/\\\/www.evialis.com\\\/ph\\\/temoignages\\\/earl-de-la-grandiniere\\\/\"]}]},{\"@type\":\"ImageObject\",\"inLanguage\":\"en-GB\",\"@id\":\"https:\\\/\\\/www.evialis.com\\\/ph\\\/temoignages\\\/earl-de-la-grandiniere\\\/#primaryimage\",\"url\":\"https:\\\/\\\/www.evialis.com\\\/wp-content\\\/uploads\\\/2021\\\/03\\\/Grandiniere2-1-scaled.jpg\",\"contentUrl\":\"https:\\\/\\\/www.evialis.com\\\/wp-content\\\/uploads\\\/2021\\\/03\\\/Grandiniere2-1-scaled.jpg\",\"width\":2048,\"height\":1536},{\"@type\":\"BreadcrumbList\",\"@id\":\"https:\\\/\\\/www.evialis.com\\\/ph\\\/temoignages\\\/earl-de-la-grandiniere\\\/#breadcrumb\",\"itemListElement\":[{\"@type\":\"ListItem\",\"position\":1,\"name\":\"Home\",\"item\":\"https:\\\/\\\/www.evialis.com\\\/ph\\\/\"},{\"@type\":\"ListItem\",\"position\":2,\"name\":\"Testimonials\",\"item\":\"https:\\\/\\\/www.evialis.com\\\/ph\\\/temoignages\\\/\"},{\"@type\":\"ListItem\",\"position\":3,\"name\":\"EARL de la Grandini\u00e8re\"}]},{\"@type\":\"WebSite\",\"@id\":\"https:\\\/\\\/www.evialis.com\\\/ph\\\/#website\",\"url\":\"https:\\\/\\\/www.evialis.com\\\/ph\\\/\",\"name\":\"EVIALIS\",\"description\":\"Nourrir vos animaux et bien plus - Leader en nutrition animale\",\"potentialAction\":[{\"@type\":\"SearchAction\",\"target\":{\"@type\":\"EntryPoint\",\"urlTemplate\":\"https:\\\/\\\/www.evialis.com\\\/ph\\\/?s={search_term_string}\"},\"query-input\":{\"@type\":\"PropertyValueSpecification\",\"valueRequired\":true,\"valueName\":\"search_term_string\"}}],\"inLanguage\":\"en-GB\"}]}<\/script>\n<!-- \/ Yoast SEO plugin. -->","yoast_head_json":{"title":"T\u00e9moignage \u00e9leveurs - EARL de la Grandini\u00e8re - EVIALIS","description":"Install\u00e9 depuis 2002, Olivier THIBAULT est un gagnant dans l\u2019\u00e2me ! Rien n\u2019est laiss\u00e9 au hasard dans son \u00e9levage laitier mayennais.","robots":{"index":"index","follow":"follow","max-snippet":"max-snippet:-1","max-image-preview":"max-image-preview:large","max-video-preview":"max-video-preview:-1"},"canonical":"https:\/\/www.evialis.com\/ph\/temoignages\/earl-de-la-grandiniere\/","og_locale":"en_GB","og_type":"article","og_title":"T\u00e9moignage \u00e9leveurs - EARL de la Grandini\u00e8re - EVIALIS","og_description":"Install\u00e9 depuis 2002, Olivier THIBAULT est un gagnant dans l\u2019\u00e2me ! Rien n\u2019est laiss\u00e9 au hasard dans son \u00e9levage laitier mayennais.","og_url":"https:\/\/www.evialis.com\/ph\/temoignages\/earl-de-la-grandiniere\/","og_site_name":"EVIALIS","article_modified_time":"2021-06-03T10:18:38+00:00","og_image":[{"width":2048,"height":1536,"url":"https:\/\/www.evialis.com\/wp-content\/uploads\/2021\/03\/Grandiniere2-1-scaled.jpg","type":"image\/jpeg"}],"twitter_card":"summary_large_image","twitter_misc":{"Estimated reading time":"3 minutes"},"schema":{"@context":"https:\/\/schema.org","@graph":[{"@type":"WebPage","@id":"https:\/\/www.evialis.com\/ph\/temoignages\/earl-de-la-grandiniere\/","url":"https:\/\/www.evialis.com\/ph\/temoignages\/earl-de-la-grandiniere\/","name":"T\u00e9moignage \u00e9leveurs - EARL de la Grandini\u00e8re - EVIALIS","isPartOf":{"@id":"https:\/\/www.evialis.com\/ph\/#website"},"primaryImageOfPage":{"@id":"https:\/\/www.evialis.com\/ph\/temoignages\/earl-de-la-grandiniere\/#primaryimage"},"image":{"@id":"https:\/\/www.evialis.com\/ph\/temoignages\/earl-de-la-grandiniere\/#primaryimage"},"thumbnailUrl":"https:\/\/www.evialis.com\/wp-content\/uploads\/2021\/03\/Grandiniere2-1-scaled.jpg","datePublished":"2021-03-29T13:48:36+00:00","dateModified":"2021-06-03T10:18:38+00:00","description":"Install\u00e9 depuis 2002, Olivier THIBAULT est un gagnant dans l\u2019\u00e2me ! Rien n\u2019est laiss\u00e9 au hasard dans son \u00e9levage laitier mayennais.","breadcrumb":{"@id":"https:\/\/www.evialis.com\/ph\/temoignages\/earl-de-la-grandiniere\/#breadcrumb"},"inLanguage":"en-GB","potentialAction":[{"@type":"ReadAction","target":["https:\/\/www.evialis.com\/ph\/temoignages\/earl-de-la-grandiniere\/"]}]},{"@type":"ImageObject","inLanguage":"en-GB","@id":"https:\/\/www.evialis.com\/ph\/temoignages\/earl-de-la-grandiniere\/#primaryimage","url":"https:\/\/www.evialis.com\/wp-content\/uploads\/2021\/03\/Grandiniere2-1-scaled.jpg","contentUrl":"https:\/\/www.evialis.com\/wp-content\/uploads\/2021\/03\/Grandiniere2-1-scaled.jpg","width":2048,"height":1536},{"@type":"BreadcrumbList","@id":"https:\/\/www.evialis.com\/ph\/temoignages\/earl-de-la-grandiniere\/#breadcrumb","itemListElement":[{"@type":"ListItem","position":1,"name":"Home","item":"https:\/\/www.evialis.com\/ph\/"},{"@type":"ListItem","position":2,"name":"Testimonials","item":"https:\/\/www.evialis.com\/ph\/temoignages\/"},{"@type":"ListItem","position":3,"name":"EARL de la Grandini\u00e8re"}]},{"@type":"WebSite","@id":"https:\/\/www.evialis.com\/ph\/#website","url":"https:\/\/www.evialis.com\/ph\/","name":"EVIALIS","description":"Nourrir vos animaux et bien plus - Leader en nutrition animale","potentialAction":[{"@type":"SearchAction","target":{"@type":"EntryPoint","urlTemplate":"https:\/\/www.evialis.com\/ph\/?s={search_term_string}"},"query-input":{"@type":"PropertyValueSpecification","valueRequired":true,"valueName":"search_term_string"}}],"inLanguage":"en-GB"}]}},"_links":{"self":[{"href":"https:\/\/www.evialis.com\/ph\/wp-json\/wp\/v2\/temoignages\/2184","targetHints":{"allow":["GET"]}}],"collection":[{"href":"https:\/\/www.evialis.com\/ph\/wp-json\/wp\/v2\/temoignages"}],"about":[{"href":"https:\/\/www.evialis.com\/ph\/wp-json\/wp\/v2\/types\/temoignages"}],"wp:featuredmedia":[{"embeddable":true,"href":"https:\/\/www.evialis.com\/ph\/wp-json\/wp\/v2\/media\/4865"}],"wp:attachment":[{"href":"https:\/\/www.evialis.com\/ph\/wp-json\/wp\/v2\/media?parent=2184"}],"wp:term":[{"taxonomy":"especes","embeddable":true,"href":"https:\/\/www.evialis.com\/ph\/wp-json\/wp\/v2\/especes?post=2184"}],"curies":[{"name":"wp","href":"https:\/\/api.w.org\/{rel}","templated":true}]}}