{"id":2179,"date":"2021-03-29T13:48:36","date_gmt":"2021-03-29T13:48:36","guid":{"rendered":"https:\/\/evialis.drwp.fr\/temoignages\/scea-ferme-du-manege\/"},"modified":"2021-06-08T14:19:46","modified_gmt":"2021-06-08T14:19:46","slug":"scea-ferme-du-manege","status":"publish","type":"temoignages","link":"https:\/\/www.evialis.com\/ph\/temoignages\/scea-ferme-du-manege\/","title":{"rendered":"SCEA Ferme du Man\u00e8ge"},"content":{"rendered":"\n<h2 class=\"wp-block-heading\"><strong>Du lait aux yaourts<\/strong><\/h2>\n\n\n\n<div style=\"height:15px\" aria-hidden=\"true\" class=\"wp-block-spacer\"><\/div>\n\n\n\n<p><strong>Situ\u00e9e dans le Pays de Caux, entre Rouen et Le Havre, la Ferme du Man\u00e8ge est une entreprise familiale qui transforme le lait de ses 120 vaches laiti\u00e8res. De la fourche \u00e0 la cuill\u00e8re, voyage aux pays des saveurs laiti\u00e8res.<\/strong>&nbsp;<\/p>\n\n\n\n<div style=\"height:15px\" aria-hidden=\"true\" class=\"wp-block-spacer\"><\/div>\n\n\n\n<p>Pr\u00e9sents&nbsp;sur les grandes tables de France (Assembl\u00e9e nationale, centre d\u2019entrainement du PSG, Rolland Garros), dans les \u00e9piceries fines et chez les meilleurs&nbsp;traiteurs&nbsp;de France et \u00e0 l\u2019\u00e9tranger, les yaourts de la Ferme du Man\u00e8ge sont le r\u00e9sultat d\u2019une technique maitris\u00e9e de transformation mais aussi d\u2019un savoir-faire dans l\u2019\u00e9levage et l\u2019alimentation de leurs vaches&nbsp;laiti\u00e8res.&nbsp;<\/p>\n\n\n\n<p>Olivier&nbsp;MALLARD est un passionn\u00e9. Apr\u00e8s avoir travaill\u00e9 dans les analyses&nbsp;bact\u00e9riologiques&nbsp;en laboratoire, il d\u00e9cide de reprendre la Ferme du Man\u00e8ge qui fabriquait des yaourts depuis 1986. &#8220;Je m\u2019\u00e9panouis \u00e0 fond dans ce que je fais. J\u2019ai diff\u00e9rents m\u00e9tiers, c\u2019est ce qui est g\u00e9nial, m\u00eame si je l\u2019avoue, j\u2019ai aussi les ennuis des diff\u00e9rents m\u00e9tiers&#8221;.&nbsp;<\/p>\n\n\n\n<div style=\"height:35px\" aria-hidden=\"true\" class=\"wp-block-spacer\"><\/div>\n\n\n\n<h3 class=\"wp-block-heading\"><strong>Quel parcours depuis cette reprise&nbsp;?&nbsp;<\/strong><\/h3>\n\n\n\n<div style=\"height:15px\" aria-hidden=\"true\" class=\"wp-block-spacer\"><\/div>\n\n\n\n<p>&#8220;A mon arriv\u00e9e, il a fallu revoir un certain nombre de choses&nbsp;:&nbsp;<\/p>\n\n\n\n<p>&#8211;&nbsp;L\u2019exploitation laiti\u00e8re, pour s\u00e9curiser les approvisionnements en lait&nbsp;quotidiennement.&nbsp;<\/p>\n\n\n\n<p>&#8211;&nbsp;Tenir compte des attentes soci\u00e9tales et \u00e9lever les animaux en tenant compte du bien-\u00eatre animal&nbsp;<\/p>\n\n\n\n<p>&#8211; S\u00e9curiser la commercialisation et \u00e9largir le panel des clients&nbsp;<\/p>\n\n\n\n<p>&#8211; Trouver de nouveaux produits \u00e0&nbsp;commercialiser&nbsp;&nbsp;<\/p>\n\n\n\n<p>Et cela, tout en continuant de fabriquer et livrer les clients existants. Aujourd\u2019hui, nous sommes fiers de nous, c\u2019est un m\u00e9tier&nbsp;passionnant&#8221;.&nbsp;<\/p>\n\n\n\n<div style=\"height:35px\" aria-hidden=\"true\" class=\"wp-block-spacer\"><\/div>\n\n\n\n<h3 class=\"wp-block-heading\"><strong>Avant de transformer, il faut produire<\/strong><\/h3>\n\n\n\n<div style=\"height:15px\" aria-hidden=\"true\" class=\"wp-block-spacer\"><\/div>\n\n\n\n<p>Aujourd\u2019hui, l\u2019\u00e9levage est men\u00e9 par 3 salari\u00e9s et compte 120 vaches laiti\u00e8res. Les animaux sont nourris avec des aliments non OGM de la gamme EVIALIS NOVIAL et la ferme est adh\u00e9rente \u00e0 l\u2019association Bleu Blanc C\u0153ur qui met en avant les plantes riches en Om\u00e9ga 3 et la graine de&nbsp;lin.&nbsp;<\/p>\n\n\n\n<p>&#8220;Je&nbsp;dois fournir \u00e0 l\u2019atelier de transformation, 2 500 litres de lait frais tous les jours. Pour cela la production doit \u00eatre r\u00e9guli\u00e8re et stable, il me faut donc 15 \u00e0 20 v\u00ealages par mois pour rentrer dans mes objectifs&#8221;, pr\u00e9cise Vincent JOLLY le responsable de la ferme.&nbsp;&nbsp;<\/p>\n\n\n\n<p>&#8220;Nous portons une attention particuli\u00e8re \u00e0 l\u2019alimentation qui est la base de la stabilit\u00e9 de notre production. Nous faisons aussi&nbsp;beaucoup&nbsp;de pr\u00e9ventif pour limiter l\u2019utilisation des antibiotiques (utilisation de gants \u00e0 la traite, d\u00e9sinfection du box v\u00ealage et curage r\u00e9gulier du b\u00e2timent)&#8221;.&nbsp;<\/p>\n\n\n\n<div style=\"height:35px\" aria-hidden=\"true\" class=\"wp-block-spacer\"><\/div>\n\n\n\n<h3 class=\"wp-block-heading\"><strong>Sur l\u2019exploitation, la recherche de la performance est un souci quotidien<\/strong><\/h3>\n\n\n\n<div style=\"height:15px\" aria-hidden=\"true\" class=\"wp-block-spacer\"><\/div>\n\n\n\n<p>&#8220;Des animaux bien nourris sont des animaux en bonne sant\u00e9 et qui donnent le meilleur d\u2019eux-m\u00eames. Nos r\u00e9sultats en reproduction sont tr\u00e8s bons, un IVV de 367 jours, un taux de r\u00e9ussite en 1re IA de 63 %&#8221;.&nbsp;&nbsp;<\/p>\n\n\n\n<p>Mais dans cet \u00e9levage, performances riment avec bien-\u00eatre animal et image de l\u2019\u00e9levage. &#8220;Nous cherchons \u00e0 valoriser au maximum l\u2019herbe de l\u2019exploitation, sous toutes ses formes, c\u2019est bon pour nos vaches et c\u2019est aussi un point int\u00e9ressant mis en avant lors de la commercialisation de nos yaourts&#8221; ajoute Vincent.&nbsp;&nbsp;<\/p>\n\n\n\n<p>Pour l\u2019avenir, Vincent voudrait am\u00e9liorer la&nbsp;long\u00e9vit\u00e9&nbsp;des animaux et continuer \u00e0 augmenter la productivit\u00e9 par vache pour limiter le temps de traite, ceci tout en respectant les&nbsp;animaux.&nbsp;<\/p>\n\n\n\n<p>Concernant&nbsp;la collaboration avec EVIALIS, il met en avant la qualit\u00e9 des produits, la&nbsp;possibilit\u00e9&nbsp;de choisir des aliments dans une gamme NON OGM et pour finir, la disponibilit\u00e9 et les discussions avec Franck TURMEL, le&nbsp;technicien&nbsp;EVIALIS NOVIAL qui suit l\u2019\u00e9levage.&nbsp;<\/p>\n\n\n\n<div style=\"height:35px\" aria-hidden=\"true\" class=\"wp-block-spacer\"><\/div>\n\n\n\n<h3 class=\"wp-block-heading\"><strong>Du lait frais aux yaourts, du savoir-faire et une reconnaissance bien m\u00e9rit\u00e9e<\/strong><\/h3>\n\n\n\n<div style=\"height:15px\" aria-hidden=\"true\" class=\"wp-block-spacer\"><\/div>\n\n\n\n<p>Le lait produit est transform\u00e9 dans les 24 heures qui suivent la traite afin de conserver sa fraicheur et d\u2019\u00e9viter toute alt\u00e9ration avant la pasteurisation sp\u00e9cifique qui assurera la&nbsp;stabilit\u00e9&nbsp;du produit fini. La fermentation lactique contr\u00f4l\u00e9e est assur\u00e9e par des souches&nbsp;bact\u00e9riennes&nbsp;naturelles s\u00e9lectionn\u00e9es depuis de nombreuses ann\u00e9es, ce qui conf\u00e8re l\u2019onctuosit\u00e9&nbsp;si caract\u00e9ristique des yaourts de la Ferme du Man\u00e8ge. Aujourd\u2019hui la Ferme du Man\u00e8ge propose une gamme de 24 parfums de yaourts maigres ou entiers.&nbsp;&nbsp;<\/p>\n\n\n\n<p>La liste des clients prestigieux de la Ferme du Man\u00e8ge est une preuve de la qualit\u00e9 des produits commercialis\u00e9s, mais en plus de cela, lors du Salon de l\u2019Agriculture 2019, deux nouvelles r\u00e9compenses sont arriv\u00e9es. Une m\u00e9daille d\u2019or pour le yaourt \u00e0 la framboise et une m\u00e9daille d\u2019argent pour le yaourt \u00e0 l\u2019abricot.&nbsp;<\/p>\n\n\n\n<div style=\"height:35px\" aria-hidden=\"true\" class=\"wp-block-spacer\"><\/div>\n\n\n\n<h3 class=\"wp-block-heading\"><strong>Et l\u2019avenir ?<\/strong><\/h3>\n\n\n\n<div style=\"height:15px\" aria-hidden=\"true\" class=\"wp-block-spacer\"><\/div>\n\n\n\n<p>&#8220;Nous travaillons au quotidien pour fournir des produits de qualit\u00e9. Notre volont\u00e9 n\u2019est pas de grossir mais de satisfaire nos clients et pour cela, nous travaillons d\u00e9j\u00e0 \u00e0 rechercher de nouveaux produits pour&nbsp;diversifier&nbsp;notre offre&#8221;, ajoute Olivier&nbsp;MALLARD.&nbsp;<\/p>\n\n\n\n<p>&#8220;Mon&nbsp;travail est une question de&nbsp;bact\u00e9ries. Avant la Ferme du Man\u00e8ge, je les analysais, maintenant je fais en sorte que les bact\u00e9ries du rumen de mes vaches d\u00e9gradent bien la ration et que celles de mes yaourts fassent un produit onctueux appr\u00e9ci\u00e9s de tous&#8230;&#8221; conclut&nbsp;Olivier.&nbsp;<\/p>\n\n\n\n<p>Dans&nbsp;le Pays de Caux, il y avait le fameux beurre de Normandie, aujourd\u2019hui, il y a aussi, les yaourts de la Ferme du Man\u00e8ge et ses vaches qui produisent en toute qui\u00e9tude du bon lait frais quotidiennement.&nbsp;<\/p>\n\n\n\n<div style=\"height:35px\" aria-hidden=\"true\" class=\"wp-block-spacer\"><\/div>\n\n\n\n<p class=\"has-text-align-right\"><strong>Jean-Louis COURTY, EVIALIS<\/strong>&nbsp;<\/p>\n","protected":false},"featured_media":5002,"parent":0,"template":"","especes":[40],"class_list":["post-2179","temoignages","type-temoignages","status-publish","has-post-thumbnail","hentry","especes-vaches-laitieres"],"acf":[],"yoast_head":"<!-- This site is optimized with the Yoast SEO plugin v27.5 - https:\/\/yoast.com\/product\/yoast-seo-wordpress\/ -->\n<title>T\u00e9moignage \u00e9leveurs vaches laiti\u00e8res - SCEA Ferme du Man\u00e8ge<\/title>\n<meta name=\"description\" content=\"Situ\u00e9e entre Rouen et Le Havre, la Ferme du Man\u00e8ge est une entreprise familiale qui transforme le lait de ses 120 vaches laiti\u00e8res.\" \/>\n<meta name=\"robots\" content=\"index, follow, max-snippet:-1, max-image-preview:large, max-video-preview:-1\" \/>\n<link rel=\"canonical\" href=\"https:\/\/www.evialis.com\/ph\/temoignages\/scea-ferme-du-manege\/\" \/>\n<meta property=\"og:locale\" content=\"en_GB\" \/>\n<meta property=\"og:type\" content=\"article\" \/>\n<meta property=\"og:title\" content=\"T\u00e9moignage \u00e9leveurs vaches laiti\u00e8res - SCEA Ferme du Man\u00e8ge\" \/>\n<meta property=\"og:description\" content=\"Situ\u00e9e entre Rouen et Le Havre, la Ferme du Man\u00e8ge est une entreprise familiale qui transforme le lait de ses 120 vaches laiti\u00e8res.\" \/>\n<meta property=\"og:url\" content=\"https:\/\/www.evialis.com\/ph\/temoignages\/scea-ferme-du-manege\/\" \/>\n<meta property=\"og:site_name\" content=\"EVIALIS\" \/>\n<meta property=\"article:modified_time\" content=\"2021-06-08T14:19:46+00:00\" \/>\n<meta property=\"og:image\" content=\"https:\/\/www.evialis.com\/wp-content\/uploads\/2021\/03\/DSC03471-scaled.jpg\" \/>\n\t<meta property=\"og:image:width\" content=\"1371\" \/>\n\t<meta property=\"og:image:height\" content=\"2048\" \/>\n\t<meta property=\"og:image:type\" content=\"image\/jpeg\" \/>\n<meta name=\"twitter:card\" content=\"summary_large_image\" \/>\n<meta name=\"twitter:label1\" content=\"Estimated reading time\" \/>\n\t<meta name=\"twitter:data1\" content=\"4 minutes\" \/>\n<script type=\"application\/ld+json\" class=\"yoast-schema-graph\">{\"@context\":\"https:\\\/\\\/schema.org\",\"@graph\":[{\"@type\":\"WebPage\",\"@id\":\"https:\\\/\\\/www.evialis.com\\\/ph\\\/temoignages\\\/scea-ferme-du-manege\\\/\",\"url\":\"https:\\\/\\\/www.evialis.com\\\/ph\\\/temoignages\\\/scea-ferme-du-manege\\\/\",\"name\":\"T\u00e9moignage \u00e9leveurs vaches laiti\u00e8res - SCEA Ferme du Man\u00e8ge\",\"isPartOf\":{\"@id\":\"https:\\\/\\\/www.evialis.com\\\/ph\\\/#website\"},\"primaryImageOfPage\":{\"@id\":\"https:\\\/\\\/www.evialis.com\\\/ph\\\/temoignages\\\/scea-ferme-du-manege\\\/#primaryimage\"},\"image\":{\"@id\":\"https:\\\/\\\/www.evialis.com\\\/ph\\\/temoignages\\\/scea-ferme-du-manege\\\/#primaryimage\"},\"thumbnailUrl\":\"https:\\\/\\\/www.evialis.com\\\/wp-content\\\/uploads\\\/2021\\\/03\\\/DSC03471-scaled.jpg\",\"datePublished\":\"2021-03-29T13:48:36+00:00\",\"dateModified\":\"2021-06-08T14:19:46+00:00\",\"description\":\"Situ\u00e9e entre Rouen et Le Havre, la Ferme du Man\u00e8ge est une entreprise familiale qui transforme le lait de ses 120 vaches laiti\u00e8res.\",\"breadcrumb\":{\"@id\":\"https:\\\/\\\/www.evialis.com\\\/ph\\\/temoignages\\\/scea-ferme-du-manege\\\/#breadcrumb\"},\"inLanguage\":\"en-GB\",\"potentialAction\":[{\"@type\":\"ReadAction\",\"target\":[\"https:\\\/\\\/www.evialis.com\\\/ph\\\/temoignages\\\/scea-ferme-du-manege\\\/\"]}]},{\"@type\":\"ImageObject\",\"inLanguage\":\"en-GB\",\"@id\":\"https:\\\/\\\/www.evialis.com\\\/ph\\\/temoignages\\\/scea-ferme-du-manege\\\/#primaryimage\",\"url\":\"https:\\\/\\\/www.evialis.com\\\/wp-content\\\/uploads\\\/2021\\\/03\\\/DSC03471-scaled.jpg\",\"contentUrl\":\"https:\\\/\\\/www.evialis.com\\\/wp-content\\\/uploads\\\/2021\\\/03\\\/DSC03471-scaled.jpg\",\"width\":1371,\"height\":2048,\"caption\":\"SONY DSC\"},{\"@type\":\"BreadcrumbList\",\"@id\":\"https:\\\/\\\/www.evialis.com\\\/ph\\\/temoignages\\\/scea-ferme-du-manege\\\/#breadcrumb\",\"itemListElement\":[{\"@type\":\"ListItem\",\"position\":1,\"name\":\"Home\",\"item\":\"https:\\\/\\\/www.evialis.com\\\/ph\\\/\"},{\"@type\":\"ListItem\",\"position\":2,\"name\":\"Testimonials\",\"item\":\"https:\\\/\\\/www.evialis.com\\\/ph\\\/temoignages\\\/\"},{\"@type\":\"ListItem\",\"position\":3,\"name\":\"SCEA Ferme du Man\u00e8ge\"}]},{\"@type\":\"WebSite\",\"@id\":\"https:\\\/\\\/www.evialis.com\\\/ph\\\/#website\",\"url\":\"https:\\\/\\\/www.evialis.com\\\/ph\\\/\",\"name\":\"EVIALIS\",\"description\":\"Nourrir vos animaux et bien plus - Leader en nutrition animale\",\"potentialAction\":[{\"@type\":\"SearchAction\",\"target\":{\"@type\":\"EntryPoint\",\"urlTemplate\":\"https:\\\/\\\/www.evialis.com\\\/ph\\\/?s={search_term_string}\"},\"query-input\":{\"@type\":\"PropertyValueSpecification\",\"valueRequired\":true,\"valueName\":\"search_term_string\"}}],\"inLanguage\":\"en-GB\"}]}<\/script>\n<!-- \/ Yoast SEO plugin. -->","yoast_head_json":{"title":"T\u00e9moignage \u00e9leveurs vaches laiti\u00e8res - SCEA Ferme du Man\u00e8ge","description":"Situ\u00e9e entre Rouen et Le Havre, la Ferme du Man\u00e8ge est une entreprise familiale qui transforme le lait de ses 120 vaches laiti\u00e8res.","robots":{"index":"index","follow":"follow","max-snippet":"max-snippet:-1","max-image-preview":"max-image-preview:large","max-video-preview":"max-video-preview:-1"},"canonical":"https:\/\/www.evialis.com\/ph\/temoignages\/scea-ferme-du-manege\/","og_locale":"en_GB","og_type":"article","og_title":"T\u00e9moignage \u00e9leveurs vaches laiti\u00e8res - SCEA Ferme du Man\u00e8ge","og_description":"Situ\u00e9e entre Rouen et Le Havre, la Ferme du Man\u00e8ge est une entreprise familiale qui transforme le lait de ses 120 vaches laiti\u00e8res.","og_url":"https:\/\/www.evialis.com\/ph\/temoignages\/scea-ferme-du-manege\/","og_site_name":"EVIALIS","article_modified_time":"2021-06-08T14:19:46+00:00","og_image":[{"width":1371,"height":2048,"url":"https:\/\/www.evialis.com\/wp-content\/uploads\/2021\/03\/DSC03471-scaled.jpg","type":"image\/jpeg"}],"twitter_card":"summary_large_image","twitter_misc":{"Estimated reading time":"4 minutes"},"schema":{"@context":"https:\/\/schema.org","@graph":[{"@type":"WebPage","@id":"https:\/\/www.evialis.com\/ph\/temoignages\/scea-ferme-du-manege\/","url":"https:\/\/www.evialis.com\/ph\/temoignages\/scea-ferme-du-manege\/","name":"T\u00e9moignage \u00e9leveurs vaches laiti\u00e8res - SCEA Ferme du Man\u00e8ge","isPartOf":{"@id":"https:\/\/www.evialis.com\/ph\/#website"},"primaryImageOfPage":{"@id":"https:\/\/www.evialis.com\/ph\/temoignages\/scea-ferme-du-manege\/#primaryimage"},"image":{"@id":"https:\/\/www.evialis.com\/ph\/temoignages\/scea-ferme-du-manege\/#primaryimage"},"thumbnailUrl":"https:\/\/www.evialis.com\/wp-content\/uploads\/2021\/03\/DSC03471-scaled.jpg","datePublished":"2021-03-29T13:48:36+00:00","dateModified":"2021-06-08T14:19:46+00:00","description":"Situ\u00e9e entre Rouen et Le Havre, la Ferme du Man\u00e8ge est une entreprise familiale qui transforme le lait de ses 120 vaches laiti\u00e8res.","breadcrumb":{"@id":"https:\/\/www.evialis.com\/ph\/temoignages\/scea-ferme-du-manege\/#breadcrumb"},"inLanguage":"en-GB","potentialAction":[{"@type":"ReadAction","target":["https:\/\/www.evialis.com\/ph\/temoignages\/scea-ferme-du-manege\/"]}]},{"@type":"ImageObject","inLanguage":"en-GB","@id":"https:\/\/www.evialis.com\/ph\/temoignages\/scea-ferme-du-manege\/#primaryimage","url":"https:\/\/www.evialis.com\/wp-content\/uploads\/2021\/03\/DSC03471-scaled.jpg","contentUrl":"https:\/\/www.evialis.com\/wp-content\/uploads\/2021\/03\/DSC03471-scaled.jpg","width":1371,"height":2048,"caption":"SONY DSC"},{"@type":"BreadcrumbList","@id":"https:\/\/www.evialis.com\/ph\/temoignages\/scea-ferme-du-manege\/#breadcrumb","itemListElement":[{"@type":"ListItem","position":1,"name":"Home","item":"https:\/\/www.evialis.com\/ph\/"},{"@type":"ListItem","position":2,"name":"Testimonials","item":"https:\/\/www.evialis.com\/ph\/temoignages\/"},{"@type":"ListItem","position":3,"name":"SCEA Ferme du Man\u00e8ge"}]},{"@type":"WebSite","@id":"https:\/\/www.evialis.com\/ph\/#website","url":"https:\/\/www.evialis.com\/ph\/","name":"EVIALIS","description":"Nourrir vos animaux et bien plus - Leader en nutrition animale","potentialAction":[{"@type":"SearchAction","target":{"@type":"EntryPoint","urlTemplate":"https:\/\/www.evialis.com\/ph\/?s={search_term_string}"},"query-input":{"@type":"PropertyValueSpecification","valueRequired":true,"valueName":"search_term_string"}}],"inLanguage":"en-GB"}]}},"_links":{"self":[{"href":"https:\/\/www.evialis.com\/ph\/wp-json\/wp\/v2\/temoignages\/2179","targetHints":{"allow":["GET"]}}],"collection":[{"href":"https:\/\/www.evialis.com\/ph\/wp-json\/wp\/v2\/temoignages"}],"about":[{"href":"https:\/\/www.evialis.com\/ph\/wp-json\/wp\/v2\/types\/temoignages"}],"wp:featuredmedia":[{"embeddable":true,"href":"https:\/\/www.evialis.com\/ph\/wp-json\/wp\/v2\/media\/5002"}],"wp:attachment":[{"href":"https:\/\/www.evialis.com\/ph\/wp-json\/wp\/v2\/media?parent=2179"}],"wp:term":[{"taxonomy":"especes","embeddable":true,"href":"https:\/\/www.evialis.com\/ph\/wp-json\/wp\/v2\/especes?post=2179"}],"curies":[{"name":"wp","href":"https:\/\/api.w.org\/{rel}","templated":true}]}}