{"id":2174,"date":"2021-03-29T13:48:36","date_gmt":"2021-03-29T13:48:36","guid":{"rendered":"https:\/\/evialis.drwp.fr\/temoignages\/guillaume-halipre\/"},"modified":"2021-07-26T09:55:05","modified_gmt":"2021-07-26T09:55:05","slug":"guillaume-halipre","status":"publish","type":"temoignages","link":"https:\/\/www.evialis.com\/ph\/temoignages\/guillaume-halipre\/","title":{"rendered":"Guillaume Halipre"},"content":{"rendered":"\n<h2 class=\"wp-block-heading\"><strong>Les&nbsp;atouts d\u2019un v\u00ealage \u00e0 2 ans<\/strong><\/h2>\n\n\n\n<div style=\"height:15px\" aria-hidden=\"true\" class=\"wp-block-spacer\"><\/div>\n\n\n\n<p><strong>Nous sommes loin du berceau de la race Charolaise, dans le Pas-de-Calais. 20 km s\u00e9parent les 2 \u00e9levages, mais une m\u00eame passion anime ces 2 \u00e9leveurs : la race&nbsp;Charolaise. S\u00e9lectionneurs&nbsp;de p\u00e8re en fils, Messieurs VERLINGUE et HALIPRE travaillent au quotidien pour am\u00e9liorer les performances de leurs troupeaux et tirer profit au maximum de la race qu\u2019ils ont choisi. Depuis plusieurs ann\u00e9es, ils ont fait le choix de faire v\u00ealer leurs g\u00e9nisses \u00e0 2 ans. Choix technique qui aujourd\u2019hui s\u2019av\u00e8re payant. Des rivages de la Mer du Nord au Parc Naturel du Cap et Marais d\u2019Opale, retour sur un choix gagnant.<\/strong>&nbsp;<\/p>\n\n\n\n<div class=\"wp-block-image\"><figure class=\"aligncenter size-large is-resized\"><img fetchpriority=\"high\" decoding=\"async\" src=\"https:\/\/www.evialis.com\/wp-content\/uploads\/2021\/03\/DSC03338-1024x685.jpg\" alt=\"\" class=\"wp-image-4971\" width=\"512\" height=\"343\" srcset=\"https:\/\/www.evialis.com\/wp-content\/uploads\/2021\/03\/DSC03338-1024x685.jpg 1024w, https:\/\/www.evialis.com\/wp-content\/uploads\/2021\/03\/DSC03338-300x201.jpg 300w, https:\/\/www.evialis.com\/wp-content\/uploads\/2021\/03\/DSC03338-768x514.jpg 768w, https:\/\/www.evialis.com\/wp-content\/uploads\/2021\/03\/DSC03338-120x80.jpg 120w, https:\/\/www.evialis.com\/wp-content\/uploads\/2021\/03\/DSC03338-1536x1028.jpg 1536w, https:\/\/www.evialis.com\/wp-content\/uploads\/2021\/03\/DSC03338-scaled.jpg 2048w\" sizes=\"(max-width: 512px) 100vw, 512px\" \/><\/figure><\/div>\n\n\n\n<h3 class=\"wp-block-heading\"><strong>Pourquoi&nbsp;avoir&nbsp;choisi&nbsp;le&nbsp;v\u00ealage&nbsp;\u00e0 2&nbsp;ans&nbsp;?<\/strong><\/h3>\n\n\n\n<p>Les \u00e9leveurs sont unanimes, &#8220;<strong>C\u2019est d\u2019abord un choix pouss\u00e9 par l\u2019\u00e9conomie.<\/strong> En v\u00ealant \u00e0 2 ans, la vache fera un veau de plus dans sa\u00a0carri\u00e8re. Des animaux qui v\u00ealent plus t\u00f4t, c\u2019est aussi de la place gagn\u00e9e en b\u00e2timent et des hectares de moins en herbe. Plus de produit et moins de charges, une \u00e9quation qui nous va bien&#8221;. <strong>Autre int\u00e9r\u00eat, lorsque les vaches de r\u00e9forme sont vendues, elles sont plus jeunes et moins lourdes<\/strong>, ce qui correspond mieux aux attentes de la fili\u00e8re.\u00a0\u00a0<\/p>\n\n\n\n<p>Autre point mis en avant par les \u00e9leveurs, la conduite technique et les craintes \u00e0 lever par rapport \u00e0 cette fa\u00e7on de&nbsp;faire.&nbsp;<\/p>\n\n\n\n<p>&#8220;J\u2019avais quelques craintes en me lan\u00e7ant. Rapidement j\u2019ai \u00e9t\u00e9 rassur\u00e9. <strong>Aucun probl\u00e8me au v\u00ealage, pas de\u00a0non d\u00e9livrance, ni m\u00e9trite, ni retournement de matrice.<\/strong> Des veaux vigoureux et qui poussent bien. La mise \u00e0 la reproduction se fait sans probl\u00e8me&#8221;, ajoute M. VERLINGUE. M\u00eame constat pour M. HALIPRE, pour qui, le choix du passage au v\u00ealage \u00e0 2 ans a\u00a0r\u00e9ellement\u00a0\u00e9t\u00e9 une avanc\u00e9e technique avec des retomb\u00e9es \u00e9conomiques non n\u00e9gligeables, les craintes ont vite \u00e9t\u00e9 lev\u00e9es.\u00a0<\/p>\n\n\n\n<div style=\"height:35px\" aria-hidden=\"true\" class=\"wp-block-spacer\"><\/div>\n\n\n\n<h3 class=\"wp-block-heading\"><strong>Les raisons de ce succ\u00e8s<\/strong><\/h3>\n\n\n\n<div style=\"height:15px\" aria-hidden=\"true\" class=\"wp-block-spacer\"><\/div>\n\n\n\n<blockquote class=\"wp-block-quote is-layout-flow wp-block-quote-is-layout-flow\"><p><strong><em>&#8220;La r\u00e9ussite ? Une conduite d\u2019\u00e9levage&nbsp;irr\u00e9prochable&nbsp;et toujours bien alimenter en quantit\u00e9 et en qualit\u00e9 les g\u00e9nisses&#8221;.&nbsp;&nbsp;<\/em><\/strong><\/p><\/blockquote>\n\n\n\n<div style=\"height:15px\" aria-hidden=\"true\" class=\"wp-block-spacer\"><\/div>\n\n\n\n<p>Un point important \u00e0 leurs yeux est de&nbsp;compl\u00e9menter&nbsp;de bonne heure les animaux en distribuant&nbsp;d\u00e8s&nbsp;8 jours du <a href=\"https:\/\/www.evialis.com\/aliments-ruminants\/jovis-delice-nutrition-vaches-laitieres-gamme-vision-valeur-sure\/\">JOVIS DELICE<\/a> et ceci pendant 2 mois. Ensuite passage \u00e0 un <a href=\"https:\/\/www.evialis.com\/gammes\/vision\/?especes=bovins-viande\">aliment broutard PATURAL<\/a> jusqu\u2019au sevrage en compl\u00e9ment du lait de la m\u00e8re et de l\u2019herbe.&nbsp;<\/p>\n\n\n\n<p>La\u00a0distribution du <a href=\"https:\/\/www.evialis.com\/aliments-ruminants\/jovis-delice-nutrition-vaches-laitieres-gamme-vision-valeur-sure\/\">JOVIS DELICE<\/a>, un aliment 1er \u00e2ge riche en fibres digestibles et tr\u00e8s app\u00e8tent, va permettre le <strong>d\u00e9veloppement rapide des papilles du rumen<\/strong> et ceci, en toute s\u00e9curit\u00e9. Les<a href=\"https:\/\/www.evialis.com\/gammes\/vision\/?especes=bovins-viande\"> aliments PATURAL<\/a>, par la suite, de par leur formulation sp\u00e9cifique (ar\u00f4me fruits rouges, % d&#8217;amidon, % de cellulose&#8230;)<strong> assureront des croissances\u00a0\u00e9lev\u00e9es.\u00a0<\/strong><\/p>\n\n\n\n<p>\u00c0\u00a09 mois, les futures reproductrices, sont rentr\u00e9es en b\u00e2timents. Les rations sont\u00a0diff\u00e9rentes\u00a0dans les 2 \u00e9levages mais les\u00a0objectifs\u00a0sont les m\u00eames : <strong>faire de la croissance sans graisser les animaux.<\/strong> C\u2019est l\u2019avenir de la reproduction et de la production laiti\u00e8re des g\u00e9nisses qui est en jeu.\u00a0\u00a0<\/p>\n\n\n\n<p>Les g\u00e9nisses passent un premier hiver en stabulation, <strong>sont ins\u00e9min\u00e9es \u00e0 15 mois vers 470 kg<\/strong>. Les \u00e9leveurs font du contr\u00f4le de\u00a0gestation, les g\u00e9nisses non pleines seront\u00a0engraiss\u00e9es. Les g\u00e9nisses gestantes seront <strong>mises \u00e0 l\u2019herbe jusqu\u2019au v\u00ealage<\/strong>. Un apport de min\u00e9ral et une cure de vitamines sont pr\u00e9vus en\u00a0pr\u00e9paration\u00a0\u00e0 la mise-bas.\u00a0<\/p>\n\n\n\n<h3 class=\"wp-block-heading\"><strong>Et si c\u2019\u00e9tait \u00e0 refaire ?<\/strong><\/h3>\n\n\n\n<p>Philippe VERLINGUE est tr\u00e8s clair : &#8220;Avant de passer au v\u00ealage 2 ans, j\u2019\u00e9tais un peu septique, j\u2019avais peur pour la fertilit\u00e9 des animaux et le poids de carcasse des r\u00e9formes. Avec&nbsp;maintenant&nbsp;plusieurs ann\u00e9es de recul, je peux dire que ces craintes sont bien&nbsp;lev\u00e9es&#8221;.&nbsp;<\/p>\n\n\n\n<p>Guillaume\u00a0HALIPRE quant \u00e0 lui, n\u2019est pas\u00a0pr\u00eat\u00a0de revenir en arri\u00e8re : &#8220;Nous avons bien fait de choisir cette conduite d\u2019\u00e9levage, <strong>la\u00a0reproduction\u00a0n\u2019a jamais \u00e9t\u00e9 aussi bonne, bien ma\u00eetris\u00e9e, le v\u00ealage \u00e0 2 ans, c\u2019est l\u2019id\u00e9al&#8221;.<\/strong>\u00a0<\/p>\n\n\n\n<p>Loin&nbsp;du berceau de la race Charolaise, 2&nbsp;\u00e9leveurs&nbsp;du nord de la France ont fait le choix gagnant&#8230;&nbsp;<\/p>\n\n\n\n<div style=\"height:35px\" aria-hidden=\"true\" class=\"wp-block-spacer\"><\/div>\n\n\n\n<p class=\"has-text-align-right\"><strong>Jean-Louis COURTY, EVIALIS<\/strong>&nbsp;<\/p>\n","protected":false},"featured_media":4971,"parent":0,"template":"","especes":[55],"class_list":["post-2174","temoignages","type-temoignages","status-publish","has-post-thumbnail","hentry","especes-bovins-viande"],"acf":[],"yoast_head":"<!-- This site is optimized with the Yoast SEO plugin v27.5 - https:\/\/yoast.com\/product\/yoast-seo-wordpress\/ -->\n<title>T\u00e9moignage \u00e9leveurs bovins viande - Guillaume Halipre &#8226; EVIALIS<\/title>\n<meta name=\"description\" content=\"S\u00e9lectionneur de p\u00e8re en fils, Monsieur HALIPRE travaille au quotidien pour am\u00e9liorer les performances de son troupeau.\" \/>\n<meta name=\"robots\" content=\"index, follow, max-snippet:-1, max-image-preview:large, max-video-preview:-1\" \/>\n<link rel=\"canonical\" href=\"https:\/\/www.evialis.com\/ph\/temoignages\/guillaume-halipre\/\" \/>\n<meta property=\"og:locale\" content=\"en_GB\" \/>\n<meta property=\"og:type\" content=\"article\" \/>\n<meta property=\"og:title\" content=\"T\u00e9moignage \u00e9leveurs bovins viande - Guillaume Halipre &#8226; EVIALIS\" \/>\n<meta property=\"og:description\" content=\"S\u00e9lectionneur de p\u00e8re en fils, Monsieur HALIPRE travaille au quotidien pour am\u00e9liorer les performances de son troupeau.\" \/>\n<meta property=\"og:url\" content=\"https:\/\/www.evialis.com\/ph\/temoignages\/guillaume-halipre\/\" \/>\n<meta property=\"og:site_name\" content=\"EVIALIS\" \/>\n<meta property=\"article:modified_time\" content=\"2021-07-26T09:55:05+00:00\" \/>\n<meta property=\"og:image\" content=\"https:\/\/www.evialis.com\/wp-content\/uploads\/2021\/03\/DSC03338-scaled.jpg\" \/>\n\t<meta property=\"og:image:width\" content=\"2048\" \/>\n\t<meta property=\"og:image:height\" content=\"1371\" \/>\n\t<meta property=\"og:image:type\" content=\"image\/jpeg\" \/>\n<meta name=\"twitter:card\" content=\"summary_large_image\" \/>\n<meta name=\"twitter:label1\" content=\"Estimated reading time\" \/>\n\t<meta name=\"twitter:data1\" content=\"3 minutes\" \/>\n<script type=\"application\/ld+json\" class=\"yoast-schema-graph\">{\"@context\":\"https:\\\/\\\/schema.org\",\"@graph\":[{\"@type\":\"WebPage\",\"@id\":\"https:\\\/\\\/www.evialis.com\\\/ph\\\/temoignages\\\/guillaume-halipre\\\/\",\"url\":\"https:\\\/\\\/www.evialis.com\\\/ph\\\/temoignages\\\/guillaume-halipre\\\/\",\"name\":\"T\u00e9moignage \u00e9leveurs bovins viande - Guillaume Halipre &#8226; EVIALIS\",\"isPartOf\":{\"@id\":\"https:\\\/\\\/www.evialis.com\\\/ph\\\/#website\"},\"primaryImageOfPage\":{\"@id\":\"https:\\\/\\\/www.evialis.com\\\/ph\\\/temoignages\\\/guillaume-halipre\\\/#primaryimage\"},\"image\":{\"@id\":\"https:\\\/\\\/www.evialis.com\\\/ph\\\/temoignages\\\/guillaume-halipre\\\/#primaryimage\"},\"thumbnailUrl\":\"https:\\\/\\\/www.evialis.com\\\/wp-content\\\/uploads\\\/2021\\\/03\\\/DSC03338-scaled.jpg\",\"datePublished\":\"2021-03-29T13:48:36+00:00\",\"dateModified\":\"2021-07-26T09:55:05+00:00\",\"description\":\"S\u00e9lectionneur de p\u00e8re en fils, Monsieur HALIPRE travaille au quotidien pour am\u00e9liorer les performances de son troupeau.\",\"breadcrumb\":{\"@id\":\"https:\\\/\\\/www.evialis.com\\\/ph\\\/temoignages\\\/guillaume-halipre\\\/#breadcrumb\"},\"inLanguage\":\"en-GB\",\"potentialAction\":[{\"@type\":\"ReadAction\",\"target\":[\"https:\\\/\\\/www.evialis.com\\\/ph\\\/temoignages\\\/guillaume-halipre\\\/\"]}]},{\"@type\":\"ImageObject\",\"inLanguage\":\"en-GB\",\"@id\":\"https:\\\/\\\/www.evialis.com\\\/ph\\\/temoignages\\\/guillaume-halipre\\\/#primaryimage\",\"url\":\"https:\\\/\\\/www.evialis.com\\\/wp-content\\\/uploads\\\/2021\\\/03\\\/DSC03338-scaled.jpg\",\"contentUrl\":\"https:\\\/\\\/www.evialis.com\\\/wp-content\\\/uploads\\\/2021\\\/03\\\/DSC03338-scaled.jpg\",\"width\":2048,\"height\":1371,\"caption\":\"SONY DSC\"},{\"@type\":\"BreadcrumbList\",\"@id\":\"https:\\\/\\\/www.evialis.com\\\/ph\\\/temoignages\\\/guillaume-halipre\\\/#breadcrumb\",\"itemListElement\":[{\"@type\":\"ListItem\",\"position\":1,\"name\":\"Home\",\"item\":\"https:\\\/\\\/www.evialis.com\\\/ph\\\/\"},{\"@type\":\"ListItem\",\"position\":2,\"name\":\"Testimonials\",\"item\":\"https:\\\/\\\/www.evialis.com\\\/ph\\\/temoignages\\\/\"},{\"@type\":\"ListItem\",\"position\":3,\"name\":\"Guillaume Halipre\"}]},{\"@type\":\"WebSite\",\"@id\":\"https:\\\/\\\/www.evialis.com\\\/ph\\\/#website\",\"url\":\"https:\\\/\\\/www.evialis.com\\\/ph\\\/\",\"name\":\"EVIALIS\",\"description\":\"Nourrir vos animaux et bien plus - Leader en nutrition animale\",\"potentialAction\":[{\"@type\":\"SearchAction\",\"target\":{\"@type\":\"EntryPoint\",\"urlTemplate\":\"https:\\\/\\\/www.evialis.com\\\/ph\\\/?s={search_term_string}\"},\"query-input\":{\"@type\":\"PropertyValueSpecification\",\"valueRequired\":true,\"valueName\":\"search_term_string\"}}],\"inLanguage\":\"en-GB\"}]}<\/script>\n<!-- \/ Yoast SEO plugin. -->","yoast_head_json":{"title":"T\u00e9moignage \u00e9leveurs bovins viande - Guillaume Halipre &#8226; EVIALIS","description":"S\u00e9lectionneur de p\u00e8re en fils, Monsieur HALIPRE travaille au quotidien pour am\u00e9liorer les performances de son troupeau.","robots":{"index":"index","follow":"follow","max-snippet":"max-snippet:-1","max-image-preview":"max-image-preview:large","max-video-preview":"max-video-preview:-1"},"canonical":"https:\/\/www.evialis.com\/ph\/temoignages\/guillaume-halipre\/","og_locale":"en_GB","og_type":"article","og_title":"T\u00e9moignage \u00e9leveurs bovins viande - Guillaume Halipre &#8226; EVIALIS","og_description":"S\u00e9lectionneur de p\u00e8re en fils, Monsieur HALIPRE travaille au quotidien pour am\u00e9liorer les performances de son troupeau.","og_url":"https:\/\/www.evialis.com\/ph\/temoignages\/guillaume-halipre\/","og_site_name":"EVIALIS","article_modified_time":"2021-07-26T09:55:05+00:00","og_image":[{"width":2048,"height":1371,"url":"https:\/\/www.evialis.com\/wp-content\/uploads\/2021\/03\/DSC03338-scaled.jpg","type":"image\/jpeg"}],"twitter_card":"summary_large_image","twitter_misc":{"Estimated reading time":"3 minutes"},"schema":{"@context":"https:\/\/schema.org","@graph":[{"@type":"WebPage","@id":"https:\/\/www.evialis.com\/ph\/temoignages\/guillaume-halipre\/","url":"https:\/\/www.evialis.com\/ph\/temoignages\/guillaume-halipre\/","name":"T\u00e9moignage \u00e9leveurs bovins viande - Guillaume Halipre &#8226; EVIALIS","isPartOf":{"@id":"https:\/\/www.evialis.com\/ph\/#website"},"primaryImageOfPage":{"@id":"https:\/\/www.evialis.com\/ph\/temoignages\/guillaume-halipre\/#primaryimage"},"image":{"@id":"https:\/\/www.evialis.com\/ph\/temoignages\/guillaume-halipre\/#primaryimage"},"thumbnailUrl":"https:\/\/www.evialis.com\/wp-content\/uploads\/2021\/03\/DSC03338-scaled.jpg","datePublished":"2021-03-29T13:48:36+00:00","dateModified":"2021-07-26T09:55:05+00:00","description":"S\u00e9lectionneur de p\u00e8re en fils, Monsieur HALIPRE travaille au quotidien pour am\u00e9liorer les performances de son troupeau.","breadcrumb":{"@id":"https:\/\/www.evialis.com\/ph\/temoignages\/guillaume-halipre\/#breadcrumb"},"inLanguage":"en-GB","potentialAction":[{"@type":"ReadAction","target":["https:\/\/www.evialis.com\/ph\/temoignages\/guillaume-halipre\/"]}]},{"@type":"ImageObject","inLanguage":"en-GB","@id":"https:\/\/www.evialis.com\/ph\/temoignages\/guillaume-halipre\/#primaryimage","url":"https:\/\/www.evialis.com\/wp-content\/uploads\/2021\/03\/DSC03338-scaled.jpg","contentUrl":"https:\/\/www.evialis.com\/wp-content\/uploads\/2021\/03\/DSC03338-scaled.jpg","width":2048,"height":1371,"caption":"SONY DSC"},{"@type":"BreadcrumbList","@id":"https:\/\/www.evialis.com\/ph\/temoignages\/guillaume-halipre\/#breadcrumb","itemListElement":[{"@type":"ListItem","position":1,"name":"Home","item":"https:\/\/www.evialis.com\/ph\/"},{"@type":"ListItem","position":2,"name":"Testimonials","item":"https:\/\/www.evialis.com\/ph\/temoignages\/"},{"@type":"ListItem","position":3,"name":"Guillaume Halipre"}]},{"@type":"WebSite","@id":"https:\/\/www.evialis.com\/ph\/#website","url":"https:\/\/www.evialis.com\/ph\/","name":"EVIALIS","description":"Nourrir vos animaux et bien plus - Leader en nutrition animale","potentialAction":[{"@type":"SearchAction","target":{"@type":"EntryPoint","urlTemplate":"https:\/\/www.evialis.com\/ph\/?s={search_term_string}"},"query-input":{"@type":"PropertyValueSpecification","valueRequired":true,"valueName":"search_term_string"}}],"inLanguage":"en-GB"}]}},"_links":{"self":[{"href":"https:\/\/www.evialis.com\/ph\/wp-json\/wp\/v2\/temoignages\/2174","targetHints":{"allow":["GET"]}}],"collection":[{"href":"https:\/\/www.evialis.com\/ph\/wp-json\/wp\/v2\/temoignages"}],"about":[{"href":"https:\/\/www.evialis.com\/ph\/wp-json\/wp\/v2\/types\/temoignages"}],"wp:featuredmedia":[{"embeddable":true,"href":"https:\/\/www.evialis.com\/ph\/wp-json\/wp\/v2\/media\/4971"}],"wp:attachment":[{"href":"https:\/\/www.evialis.com\/ph\/wp-json\/wp\/v2\/media?parent=2174"}],"wp:term":[{"taxonomy":"especes","embeddable":true,"href":"https:\/\/www.evialis.com\/ph\/wp-json\/wp\/v2\/especes?post=2174"}],"curies":[{"name":"wp","href":"https:\/\/api.w.org\/{rel}","templated":true}]}}