{"id":2171,"date":"2021-03-29T13:48:36","date_gmt":"2021-03-29T13:48:36","guid":{"rendered":"https:\/\/evialis.drwp.fr\/temoignages\/jean-paul-reynaud\/"},"modified":"2021-07-26T10:02:35","modified_gmt":"2021-07-26T10:02:35","slug":"jean-paul-reynaud","status":"publish","type":"temoignages","link":"https:\/\/www.evialis.com\/ph\/temoignages\/jean-paul-reynaud\/","title":{"rendered":"Jean-Paul Reynaud"},"content":{"rendered":"\n<h2 class=\"wp-block-heading\"><strong>Le Champion de l\u2019agneau labellis\u00e9<\/strong><\/h2>\n\n\n\n<div style=\"height:15px\" aria-hidden=\"true\" class=\"wp-block-spacer\"><\/div>\n\n\n\n<p><strong>M. et Mme Reynaud sont \u00e9leveurs de brebis dans les Hautes-Alpes. Apr\u00e8s un incident qui a co\u00fbt\u00e9 la vie \u00e0 une cinquantaine de brebis, ils ont d\u00e9cid\u00e9 de se concentrer sur la qualit\u00e9 de leur troupeau et non la quantit\u00e9. Le Label Rouge r\u00e9gional leur permet de r\u00e9pondre \u00e0 ce gage de qualit\u00e9 et de valoriser au maximum les agneaux pour la commercialisation.<\/strong>&nbsp;<\/p>\n\n\n\n<p>L\u2019exploitation familiale compte aujourd\u2019hui <strong>330 brebis allaitantes en p\u00e2turage 6 mois dans l\u2019ann\u00e9e. <\/strong>Cela n\u2019a pas \u00e9t\u00e9 toujours le cas, il y a quelques ann\u00e9es, on ne comptait pas moins de 450 brebis dans l\u2019\u00e9levage. Cette soudaine baisse de l\u2019effectif\u00a0est due \u00e0 un \u00e9pisode tragique arriv\u00e9 en 2014. Les loups, fr\u00e9quents dans cette r\u00e9gion, ont attaqu\u00e9 le troupeau et tu\u00e9 54 m\u00e8res. Un coup dur pour les \u00e9leveurs qui avaient investi beaucoup de temps et d\u2019\u00e9nergie dans le\u00a0d\u00e9veloppement\u00a0de ce troupeau.\u00a0\u00a0<\/p>\n\n\n\n<p>A la suite de cet \u00e9v\u00e8nement, ils ont d\u00e9cid\u00e9 d\u2019<strong>arr\u00eater la pratique de la transhumance<\/strong>. Celle-ci leur permettait de migrer le b\u00e9tail entre les p\u00e2turages d\u2019hiver et les p\u00e2turages d\u2019\u00e9t\u00e9 et avait pour objectif l\u2019engraissement du troupeau mais aussi sa reproduction. En contrepartie, ils ont obtenu le <strong>Label Rouge r\u00e9gional : &#8220;L\u2019Agneau de Sisteron&#8221;<\/strong> qui t\u00e9moigne de la qualit\u00e9 du\u00a0troupeau.\u00a0<\/p>\n\n\n\n<h3 class=\"wp-block-heading\">Un programme alimentaire simple, efficace et \u00e9conomique<\/h3>\n\n\n\n<p>&#8220;L\u2019Agneau\u00a0de Sisteron&#8221; cumule \u00e0 la fois un cahier des charges <strong>LABEL ROUGE<\/strong>, ainsi qu\u2019une <strong>Indication G\u00e9ographique Prot\u00e9g\u00e9e (IGP)<\/strong>. Emilie ANTHOINE, technico-commerciale des ETS BORRELLY, s\u2019est charg\u00e9e de r\u00e9pondre\u00a0scrupuleusement\u00a0\u00e0 leurs attentes. A un mois d\u2019\u00e2ge, les agneaux sont nourris avec l\u2019aliment<strong> PATRILIS TRADI<\/strong>, \u00e0 volont\u00e9, en l\u2019associant avec de l\u2019<strong>eau, du foin et du sel<\/strong>. A 2,5 mois d\u2019\u00e2ge, les besoins nutritionnels de l\u2019agneau \u00e9voluent, un m\u00e9lange rationn\u00e9 de <strong>PATRILIS (65%) et d\u2019orge (35%)<\/strong> est alors distribu\u00e9.\u00a0<\/p>\n\n\n\n<blockquote class=\"wp-block-quote is-layout-flow wp-block-quote-is-layout-flow\"><p><strong><em>\u201cCe plan d\u2019alimentation est simple, \u00e9conomique et s\u00fbr\u201d<\/em><\/strong>&nbsp;<\/p><\/blockquote>\n\n\n\n<p>Ce programme alimentaire <strong>convient\u00a0parfaitement\u00a0\u00e0 une bergerie ne permettant pas de s\u00e9parer m\u00e2les et femelles et justifie une\u00a0valorisation\u00a0des c\u00e9r\u00e9ales en finition. <\/strong>Et les r\u00e9sultats sont l\u00e0 ! Une productivit\u00e9 num\u00e9rique \u00e9lev\u00e9e (127%) obtenue par une <strong>faible mortalit\u00e9<\/strong> (6% en moyenne). Le<strong> GMQ naissance\/abattage est sup\u00e9rieur \u00e0 la moyenne r\u00e9gionale<\/strong> avec 209g\/l sur l\u2019ensemble des m\u00e2les et femelles. Un syst\u00e8me qui leur permet de ma\u00eetriser les charges de l\u2019\u00e9levage et de <strong>maximiser le chiffre d\u2019affaires annuel.\u00a0<\/strong>\u00a0<\/p>\n\n\n\n<p>Aujourd\u2019hui, plus de<strong> 90% des agneaux sont labellis\u00e9s.<\/strong> Un succ\u00e8s pour la commercialisation des agneaux qui se d\u00e9roule de fin septembre \u00e0 d\u00e9but novembre lorsqu\u2019ils d\u00e9passent les 7e\/kg de carcasse. A l\u2019avenir, leur objectif est de <strong>gagner 0,5 kg de carcasse<\/strong>, notamment sur les agnelles, en jouant sur la vitesse au\u00a0d\u00e9marrage\u00a0des jeunes. Un essai sera probablement r\u00e9alis\u00e9 avec l\u2019aliment <a href=\"https:\/\/www.evialis.com\/aliments-ruminants\/agnolis-baby-nutrition-ovins-gamme-vision-aliment-demarrage\/\" target=\"_blank\" rel=\"noreferrer noopener\">AGNOLIS BABY <\/a>qui\u00a0correspond\u00a0\u00e0 ces crit\u00e8res.\u00a0<\/p>\n\n\n\n<div style=\"height:35px\" aria-hidden=\"true\" class=\"wp-block-spacer\"><\/div>\n\n\n\n<h3 class=\"wp-block-heading\">Le saviez-vous ?<\/h3>\n\n\n\n<div style=\"height:15px\" aria-hidden=\"true\" class=\"wp-block-spacer\"><\/div>\n\n\n\n<p>L&#8217;Agneau de Sisteron est \u00e0 nouveau rentr\u00e9 dans l&#8217;histoire durant l&#8217;\u00e9t\u00e9 2014. En effet, il a \u00e9t\u00e9 servi lors du d\u00eener d&#8217;Etat donn\u00e9 en l&#8217;honneur de la Reine Elizabeth II le 06 juin 2014 \u00e0 l&#8217;Elys\u00e9e, preuve encore une fois de <strong>sa grande notori\u00e9t\u00e9, et de sa grande qualit\u00e9 !\u00a0<\/strong><\/p>\n\n\n\n<div style=\"height:35px\" aria-hidden=\"true\" class=\"wp-block-spacer\"><\/div>\n\n\n\n<p class=\"has-text-align-right\"><strong>Jean-Louis COURTY, EVIALIS<\/strong>&nbsp;<\/p>\n","protected":false},"featured_media":5181,"parent":0,"template":"","especes":[45],"class_list":["post-2171","temoignages","type-temoignages","status-publish","has-post-thumbnail","hentry","especes-ovins"],"acf":[],"yoast_head":"<!-- This site is optimized with the Yoast SEO plugin v27.5 - https:\/\/yoast.com\/product\/yoast-seo-wordpress\/ -->\n<title>T\u00e9moignage \u00e9leveurs ovins - Jean-Paul Reynaud &#8226; EVIALIS<\/title>\n<meta name=\"description\" content=\"M. et Mme Reynaud sont \u00e9leveurs de brebis M\u00e9rinos crois\u00e9es Ile de France dans les Hautes-Alpes. D\u00e9couvrez leur t\u00e9moignage.\" \/>\n<meta name=\"robots\" content=\"index, follow, max-snippet:-1, max-image-preview:large, max-video-preview:-1\" \/>\n<link rel=\"canonical\" href=\"https:\/\/www.evialis.com\/ph\/temoignages\/jean-paul-reynaud\/\" \/>\n<meta property=\"og:locale\" content=\"en_GB\" \/>\n<meta property=\"og:type\" content=\"article\" \/>\n<meta property=\"og:title\" content=\"T\u00e9moignage \u00e9leveurs ovins - Jean-Paul Reynaud &#8226; EVIALIS\" \/>\n<meta property=\"og:description\" content=\"M. et Mme Reynaud sont \u00e9leveurs de brebis M\u00e9rinos crois\u00e9es Ile de France dans les Hautes-Alpes. D\u00e9couvrez leur t\u00e9moignage.\" \/>\n<meta property=\"og:url\" content=\"https:\/\/www.evialis.com\/ph\/temoignages\/jean-paul-reynaud\/\" \/>\n<meta property=\"og:site_name\" content=\"EVIALIS\" \/>\n<meta property=\"article:modified_time\" content=\"2021-07-26T10:02:35+00:00\" \/>\n<meta property=\"og:image\" content=\"https:\/\/www.evialis.com\/wp-content\/uploads\/2021\/03\/sheep-3263220_1920.jpg\" \/>\n\t<meta property=\"og:image:width\" content=\"1920\" \/>\n\t<meta property=\"og:image:height\" content=\"1199\" \/>\n\t<meta property=\"og:image:type\" content=\"image\/jpeg\" \/>\n<meta name=\"twitter:card\" content=\"summary_large_image\" \/>\n<meta name=\"twitter:label1\" content=\"Estimated reading time\" \/>\n\t<meta name=\"twitter:data1\" content=\"3 minutes\" \/>\n<script type=\"application\/ld+json\" class=\"yoast-schema-graph\">{\"@context\":\"https:\\\/\\\/schema.org\",\"@graph\":[{\"@type\":\"WebPage\",\"@id\":\"https:\\\/\\\/www.evialis.com\\\/ph\\\/temoignages\\\/jean-paul-reynaud\\\/\",\"url\":\"https:\\\/\\\/www.evialis.com\\\/ph\\\/temoignages\\\/jean-paul-reynaud\\\/\",\"name\":\"T\u00e9moignage \u00e9leveurs ovins - Jean-Paul Reynaud &#8226; EVIALIS\",\"isPartOf\":{\"@id\":\"https:\\\/\\\/www.evialis.com\\\/ph\\\/#website\"},\"primaryImageOfPage\":{\"@id\":\"https:\\\/\\\/www.evialis.com\\\/ph\\\/temoignages\\\/jean-paul-reynaud\\\/#primaryimage\"},\"image\":{\"@id\":\"https:\\\/\\\/www.evialis.com\\\/ph\\\/temoignages\\\/jean-paul-reynaud\\\/#primaryimage\"},\"thumbnailUrl\":\"https:\\\/\\\/www.evialis.com\\\/wp-content\\\/uploads\\\/2021\\\/03\\\/sheep-3263220_1920.jpg\",\"datePublished\":\"2021-03-29T13:48:36+00:00\",\"dateModified\":\"2021-07-26T10:02:35+00:00\",\"description\":\"M. et Mme Reynaud sont \u00e9leveurs de brebis M\u00e9rinos crois\u00e9es Ile de France dans les Hautes-Alpes. D\u00e9couvrez leur t\u00e9moignage.\",\"breadcrumb\":{\"@id\":\"https:\\\/\\\/www.evialis.com\\\/ph\\\/temoignages\\\/jean-paul-reynaud\\\/#breadcrumb\"},\"inLanguage\":\"en-GB\",\"potentialAction\":[{\"@type\":\"ReadAction\",\"target\":[\"https:\\\/\\\/www.evialis.com\\\/ph\\\/temoignages\\\/jean-paul-reynaud\\\/\"]}]},{\"@type\":\"ImageObject\",\"inLanguage\":\"en-GB\",\"@id\":\"https:\\\/\\\/www.evialis.com\\\/ph\\\/temoignages\\\/jean-paul-reynaud\\\/#primaryimage\",\"url\":\"https:\\\/\\\/www.evialis.com\\\/wp-content\\\/uploads\\\/2021\\\/03\\\/sheep-3263220_1920.jpg\",\"contentUrl\":\"https:\\\/\\\/www.evialis.com\\\/wp-content\\\/uploads\\\/2021\\\/03\\\/sheep-3263220_1920.jpg\",\"width\":1920,\"height\":1199},{\"@type\":\"BreadcrumbList\",\"@id\":\"https:\\\/\\\/www.evialis.com\\\/ph\\\/temoignages\\\/jean-paul-reynaud\\\/#breadcrumb\",\"itemListElement\":[{\"@type\":\"ListItem\",\"position\":1,\"name\":\"Home\",\"item\":\"https:\\\/\\\/www.evialis.com\\\/ph\\\/\"},{\"@type\":\"ListItem\",\"position\":2,\"name\":\"Testimonials\",\"item\":\"https:\\\/\\\/www.evialis.com\\\/ph\\\/temoignages\\\/\"},{\"@type\":\"ListItem\",\"position\":3,\"name\":\"Jean-Paul Reynaud\"}]},{\"@type\":\"WebSite\",\"@id\":\"https:\\\/\\\/www.evialis.com\\\/ph\\\/#website\",\"url\":\"https:\\\/\\\/www.evialis.com\\\/ph\\\/\",\"name\":\"EVIALIS\",\"description\":\"Nourrir vos animaux et bien plus - Leader en nutrition animale\",\"potentialAction\":[{\"@type\":\"SearchAction\",\"target\":{\"@type\":\"EntryPoint\",\"urlTemplate\":\"https:\\\/\\\/www.evialis.com\\\/ph\\\/?s={search_term_string}\"},\"query-input\":{\"@type\":\"PropertyValueSpecification\",\"valueRequired\":true,\"valueName\":\"search_term_string\"}}],\"inLanguage\":\"en-GB\"}]}<\/script>\n<!-- \/ Yoast SEO plugin. -->","yoast_head_json":{"title":"T\u00e9moignage \u00e9leveurs ovins - Jean-Paul Reynaud &#8226; EVIALIS","description":"M. et Mme Reynaud sont \u00e9leveurs de brebis M\u00e9rinos crois\u00e9es Ile de France dans les Hautes-Alpes. D\u00e9couvrez leur t\u00e9moignage.","robots":{"index":"index","follow":"follow","max-snippet":"max-snippet:-1","max-image-preview":"max-image-preview:large","max-video-preview":"max-video-preview:-1"},"canonical":"https:\/\/www.evialis.com\/ph\/temoignages\/jean-paul-reynaud\/","og_locale":"en_GB","og_type":"article","og_title":"T\u00e9moignage \u00e9leveurs ovins - Jean-Paul Reynaud &#8226; EVIALIS","og_description":"M. et Mme Reynaud sont \u00e9leveurs de brebis M\u00e9rinos crois\u00e9es Ile de France dans les Hautes-Alpes. D\u00e9couvrez leur t\u00e9moignage.","og_url":"https:\/\/www.evialis.com\/ph\/temoignages\/jean-paul-reynaud\/","og_site_name":"EVIALIS","article_modified_time":"2021-07-26T10:02:35+00:00","og_image":[{"width":1920,"height":1199,"url":"https:\/\/www.evialis.com\/wp-content\/uploads\/2021\/03\/sheep-3263220_1920.jpg","type":"image\/jpeg"}],"twitter_card":"summary_large_image","twitter_misc":{"Estimated reading time":"3 minutes"},"schema":{"@context":"https:\/\/schema.org","@graph":[{"@type":"WebPage","@id":"https:\/\/www.evialis.com\/ph\/temoignages\/jean-paul-reynaud\/","url":"https:\/\/www.evialis.com\/ph\/temoignages\/jean-paul-reynaud\/","name":"T\u00e9moignage \u00e9leveurs ovins - Jean-Paul Reynaud &#8226; EVIALIS","isPartOf":{"@id":"https:\/\/www.evialis.com\/ph\/#website"},"primaryImageOfPage":{"@id":"https:\/\/www.evialis.com\/ph\/temoignages\/jean-paul-reynaud\/#primaryimage"},"image":{"@id":"https:\/\/www.evialis.com\/ph\/temoignages\/jean-paul-reynaud\/#primaryimage"},"thumbnailUrl":"https:\/\/www.evialis.com\/wp-content\/uploads\/2021\/03\/sheep-3263220_1920.jpg","datePublished":"2021-03-29T13:48:36+00:00","dateModified":"2021-07-26T10:02:35+00:00","description":"M. et Mme Reynaud sont \u00e9leveurs de brebis M\u00e9rinos crois\u00e9es Ile de France dans les Hautes-Alpes. D\u00e9couvrez leur t\u00e9moignage.","breadcrumb":{"@id":"https:\/\/www.evialis.com\/ph\/temoignages\/jean-paul-reynaud\/#breadcrumb"},"inLanguage":"en-GB","potentialAction":[{"@type":"ReadAction","target":["https:\/\/www.evialis.com\/ph\/temoignages\/jean-paul-reynaud\/"]}]},{"@type":"ImageObject","inLanguage":"en-GB","@id":"https:\/\/www.evialis.com\/ph\/temoignages\/jean-paul-reynaud\/#primaryimage","url":"https:\/\/www.evialis.com\/wp-content\/uploads\/2021\/03\/sheep-3263220_1920.jpg","contentUrl":"https:\/\/www.evialis.com\/wp-content\/uploads\/2021\/03\/sheep-3263220_1920.jpg","width":1920,"height":1199},{"@type":"BreadcrumbList","@id":"https:\/\/www.evialis.com\/ph\/temoignages\/jean-paul-reynaud\/#breadcrumb","itemListElement":[{"@type":"ListItem","position":1,"name":"Home","item":"https:\/\/www.evialis.com\/ph\/"},{"@type":"ListItem","position":2,"name":"Testimonials","item":"https:\/\/www.evialis.com\/ph\/temoignages\/"},{"@type":"ListItem","position":3,"name":"Jean-Paul Reynaud"}]},{"@type":"WebSite","@id":"https:\/\/www.evialis.com\/ph\/#website","url":"https:\/\/www.evialis.com\/ph\/","name":"EVIALIS","description":"Nourrir vos animaux et bien plus - Leader en nutrition animale","potentialAction":[{"@type":"SearchAction","target":{"@type":"EntryPoint","urlTemplate":"https:\/\/www.evialis.com\/ph\/?s={search_term_string}"},"query-input":{"@type":"PropertyValueSpecification","valueRequired":true,"valueName":"search_term_string"}}],"inLanguage":"en-GB"}]}},"_links":{"self":[{"href":"https:\/\/www.evialis.com\/ph\/wp-json\/wp\/v2\/temoignages\/2171","targetHints":{"allow":["GET"]}}],"collection":[{"href":"https:\/\/www.evialis.com\/ph\/wp-json\/wp\/v2\/temoignages"}],"about":[{"href":"https:\/\/www.evialis.com\/ph\/wp-json\/wp\/v2\/types\/temoignages"}],"wp:featuredmedia":[{"embeddable":true,"href":"https:\/\/www.evialis.com\/ph\/wp-json\/wp\/v2\/media\/5181"}],"wp:attachment":[{"href":"https:\/\/www.evialis.com\/ph\/wp-json\/wp\/v2\/media?parent=2171"}],"wp:term":[{"taxonomy":"especes","embeddable":true,"href":"https:\/\/www.evialis.com\/ph\/wp-json\/wp\/v2\/especes?post=2171"}],"curies":[{"name":"wp","href":"https:\/\/api.w.org\/{rel}","templated":true}]}}