{"id":2162,"date":"2021-03-29T13:47:56","date_gmt":"2021-03-29T13:47:56","guid":{"rendered":"https:\/\/evialis.drwp.fr\/temoignages\/philippe-foucret\/"},"modified":"2021-06-09T08:48:49","modified_gmt":"2021-06-09T08:48:49","slug":"philippe-foucret","status":"publish","type":"temoignages","link":"https:\/\/www.evialis.com\/ph\/temoignages\/philippe-foucret\/","title":{"rendered":"Philippe Foucret"},"content":{"rendered":"\n<h2 class=\"wp-block-heading\"><strong><strong>Changement&nbsp;de cap<\/strong><\/strong><\/h2>\n\n\n\n<div style=\"height:15px\" aria-hidden=\"true\" class=\"wp-block-spacer\"><\/div>\n\n\n\n<p><strong>Philippe a repris la ferme familiale en 2001 apr\u00e8s avoir pass\u00e9 8 ans en tant que comptable au CER de l\u2019Indre. Il s\u2019est install\u00e9 pour un besoin personnel d\u2019ind\u00e9pendance. Pour l&#8217;accompagner, il s\u2019appuie sur l\u2019aide d\u2019un apprenti qu\u2019il forme chaque ann\u00e9e et de ses parents qui ne sont jamais tr\u00e8s loin\u2026<\/strong>&nbsp;<\/p>\n\n\n\n<div style=\"height:15px\" aria-hidden=\"true\" class=\"wp-block-spacer\"><\/div>\n\n\n\n<p>Situ\u00e9 au c\u0153ur de la campagne Berrichonne en pleine zone&nbsp;c\u00e9r\u00e9ali\u00e8re&nbsp;sur des terres argilo-calcaires, Philippe travaille avec EVIALIS depuis 8 ans. Avec l\u2019aide de son technicien, Jean-Robert BOIREAU, il a pu&nbsp;progresser&nbsp;techniquement pour atteindre une production d\u2019environ 10000 litres de lait par vache. Aujourd\u2019hui, l\u2019objectif de l\u2019exploitation est de rester autour des 10000 litres de lait et d\u2019am\u00e9liorer les leviers sans trop compliquer le&nbsp;syst\u00e8me.<\/p>\n\n\n\n<div style=\"height:30px\" aria-hidden=\"true\" class=\"wp-block-spacer\"><\/div>\n\n\n\n<h3 class=\"wp-block-heading\">AZOLIS XTREM, un aliment simple et efficace<\/h3>\n\n\n\n<div style=\"height:15px\" aria-hidden=\"true\" class=\"wp-block-spacer\"><\/div>\n\n\n\n<p>Ici, la ration est simple. Elle est distribu\u00e9e \u00e0 la m\u00e9langeuse en ration quasi-compl\u00e8te. Le choix d\u2019AZOLIS XTREM (3,5kg\/jour) a \u00e9t\u00e9 fait pour apporter \u00e0 la fois de l\u2019azote soluble et des PDIA, afin d\u2019optimiser la production. Seules quelques vaches en d\u00e9but de lactation ont des compl\u00e9ments individuels.&nbsp;<\/p>\n\n\n\n<p>L\u2019utilisation d\u2019AZOLIS XTREM a apport\u00e9 les r\u00e9ponses techniques attendues : 10000 litres de lait\/vache, 42 de TB, 33 de TP sur toute l\u2019ann\u00e9e, pas ou peu de cellules, pas de grippe, une tr\u00e8s bonne couverture immunitaire et pas de maladies m\u00e9taboliques. Avec l\u2019AZOLIS XTREM, correcteur azot\u00e9 issu de la R&amp;D EVIALIS, c\u2019est plus de performance gr\u00e2ce \u00e0 une am\u00e9lioration de la valorisation de la prot\u00e9ine apport\u00e9e. La formulation originale sur les acides amin\u00e9es limitants optimise les gains et limite les pertes (rejets dans l\u2019urine). Bref, la simplicit\u00e9 et l\u2019efficacit\u00e9 sont aux rendez-vous.&nbsp;<\/p>\n\n\n\n<div style=\"height:35px\" aria-hidden=\"true\" class=\"wp-block-spacer\"><\/div>\n\n\n\n<h3 class=\"wp-block-heading\">L&#8217;expertise EVIALIS<\/h3>\n\n\n\n<div style=\"height:15px\" aria-hidden=\"true\" class=\"wp-block-spacer\"><\/div>\n\n\n\n<blockquote class=\"wp-block-quote is-layout-flow wp-block-quote-is-layout-flow\"><p><strong><em>\u201cJ\u2019ai choisi EVIALIS parce que j\u2019ai confiance en mon technicien qui sait m\u2019\u00e9couter et me conseiller au quotidien.\u201d<\/em><\/strong>&nbsp;<\/p><\/blockquote>\n\n\n\n<p>La praticit\u00e9 des aliments et la qualit\u00e9 des produits utilis\u00e9s ont \u00e9galement s\u00e9duit l\u2019agriculteur&nbsp;qui a toute confiance envers la marque EVIALIS. De plus, l\u2019\u00e9leveur appr\u00e9cie le suivi technique de proximit\u00e9 assur\u00e9 par son&nbsp;technico-commercial&nbsp;toujours disponible et \u00e0 l\u2019aff\u00fbt des nouveaut\u00e9s.&nbsp;<\/p>\n\n\n\n<p>Philippe&nbsp;utilise aussi en pr\u00e9ventif des cures de PHYTO STAR AERO depuis plusieurs ann\u00e9es d\u00e8s que les premiers froids arrivent. Mais dor\u00e9navant, tous les mois, ce produit sera donn\u00e9 pendant 4 jours \u00e0 raison de 100g\/jour pour \u00e9viter les probl\u00e8mes de grippe et apporter un maximum d\u2019immunit\u00e9 aupr\u00e8s des vaches&nbsp;laiti\u00e8res.&nbsp;<\/p>\n\n\n\n<h3 class=\"wp-block-heading\">Et pour la suite ?<\/h3>\n\n\n\n<p>En ce qui concerne l\u2019avenir, Philippe modernise son outil de production. Il construit actuellement&nbsp;une nouvelle salle de traite en 2&#215;10 et se positionne pour \u00eatre l&#8217;\u00e9leveur de demain. D\u2019un point de vue nutritionnel, Philippe souhaite aussi avancer techniquement. Il va int\u00e9grer des levures (NUTRILEVURE) afin d\u2019optimiser la digestibilit\u00e9 de la ration de ses&nbsp;animaux.&nbsp;<\/p>\n\n\n\n<p>Et pour plus tard, la rel\u00e8ve est assur\u00e9e,&nbsp;l\u2019outil pourra \u00eatre transmis \u00e0 son fils passionn\u00e9&nbsp;d\u2019\u00e9levage comme ses parents !&nbsp;&nbsp;<\/p>\n\n\n\n<div style=\"height:35px\" aria-hidden=\"true\" class=\"wp-block-spacer\"><\/div>\n\n\n\n<p class=\"has-text-align-right\"><br><strong>Jean-Louis COURTY, EVIALIS<\/strong>&nbsp;<\/p>\n","protected":false},"featured_media":5183,"parent":0,"template":"","especes":[40],"class_list":["post-2162","temoignages","type-temoignages","status-publish","has-post-thumbnail","hentry","especes-vaches-laitieres"],"acf":[],"yoast_head":"<!-- This site is optimized with the Yoast SEO plugin v27.5 - https:\/\/yoast.com\/product\/yoast-seo-wordpress\/ -->\n<title>T\u00e9moignage \u00e9leveurs vaches laiti\u00e8res - Philippe Foucret &#8226; EVIALIS<\/title>\n<meta name=\"description\" content=\"Philippe a repris la ferme familiale en 2001 apr\u00e8s avoir pass\u00e9 8 ans en tant que comptable au CER de l\u2019Indre. D\u00e9couvrez son t\u00e9moignage.\" \/>\n<meta name=\"robots\" content=\"index, follow, max-snippet:-1, max-image-preview:large, max-video-preview:-1\" \/>\n<link rel=\"canonical\" href=\"https:\/\/www.evialis.com\/ph\/temoignages\/philippe-foucret\/\" \/>\n<meta property=\"og:locale\" content=\"en_GB\" \/>\n<meta property=\"og:type\" content=\"article\" \/>\n<meta property=\"og:title\" content=\"T\u00e9moignage \u00e9leveurs vaches laiti\u00e8res - Philippe Foucret &#8226; EVIALIS\" \/>\n<meta property=\"og:description\" content=\"Philippe a repris la ferme familiale en 2001 apr\u00e8s avoir pass\u00e9 8 ans en tant que comptable au CER de l\u2019Indre. D\u00e9couvrez son t\u00e9moignage.\" \/>\n<meta property=\"og:url\" content=\"https:\/\/www.evialis.com\/ph\/temoignages\/philippe-foucret\/\" \/>\n<meta property=\"og:site_name\" content=\"EVIALIS\" \/>\n<meta property=\"article:modified_time\" content=\"2021-06-09T08:48:49+00:00\" \/>\n<meta property=\"og:image\" content=\"https:\/\/www.evialis.com\/wp-content\/uploads\/2021\/03\/holstein-cattle-2318436_1920.jpg\" \/>\n\t<meta property=\"og:image:width\" content=\"1920\" \/>\n\t<meta property=\"og:image:height\" content=\"1061\" \/>\n\t<meta property=\"og:image:type\" content=\"image\/jpeg\" \/>\n<meta name=\"twitter:card\" content=\"summary_large_image\" \/>\n<meta name=\"twitter:label1\" content=\"Estimated reading time\" \/>\n\t<meta name=\"twitter:data1\" content=\"2 minutes\" \/>\n<script type=\"application\/ld+json\" class=\"yoast-schema-graph\">{\"@context\":\"https:\\\/\\\/schema.org\",\"@graph\":[{\"@type\":\"WebPage\",\"@id\":\"https:\\\/\\\/www.evialis.com\\\/ph\\\/temoignages\\\/philippe-foucret\\\/\",\"url\":\"https:\\\/\\\/www.evialis.com\\\/ph\\\/temoignages\\\/philippe-foucret\\\/\",\"name\":\"T\u00e9moignage \u00e9leveurs vaches laiti\u00e8res - Philippe Foucret &#8226; EVIALIS\",\"isPartOf\":{\"@id\":\"https:\\\/\\\/www.evialis.com\\\/ph\\\/#website\"},\"primaryImageOfPage\":{\"@id\":\"https:\\\/\\\/www.evialis.com\\\/ph\\\/temoignages\\\/philippe-foucret\\\/#primaryimage\"},\"image\":{\"@id\":\"https:\\\/\\\/www.evialis.com\\\/ph\\\/temoignages\\\/philippe-foucret\\\/#primaryimage\"},\"thumbnailUrl\":\"https:\\\/\\\/www.evialis.com\\\/wp-content\\\/uploads\\\/2021\\\/03\\\/holstein-cattle-2318436_1920.jpg\",\"datePublished\":\"2021-03-29T13:47:56+00:00\",\"dateModified\":\"2021-06-09T08:48:49+00:00\",\"description\":\"Philippe a repris la ferme familiale en 2001 apr\u00e8s avoir pass\u00e9 8 ans en tant que comptable au CER de l\u2019Indre. D\u00e9couvrez son t\u00e9moignage.\",\"breadcrumb\":{\"@id\":\"https:\\\/\\\/www.evialis.com\\\/ph\\\/temoignages\\\/philippe-foucret\\\/#breadcrumb\"},\"inLanguage\":\"en-GB\",\"potentialAction\":[{\"@type\":\"ReadAction\",\"target\":[\"https:\\\/\\\/www.evialis.com\\\/ph\\\/temoignages\\\/philippe-foucret\\\/\"]}]},{\"@type\":\"ImageObject\",\"inLanguage\":\"en-GB\",\"@id\":\"https:\\\/\\\/www.evialis.com\\\/ph\\\/temoignages\\\/philippe-foucret\\\/#primaryimage\",\"url\":\"https:\\\/\\\/www.evialis.com\\\/wp-content\\\/uploads\\\/2021\\\/03\\\/holstein-cattle-2318436_1920.jpg\",\"contentUrl\":\"https:\\\/\\\/www.evialis.com\\\/wp-content\\\/uploads\\\/2021\\\/03\\\/holstein-cattle-2318436_1920.jpg\",\"width\":1920,\"height\":1061},{\"@type\":\"BreadcrumbList\",\"@id\":\"https:\\\/\\\/www.evialis.com\\\/ph\\\/temoignages\\\/philippe-foucret\\\/#breadcrumb\",\"itemListElement\":[{\"@type\":\"ListItem\",\"position\":1,\"name\":\"Home\",\"item\":\"https:\\\/\\\/www.evialis.com\\\/ph\\\/\"},{\"@type\":\"ListItem\",\"position\":2,\"name\":\"Testimonials\",\"item\":\"https:\\\/\\\/www.evialis.com\\\/ph\\\/temoignages\\\/\"},{\"@type\":\"ListItem\",\"position\":3,\"name\":\"Philippe Foucret\"}]},{\"@type\":\"WebSite\",\"@id\":\"https:\\\/\\\/www.evialis.com\\\/ph\\\/#website\",\"url\":\"https:\\\/\\\/www.evialis.com\\\/ph\\\/\",\"name\":\"EVIALIS\",\"description\":\"Nourrir vos animaux et bien plus - Leader en nutrition animale\",\"potentialAction\":[{\"@type\":\"SearchAction\",\"target\":{\"@type\":\"EntryPoint\",\"urlTemplate\":\"https:\\\/\\\/www.evialis.com\\\/ph\\\/?s={search_term_string}\"},\"query-input\":{\"@type\":\"PropertyValueSpecification\",\"valueRequired\":true,\"valueName\":\"search_term_string\"}}],\"inLanguage\":\"en-GB\"}]}<\/script>\n<!-- \/ Yoast SEO plugin. -->","yoast_head_json":{"title":"T\u00e9moignage \u00e9leveurs vaches laiti\u00e8res - Philippe Foucret &#8226; EVIALIS","description":"Philippe a repris la ferme familiale en 2001 apr\u00e8s avoir pass\u00e9 8 ans en tant que comptable au CER de l\u2019Indre. D\u00e9couvrez son t\u00e9moignage.","robots":{"index":"index","follow":"follow","max-snippet":"max-snippet:-1","max-image-preview":"max-image-preview:large","max-video-preview":"max-video-preview:-1"},"canonical":"https:\/\/www.evialis.com\/ph\/temoignages\/philippe-foucret\/","og_locale":"en_GB","og_type":"article","og_title":"T\u00e9moignage \u00e9leveurs vaches laiti\u00e8res - Philippe Foucret &#8226; EVIALIS","og_description":"Philippe a repris la ferme familiale en 2001 apr\u00e8s avoir pass\u00e9 8 ans en tant que comptable au CER de l\u2019Indre. D\u00e9couvrez son t\u00e9moignage.","og_url":"https:\/\/www.evialis.com\/ph\/temoignages\/philippe-foucret\/","og_site_name":"EVIALIS","article_modified_time":"2021-06-09T08:48:49+00:00","og_image":[{"width":1920,"height":1061,"url":"https:\/\/www.evialis.com\/wp-content\/uploads\/2021\/03\/holstein-cattle-2318436_1920.jpg","type":"image\/jpeg"}],"twitter_card":"summary_large_image","twitter_misc":{"Estimated reading time":"2 minutes"},"schema":{"@context":"https:\/\/schema.org","@graph":[{"@type":"WebPage","@id":"https:\/\/www.evialis.com\/ph\/temoignages\/philippe-foucret\/","url":"https:\/\/www.evialis.com\/ph\/temoignages\/philippe-foucret\/","name":"T\u00e9moignage \u00e9leveurs vaches laiti\u00e8res - Philippe Foucret &#8226; EVIALIS","isPartOf":{"@id":"https:\/\/www.evialis.com\/ph\/#website"},"primaryImageOfPage":{"@id":"https:\/\/www.evialis.com\/ph\/temoignages\/philippe-foucret\/#primaryimage"},"image":{"@id":"https:\/\/www.evialis.com\/ph\/temoignages\/philippe-foucret\/#primaryimage"},"thumbnailUrl":"https:\/\/www.evialis.com\/wp-content\/uploads\/2021\/03\/holstein-cattle-2318436_1920.jpg","datePublished":"2021-03-29T13:47:56+00:00","dateModified":"2021-06-09T08:48:49+00:00","description":"Philippe a repris la ferme familiale en 2001 apr\u00e8s avoir pass\u00e9 8 ans en tant que comptable au CER de l\u2019Indre. D\u00e9couvrez son t\u00e9moignage.","breadcrumb":{"@id":"https:\/\/www.evialis.com\/ph\/temoignages\/philippe-foucret\/#breadcrumb"},"inLanguage":"en-GB","potentialAction":[{"@type":"ReadAction","target":["https:\/\/www.evialis.com\/ph\/temoignages\/philippe-foucret\/"]}]},{"@type":"ImageObject","inLanguage":"en-GB","@id":"https:\/\/www.evialis.com\/ph\/temoignages\/philippe-foucret\/#primaryimage","url":"https:\/\/www.evialis.com\/wp-content\/uploads\/2021\/03\/holstein-cattle-2318436_1920.jpg","contentUrl":"https:\/\/www.evialis.com\/wp-content\/uploads\/2021\/03\/holstein-cattle-2318436_1920.jpg","width":1920,"height":1061},{"@type":"BreadcrumbList","@id":"https:\/\/www.evialis.com\/ph\/temoignages\/philippe-foucret\/#breadcrumb","itemListElement":[{"@type":"ListItem","position":1,"name":"Home","item":"https:\/\/www.evialis.com\/ph\/"},{"@type":"ListItem","position":2,"name":"Testimonials","item":"https:\/\/www.evialis.com\/ph\/temoignages\/"},{"@type":"ListItem","position":3,"name":"Philippe Foucret"}]},{"@type":"WebSite","@id":"https:\/\/www.evialis.com\/ph\/#website","url":"https:\/\/www.evialis.com\/ph\/","name":"EVIALIS","description":"Nourrir vos animaux et bien plus - Leader en nutrition animale","potentialAction":[{"@type":"SearchAction","target":{"@type":"EntryPoint","urlTemplate":"https:\/\/www.evialis.com\/ph\/?s={search_term_string}"},"query-input":{"@type":"PropertyValueSpecification","valueRequired":true,"valueName":"search_term_string"}}],"inLanguage":"en-GB"}]}},"_links":{"self":[{"href":"https:\/\/www.evialis.com\/ph\/wp-json\/wp\/v2\/temoignages\/2162","targetHints":{"allow":["GET"]}}],"collection":[{"href":"https:\/\/www.evialis.com\/ph\/wp-json\/wp\/v2\/temoignages"}],"about":[{"href":"https:\/\/www.evialis.com\/ph\/wp-json\/wp\/v2\/types\/temoignages"}],"wp:featuredmedia":[{"embeddable":true,"href":"https:\/\/www.evialis.com\/ph\/wp-json\/wp\/v2\/media\/5183"}],"wp:attachment":[{"href":"https:\/\/www.evialis.com\/ph\/wp-json\/wp\/v2\/media?parent=2162"}],"wp:term":[{"taxonomy":"especes","embeddable":true,"href":"https:\/\/www.evialis.com\/ph\/wp-json\/wp\/v2\/especes?post=2162"}],"curies":[{"name":"wp","href":"https:\/\/api.w.org\/{rel}","templated":true}]}}