{"id":2160,"date":"2021-03-29T13:47:56","date_gmt":"2021-03-29T13:47:56","guid":{"rendered":"https:\/\/evialis.drwp.fr\/temoignages\/francis-gaillac\/"},"modified":"2021-06-08T13:27:18","modified_gmt":"2021-06-08T13:27:18","slug":"francis-gaillac","status":"publish","type":"temoignages","link":"https:\/\/www.evialis.com\/ph\/temoignages\/francis-gaillac\/","title":{"rendered":"Francis Gaillac"},"content":{"rendered":"\n<h2 class=\"wp-block-heading\"><strong>Un \u00e9leveur \u00e0 la pointe<\/strong><\/h2>\n\n\n\n<div style=\"height:15px\" aria-hidden=\"true\" class=\"wp-block-spacer\"><\/div>\n\n\n\n<p><strong>Francis Gaillac travaille l\u2019alimentation du troupeau avec l\u2019appui de David Molinier, TC EVIALIS&nbsp;Solevial, et est approvisionn\u00e9 par les Ets&nbsp;Doumerg, distributeur EVIALIS \u00e0 Albi (81).Il&nbsp;est anim\u00e9 au quotidien par 3 enjeux majeurs : la qualit\u00e9 de la g\u00e9n\u00e9tique, la propret\u00e9 des&nbsp;installations et le bien-\u00eatre de ses animaux.&nbsp;<\/strong><\/p>\n\n\n\n<div style=\"height:35px\" aria-hidden=\"true\" class=\"wp-block-spacer\"><\/div>\n\n\n\n<h3 class=\"wp-block-heading\">Sant\u00e9<\/h3>\n\n\n\n<div style=\"height:15px\" aria-hidden=\"true\" class=\"wp-block-spacer\"><\/div>\n\n\n\n<p><strong>La g\u00e9n\u00e9tique<\/strong> est le premier point sur lequel M. Gaillac est intransigeant. Ses g\u00e9nisses proviennent de la station raciale de Casteljaloux, 100% des femelles sont ins\u00e9min\u00e9es, avec \u00e9chographie syst\u00e9matique \u00e0 40 jours. Une attention particuli\u00e8re est port\u00e9e \u00e0 la sant\u00e9 des vaches. Plut\u00f4t que d\u2019investir dans la vaccination, M. Gaillac applique un <strong>programme alimentaire azot\u00e9 et min\u00e9ral<\/strong> \u00e0 la fois simple et rigoureux. Il distribue <strong>0,7 kg\/j d\u2019AZOLIS CLASSIC et 90 g\/j de min\u00e9ral PRIM\u2019OLIGO AO <\/strong>d\u2019octobre \u00e0 avril. Il apporte ensuite au p\u00e2turage les seaux <strong>STAR BLOC OLIGO\u2019STIM<\/strong> livr\u00e9 par le distributeur Ets Doumerg.<\/p>\n\n\n\n<div style=\"height:35px\" aria-hidden=\"true\" class=\"wp-block-spacer\"><\/div>\n\n\n\n<h3 class=\"wp-block-heading\">Confort<\/h3>\n\n\n\n<div style=\"height:15px\" aria-hidden=\"true\" class=\"wp-block-spacer\"><\/div>\n\n\n\n<blockquote class=\"wp-block-quote is-layout-flow wp-block-quote-is-layout-flow\"><p><strong><em>\u201cL\u2019autre sp\u00e9cificit\u00e9 de l\u2019\u00e9levage porte sur la brumisation, destin\u00e9e au confort de tous.\u201d&nbsp;<\/em><\/strong><\/p><\/blockquote>\n\n\n\n<div style=\"height:15px\" aria-hidden=\"true\" class=\"wp-block-spacer\"><\/div>\n\n\n\n<p>Le <strong>brumisateur <\/strong>de 40 m\u00e8tres, plac\u00e9 le long des cases \u00e0 veaux, a repr\u00e9sent\u00e9 un investissement de 7 000 \u20ac, auquel s\u2019ajoute les 240 \u20ac annuels de consommables.&nbsp;<strong>Les v\u00ealages ayant lieu toute l\u2019ann\u00e9e, <\/strong>il en r\u00e9sulte une<strong> brumisation permanente des cases, <\/strong>tant pour<strong> \u00e9viter les exc\u00e8s de temp\u00e9rature et de poussi\u00e8res que pour assainir l\u2019air respir\u00e9. <\/strong>Les r\u00e9sultats constat\u00e9s \u00e9tant une <strong>r\u00e9duction de temp\u00e9rature estivale de 6 \u00b0C,<\/strong> <strong>un excellent confort respiratoire en hiver<\/strong>, confort\u00e9 d\u2019un ajout d\u2019huiles essentielles \u00e0 base d\u2019eucalyptus et enfin, une forte<strong> r\u00e9duction du nombre de mouches.<\/strong><\/p>\n\n\n\n<div style=\"height:35px\" aria-hidden=\"true\" class=\"wp-block-spacer\"><\/div>\n\n\n\n<h3 class=\"wp-block-heading\">Protection<\/h3>\n\n\n\n<div style=\"height:15px\" aria-hidden=\"true\" class=\"wp-block-spacer\"><\/div>\n\n\n\n<p>Un autre point de vigilance r\u00e9side en la <strong>d\u00e9sinfection des box de v\u00ealage et le nettoyage du cordon ombilical \u00e0 la naissance.<\/strong> Au d\u00e9marrage, la <strong>pr\u00e9vention respiratoire et digestive des jeunes veaux <\/strong>est s\u00e9curis\u00e9 par un <strong>apport de bassines min\u00e9rales STAR BLOC PHYTO-PULMOX.<\/strong> Les statistiques tenues depuis 20 ans, impressionnent, puisque sur 1 420 v\u00ealages cumul\u00e9s, on a d\u00e9nombr\u00e9 1 446 veaux n\u00e9s, soit une prolificit\u00e9 de 102 %. Et la <strong>succession d\u2019am\u00e9liorations a fait chuter la mortalit\u00e9 n\u00e9o-natale \u00e0 seulement 1,4 %, contre 4,5 % ant\u00e9rieurement<\/strong>. En r\u00e9sum\u00e9, l\u2019intervalle v\u00ealage-v\u00ealage est 370 jours, compar\u00e9s \u00e0 environ 400 jours pour la race blonde (1 mois de gagn\u00e9 sur l\u2019IVV !), et la <strong>perte annuelle est \u00e0 pr\u00e9sent inf\u00e9rieure \u00e0 2 veaux <\/strong>!&nbsp;<\/p>\n\n\n\n<div style=\"height:35px\" aria-hidden=\"true\" class=\"wp-block-spacer\"><\/div>\n\n\n\n<h3 class=\"wp-block-heading\"><strong>Calculons le gain \u00e9conomique sur le seul crit\u00e8re de la fertilit\u00e9 :<\/strong><\/h3>\n\n\n\n<div style=\"height:15px\" aria-hidden=\"true\" class=\"wp-block-spacer\"><\/div>\n\n\n\n<p>La d\u00e9pense alimentaire consistant en trois tonnes de <strong>correcteur AZOLIS<\/strong> et d\u2019une tonne de <strong>min\u00e9ral OSVIOR<\/strong> \u00e9quivaut \u00e0 43 \u20ac par vache. Le gain calcul\u00e9 sur la base d\u2019un mois d\u2019IVV \u00e9conomis\u00e9 pour 56 v\u00ealages repr\u00e9sente presque <strong>5 veaux gagn\u00e9s\/an, soit 6 200 \u20ac de vente suppl\u00e9mentaire<\/strong>. Par vache pr\u00e9sente, il s\u2019agit de 110 \u20ac de revenu suppl\u00e9mentaire. En r\u00e9sum\u00e9 : 43 \u20ac investis pour 110 \u20ac gagn\u00e9s, <strong>le b\u00e9n\u00e9fice de M. Gaillac est de 67 \u20ac\/vache, <\/strong>sans compter les gains annexes (frais v\u00e9t\u00e9rinaires, IA ,etc&nbsp;&#8230;)&nbsp;<\/p>\n\n\n\n<div style=\"height:35px\" aria-hidden=\"true\" class=\"wp-block-spacer\"><\/div>\n\n\n\n<p class=\"has-text-align-right\"><strong>Jean-Louis COURTY, EVIALIS<\/strong><\/p>\n","protected":false},"featured_media":5118,"parent":0,"template":"","especes":[55],"class_list":["post-2160","temoignages","type-temoignages","status-publish","has-post-thumbnail","hentry","especes-bovins-viande"],"acf":[],"yoast_head":"<!-- This site is optimized with the Yoast SEO plugin v27.5 - https:\/\/yoast.com\/product\/yoast-seo-wordpress\/ -->\n<title>T\u00e9moignage \u00e9leveurs bovins viande - Francis Gaillac &#8226; EVIALIS<\/title>\n<meta name=\"description\" content=\"M. Gaillac est anim\u00e9 au quotidien par 3 enjeux: la qualit\u00e9 de la g\u00e9n\u00e9tique, la propret\u00e9 des installations et le bien-\u00eatre de ses animaux.\" \/>\n<meta name=\"robots\" content=\"index, follow, max-snippet:-1, max-image-preview:large, max-video-preview:-1\" \/>\n<link rel=\"canonical\" href=\"https:\/\/www.evialis.com\/ph\/temoignages\/francis-gaillac\/\" \/>\n<meta property=\"og:locale\" content=\"en_GB\" \/>\n<meta property=\"og:type\" content=\"article\" \/>\n<meta property=\"og:title\" content=\"T\u00e9moignage \u00e9leveurs bovins viande - Francis Gaillac &#8226; EVIALIS\" \/>\n<meta property=\"og:description\" content=\"M. Gaillac est anim\u00e9 au quotidien par 3 enjeux: la qualit\u00e9 de la g\u00e9n\u00e9tique, la propret\u00e9 des installations et le bien-\u00eatre de ses animaux.\" \/>\n<meta property=\"og:url\" content=\"https:\/\/www.evialis.com\/ph\/temoignages\/francis-gaillac\/\" \/>\n<meta property=\"og:site_name\" content=\"EVIALIS\" \/>\n<meta property=\"article:modified_time\" content=\"2021-06-08T13:27:18+00:00\" \/>\n<meta property=\"og:image\" content=\"https:\/\/www.evialis.com\/wp-content\/uploads\/2021\/03\/AdobeStock_80583591-scaled.jpeg\" \/>\n\t<meta property=\"og:image:width\" content=\"1536\" \/>\n\t<meta property=\"og:image:height\" content=\"2048\" \/>\n\t<meta property=\"og:image:type\" content=\"image\/jpeg\" \/>\n<meta name=\"twitter:card\" content=\"summary_large_image\" \/>\n<meta name=\"twitter:label1\" content=\"Estimated reading time\" \/>\n\t<meta name=\"twitter:data1\" content=\"3 minutes\" \/>\n<script type=\"application\/ld+json\" class=\"yoast-schema-graph\">{\"@context\":\"https:\\\/\\\/schema.org\",\"@graph\":[{\"@type\":\"WebPage\",\"@id\":\"https:\\\/\\\/www.evialis.com\\\/ph\\\/temoignages\\\/francis-gaillac\\\/\",\"url\":\"https:\\\/\\\/www.evialis.com\\\/ph\\\/temoignages\\\/francis-gaillac\\\/\",\"name\":\"T\u00e9moignage \u00e9leveurs bovins viande - Francis Gaillac &#8226; EVIALIS\",\"isPartOf\":{\"@id\":\"https:\\\/\\\/www.evialis.com\\\/ph\\\/#website\"},\"primaryImageOfPage\":{\"@id\":\"https:\\\/\\\/www.evialis.com\\\/ph\\\/temoignages\\\/francis-gaillac\\\/#primaryimage\"},\"image\":{\"@id\":\"https:\\\/\\\/www.evialis.com\\\/ph\\\/temoignages\\\/francis-gaillac\\\/#primaryimage\"},\"thumbnailUrl\":\"https:\\\/\\\/www.evialis.com\\\/wp-content\\\/uploads\\\/2021\\\/03\\\/AdobeStock_80583591-scaled.jpeg\",\"datePublished\":\"2021-03-29T13:47:56+00:00\",\"dateModified\":\"2021-06-08T13:27:18+00:00\",\"description\":\"M. Gaillac est anim\u00e9 au quotidien par 3 enjeux: la qualit\u00e9 de la g\u00e9n\u00e9tique, la propret\u00e9 des installations et le bien-\u00eatre de ses animaux.\",\"breadcrumb\":{\"@id\":\"https:\\\/\\\/www.evialis.com\\\/ph\\\/temoignages\\\/francis-gaillac\\\/#breadcrumb\"},\"inLanguage\":\"en-GB\",\"potentialAction\":[{\"@type\":\"ReadAction\",\"target\":[\"https:\\\/\\\/www.evialis.com\\\/ph\\\/temoignages\\\/francis-gaillac\\\/\"]}]},{\"@type\":\"ImageObject\",\"inLanguage\":\"en-GB\",\"@id\":\"https:\\\/\\\/www.evialis.com\\\/ph\\\/temoignages\\\/francis-gaillac\\\/#primaryimage\",\"url\":\"https:\\\/\\\/www.evialis.com\\\/wp-content\\\/uploads\\\/2021\\\/03\\\/AdobeStock_80583591-scaled.jpeg\",\"contentUrl\":\"https:\\\/\\\/www.evialis.com\\\/wp-content\\\/uploads\\\/2021\\\/03\\\/AdobeStock_80583591-scaled.jpeg\",\"width\":1536,\"height\":2048},{\"@type\":\"BreadcrumbList\",\"@id\":\"https:\\\/\\\/www.evialis.com\\\/ph\\\/temoignages\\\/francis-gaillac\\\/#breadcrumb\",\"itemListElement\":[{\"@type\":\"ListItem\",\"position\":1,\"name\":\"Home\",\"item\":\"https:\\\/\\\/www.evialis.com\\\/ph\\\/\"},{\"@type\":\"ListItem\",\"position\":2,\"name\":\"Testimonials\",\"item\":\"https:\\\/\\\/www.evialis.com\\\/ph\\\/temoignages\\\/\"},{\"@type\":\"ListItem\",\"position\":3,\"name\":\"Francis Gaillac\"}]},{\"@type\":\"WebSite\",\"@id\":\"https:\\\/\\\/www.evialis.com\\\/ph\\\/#website\",\"url\":\"https:\\\/\\\/www.evialis.com\\\/ph\\\/\",\"name\":\"EVIALIS\",\"description\":\"Nourrir vos animaux et bien plus - Leader en nutrition animale\",\"potentialAction\":[{\"@type\":\"SearchAction\",\"target\":{\"@type\":\"EntryPoint\",\"urlTemplate\":\"https:\\\/\\\/www.evialis.com\\\/ph\\\/?s={search_term_string}\"},\"query-input\":{\"@type\":\"PropertyValueSpecification\",\"valueRequired\":true,\"valueName\":\"search_term_string\"}}],\"inLanguage\":\"en-GB\"}]}<\/script>\n<!-- \/ Yoast SEO plugin. -->","yoast_head_json":{"title":"T\u00e9moignage \u00e9leveurs bovins viande - Francis Gaillac &#8226; EVIALIS","description":"M. Gaillac est anim\u00e9 au quotidien par 3 enjeux: la qualit\u00e9 de la g\u00e9n\u00e9tique, la propret\u00e9 des installations et le bien-\u00eatre de ses animaux.","robots":{"index":"index","follow":"follow","max-snippet":"max-snippet:-1","max-image-preview":"max-image-preview:large","max-video-preview":"max-video-preview:-1"},"canonical":"https:\/\/www.evialis.com\/ph\/temoignages\/francis-gaillac\/","og_locale":"en_GB","og_type":"article","og_title":"T\u00e9moignage \u00e9leveurs bovins viande - Francis Gaillac &#8226; EVIALIS","og_description":"M. Gaillac est anim\u00e9 au quotidien par 3 enjeux: la qualit\u00e9 de la g\u00e9n\u00e9tique, la propret\u00e9 des installations et le bien-\u00eatre de ses animaux.","og_url":"https:\/\/www.evialis.com\/ph\/temoignages\/francis-gaillac\/","og_site_name":"EVIALIS","article_modified_time":"2021-06-08T13:27:18+00:00","og_image":[{"width":1536,"height":2048,"url":"https:\/\/www.evialis.com\/wp-content\/uploads\/2021\/03\/AdobeStock_80583591-scaled.jpeg","type":"image\/jpeg"}],"twitter_card":"summary_large_image","twitter_misc":{"Estimated reading time":"3 minutes"},"schema":{"@context":"https:\/\/schema.org","@graph":[{"@type":"WebPage","@id":"https:\/\/www.evialis.com\/ph\/temoignages\/francis-gaillac\/","url":"https:\/\/www.evialis.com\/ph\/temoignages\/francis-gaillac\/","name":"T\u00e9moignage \u00e9leveurs bovins viande - Francis Gaillac &#8226; EVIALIS","isPartOf":{"@id":"https:\/\/www.evialis.com\/ph\/#website"},"primaryImageOfPage":{"@id":"https:\/\/www.evialis.com\/ph\/temoignages\/francis-gaillac\/#primaryimage"},"image":{"@id":"https:\/\/www.evialis.com\/ph\/temoignages\/francis-gaillac\/#primaryimage"},"thumbnailUrl":"https:\/\/www.evialis.com\/wp-content\/uploads\/2021\/03\/AdobeStock_80583591-scaled.jpeg","datePublished":"2021-03-29T13:47:56+00:00","dateModified":"2021-06-08T13:27:18+00:00","description":"M. Gaillac est anim\u00e9 au quotidien par 3 enjeux: la qualit\u00e9 de la g\u00e9n\u00e9tique, la propret\u00e9 des installations et le bien-\u00eatre de ses animaux.","breadcrumb":{"@id":"https:\/\/www.evialis.com\/ph\/temoignages\/francis-gaillac\/#breadcrumb"},"inLanguage":"en-GB","potentialAction":[{"@type":"ReadAction","target":["https:\/\/www.evialis.com\/ph\/temoignages\/francis-gaillac\/"]}]},{"@type":"ImageObject","inLanguage":"en-GB","@id":"https:\/\/www.evialis.com\/ph\/temoignages\/francis-gaillac\/#primaryimage","url":"https:\/\/www.evialis.com\/wp-content\/uploads\/2021\/03\/AdobeStock_80583591-scaled.jpeg","contentUrl":"https:\/\/www.evialis.com\/wp-content\/uploads\/2021\/03\/AdobeStock_80583591-scaled.jpeg","width":1536,"height":2048},{"@type":"BreadcrumbList","@id":"https:\/\/www.evialis.com\/ph\/temoignages\/francis-gaillac\/#breadcrumb","itemListElement":[{"@type":"ListItem","position":1,"name":"Home","item":"https:\/\/www.evialis.com\/ph\/"},{"@type":"ListItem","position":2,"name":"Testimonials","item":"https:\/\/www.evialis.com\/ph\/temoignages\/"},{"@type":"ListItem","position":3,"name":"Francis Gaillac"}]},{"@type":"WebSite","@id":"https:\/\/www.evialis.com\/ph\/#website","url":"https:\/\/www.evialis.com\/ph\/","name":"EVIALIS","description":"Nourrir vos animaux et bien plus - Leader en nutrition animale","potentialAction":[{"@type":"SearchAction","target":{"@type":"EntryPoint","urlTemplate":"https:\/\/www.evialis.com\/ph\/?s={search_term_string}"},"query-input":{"@type":"PropertyValueSpecification","valueRequired":true,"valueName":"search_term_string"}}],"inLanguage":"en-GB"}]}},"_links":{"self":[{"href":"https:\/\/www.evialis.com\/ph\/wp-json\/wp\/v2\/temoignages\/2160","targetHints":{"allow":["GET"]}}],"collection":[{"href":"https:\/\/www.evialis.com\/ph\/wp-json\/wp\/v2\/temoignages"}],"about":[{"href":"https:\/\/www.evialis.com\/ph\/wp-json\/wp\/v2\/types\/temoignages"}],"wp:featuredmedia":[{"embeddable":true,"href":"https:\/\/www.evialis.com\/ph\/wp-json\/wp\/v2\/media\/5118"}],"wp:attachment":[{"href":"https:\/\/www.evialis.com\/ph\/wp-json\/wp\/v2\/media?parent=2160"}],"wp:term":[{"taxonomy":"especes","embeddable":true,"href":"https:\/\/www.evialis.com\/ph\/wp-json\/wp\/v2\/especes?post=2160"}],"curies":[{"name":"wp","href":"https:\/\/api.w.org\/{rel}","templated":true}]}}