{"id":2158,"date":"2021-03-29T13:47:56","date_gmt":"2021-03-29T13:47:56","guid":{"rendered":"https:\/\/evialis.drwp.fr\/temoignages\/gaec-limouzin\/"},"modified":"2021-07-26T09:19:00","modified_gmt":"2021-07-26T09:19:00","slug":"gaec-limouzin","status":"publish","type":"temoignages","link":"https:\/\/www.evialis.com\/ph\/temoignages\/gaec-limouzin\/","title":{"rendered":"GAEC Limouzin"},"content":{"rendered":"\n<h2 class=\"wp-block-heading\"><strong>De la fourche \u00e0 la fourchette<\/strong><\/h2>\n\n\n\n<div style=\"height:15px\" aria-hidden=\"true\" class=\"wp-block-spacer\"><\/div>\n\n\n\n<p><strong>Exploitation familiale cr\u00e9\u00e9e dans les ann\u00e9es 70, le GAEC LIMOUZIN est actuellement compos\u00e9 de 4&nbsp;associ\u00e9s:&nbsp;Beno\u00eet, install\u00e9 en 1992, rejoint par son \u00e9pouse Anne-Marie en 1997 et ensuite par leurs enfants Charles et Mathias. Fromager depuis leurs d\u00e9buts, ils emploient 6 personnes afin de les aider \u00e0 g\u00e9rer leur troupeau de Blonde d\u2019Aquitaine et leurs ch\u00e8vres Alpines.<\/strong>&nbsp;<\/p>\n\n\n\n<div style=\"height:35px\" aria-hidden=\"true\" class=\"wp-block-spacer\"><\/div>\n\n\n\n<h3 class=\"wp-block-heading\">A la rencontre du GAEC Limouzin<\/h3>\n\n\n\n<div style=\"height:15px\" aria-hidden=\"true\" class=\"wp-block-spacer\"><\/div>\n\n\n\n<p>Le GAEC LIMOUZIN maitrise le circuit de A \u00e0 Z et est tr\u00e8s<strong> impliqu\u00e9 dans les fili\u00e8res courtes<\/strong>. D\u2019ailleurs, ils vendent leurs produits dans le magasin de producteurs &#8220;La Charrette&#8221; \u00e0 Chambray-les-Tours pour le plus grand bonheur des consommateurs de la r\u00e9gion. <strong>Les agriculteurs commercialisent \u00e9galement en direct leur production de fromage en GMS et \u00e0\u00a0Rungis.\u00a0<\/strong><\/p>\n\n\n\n<p><strong>Client\u00a0EVIALIS depuis fort longtemps<\/strong>, la famille LIMOUZIN connait bien \u00e0 la fois les sp\u00e9cificit\u00e9s des gammes d\u2019aliments et ceux qui les commercialisent. Ici, tout se passe en famille, dans la transmission des valeurs humaines.\u00a0\u00a0<\/p>\n\n\n\n<div style=\"height:35px\" aria-hidden=\"true\" class=\"wp-block-spacer\"><\/div>\n\n\n\n<h3 class=\"wp-block-heading\">Une alimentation adapt\u00e9e<\/h3>\n\n\n\n<div style=\"height:15px\" aria-hidden=\"true\" class=\"wp-block-spacer\"><\/div>\n\n\n\n<p>En ce qui concerne l\u2019alimentation des animaux, il fallait faire simple et efficace. Le GAEC LIMOUZIN utilise pour les Blondes d\u2019Aquitaine en engraissement du <strong>MEGAL ACTIF<\/strong> (aliment\u00a0mash\u00a0compl\u00e9mentaire) <strong>en plus des c\u00e9r\u00e9ales de l\u2019exploitation<\/strong>.\u00a0<\/p>\n\n\n\n<p>La compl\u00e9mentation permet des croissances fortes tout en garantissant une <strong>excellente qualit\u00e9 de viande et un parfait \u00e9tat d\u2019engraissement.\u00a0<\/strong><\/p>\n\n\n\n<p>Les\u00a0broutards re\u00e7oivent du <a href=\"https:\/\/www.evialis.com\/aliments-ruminants\/patural-seren-nutrition-bovins-viande-gamme-vision-soutient-defenses-naturelles\/\" target=\"_blank\" rel=\"noreferrer noopener\">PATURAL SEREN<\/a> <strong>pour le d\u00e9marrage<\/strong>, puis, une fois que le rumen s\u2019est bien d\u00e9velopp\u00e9, ils ont \u00e0 volont\u00e9 un <strong>m\u00e9lange d\u2019<\/strong><a href=\"https:\/\/www.evialis.com\/aliments-ruminants\/azolis-iso-nutrition-vaches-laitiere-gamme-vision-correcteur-rations-economique\/\" target=\"_blank\" rel=\"noreferrer noopener\">AZOLIS ISO<\/a> (1\/3) <strong>et de c\u00e9r\u00e9ales de la ferme<\/strong> (2\/3). Cette association permet un <strong>niveau de MAT sup\u00e9rieur \u00e0 19%<\/strong> et donc d\u2019<strong>optimiser la prise de muscle\/gras.\u00a0<\/strong><\/p>\n\n\n\n<p>Les\u00a0ch\u00e8vres, quant \u00e0 elles, sont conduites en <strong>ration s\u00e8che avec des fourrages et des c\u00e9r\u00e9ales de la ferme<\/strong> ainsi que de l\u2019<a href=\"https:\/\/www.evialis.com\/aliments-ruminants\/azolis-iso-nutrition-vaches-laitiere-gamme-vision-correcteur-rations-economique\/\" target=\"_blank\" rel=\"noreferrer noopener\">AZOLIS ISO INITIAL<\/a>. Les produits issus du lait des ch\u00e8vres sont vendus sous <strong>AOP Sainte-Maure-de-Touraine<\/strong>, ce qui am\u00e8ne \u00e0 utiliser des aliments conformes \u00e0 cette d\u00e9marche qualit\u00e9. Les rations sont r\u00e9guli\u00e8rement optimis\u00e9es en fonction du stade de lactation et physiologique des animaux.\u00a0<\/p>\n\n\n\n<div style=\"height:15px\" aria-hidden=\"true\" class=\"wp-block-spacer\"><\/div>\n\n\n\n<blockquote class=\"wp-block-quote is-layout-flow wp-block-quote-is-layout-flow\"><p><strong><em>\u201cFaire de notre passion un m\u00e9tier et le vivre en famille est un bonheur quotidien\u201d<\/em><\/strong>&nbsp;<\/p><\/blockquote>\n\n\n\n<div style=\"height:35px\" aria-hidden=\"true\" class=\"wp-block-spacer\"><\/div>\n\n\n\n<h3 class=\"wp-block-heading\">Et pour l&#8217;avenir ?<\/h3>\n\n\n\n<div style=\"height:15px\" aria-hidden=\"true\" class=\"wp-block-spacer\"><\/div>\n\n\n\n<p>Les \u00e9leveurs ont toute confiance et appr\u00e9cient les conseils de Jean-Claude MALBRAND, technico-commercial EVIALIS, qui leur apporte un solide appui technique et les nouveaut\u00e9s&nbsp;EVIALIS.&nbsp;&nbsp;<\/p>\n\n\n\n<p>La\u00a0famille ne cesse d\u2019innover et a de nombreux projets pour l\u2019avenir. Le premier objectif est de <strong>valoriser leurs fourrages en investissant sur du s\u00e9chage en grange<\/strong> (800 tonnes de fourrages)<strong> avec un toit panneau rayonnant permettant de r\u00e9cup\u00e9rer la chaleur.<\/strong> Ensuite, ils souhaitent <strong>augmenter leur cheptel et am\u00e9liorer l\u2019\u00e9levage des chevrettes<\/strong>. Et pour finir, un agrandissement de la fromagerie est pr\u00e9vu.<\/p>\n\n\n\n<div style=\"height:35px\" aria-hidden=\"true\" class=\"wp-block-spacer\"><\/div>\n\n\n\n<p class=\"has-text-align-right\">&nbsp;<strong>Jean-Louis COURTY, EVIALIS<\/strong>&nbsp;<\/p>\n","protected":false},"featured_media":4959,"parent":0,"template":"","especes":[55,71],"class_list":["post-2158","temoignages","type-temoignages","status-publish","has-post-thumbnail","hentry","especes-bovins-viande","especes-caprins"],"acf":[],"yoast_head":"<!-- This site is optimized with the Yoast SEO plugin v27.5 - https:\/\/yoast.com\/product\/yoast-seo-wordpress\/ -->\n<title>T\u00e9moignage \u00e9leveurs caprins &amp; bovins viande - GAEC Limouzin &#8226; EVIALIS<\/title>\n<meta name=\"description\" content=\"D\u00e9couvrez le t\u00e9moignage du GAEC Limouzin, \u00e9leveurs de ch\u00e8vres Alpines et de Blondes d&#039;Aquitaine en Indre et Loire.\" \/>\n<meta name=\"robots\" content=\"index, follow, max-snippet:-1, max-image-preview:large, max-video-preview:-1\" \/>\n<link rel=\"canonical\" href=\"https:\/\/www.evialis.com\/ph\/temoignages\/gaec-limouzin\/\" \/>\n<meta property=\"og:locale\" content=\"en_GB\" \/>\n<meta property=\"og:type\" content=\"article\" \/>\n<meta property=\"og:title\" content=\"T\u00e9moignage \u00e9leveurs caprins &amp; bovins viande - GAEC Limouzin &#8226; EVIALIS\" \/>\n<meta property=\"og:description\" content=\"D\u00e9couvrez le t\u00e9moignage du GAEC Limouzin, \u00e9leveurs de ch\u00e8vres Alpines et de Blondes d&#039;Aquitaine en Indre et Loire.\" \/>\n<meta property=\"og:url\" content=\"https:\/\/www.evialis.com\/ph\/temoignages\/gaec-limouzin\/\" \/>\n<meta property=\"og:site_name\" content=\"EVIALIS\" \/>\n<meta property=\"article:modified_time\" content=\"2021-07-26T09:19:00+00:00\" \/>\n<meta property=\"og:image\" content=\"https:\/\/www.evialis.com\/wp-content\/uploads\/2021\/03\/Limouzin2-1-scaled.jpg\" \/>\n\t<meta property=\"og:image:width\" content=\"2048\" \/>\n\t<meta property=\"og:image:height\" content=\"1269\" \/>\n\t<meta property=\"og:image:type\" content=\"image\/jpeg\" \/>\n<meta name=\"twitter:card\" content=\"summary_large_image\" \/>\n<meta name=\"twitter:label1\" content=\"Estimated reading time\" \/>\n\t<meta name=\"twitter:data1\" content=\"2 minutes\" \/>\n<script type=\"application\/ld+json\" class=\"yoast-schema-graph\">{\"@context\":\"https:\\\/\\\/schema.org\",\"@graph\":[{\"@type\":\"WebPage\",\"@id\":\"https:\\\/\\\/www.evialis.com\\\/ph\\\/temoignages\\\/gaec-limouzin\\\/\",\"url\":\"https:\\\/\\\/www.evialis.com\\\/ph\\\/temoignages\\\/gaec-limouzin\\\/\",\"name\":\"T\u00e9moignage \u00e9leveurs caprins & bovins viande - GAEC Limouzin &#8226; EVIALIS\",\"isPartOf\":{\"@id\":\"https:\\\/\\\/www.evialis.com\\\/ph\\\/#website\"},\"primaryImageOfPage\":{\"@id\":\"https:\\\/\\\/www.evialis.com\\\/ph\\\/temoignages\\\/gaec-limouzin\\\/#primaryimage\"},\"image\":{\"@id\":\"https:\\\/\\\/www.evialis.com\\\/ph\\\/temoignages\\\/gaec-limouzin\\\/#primaryimage\"},\"thumbnailUrl\":\"https:\\\/\\\/www.evialis.com\\\/wp-content\\\/uploads\\\/2021\\\/03\\\/Limouzin2-1-scaled.jpg\",\"datePublished\":\"2021-03-29T13:47:56+00:00\",\"dateModified\":\"2021-07-26T09:19:00+00:00\",\"description\":\"D\u00e9couvrez le t\u00e9moignage du GAEC Limouzin, \u00e9leveurs de ch\u00e8vres Alpines et de Blondes d'Aquitaine en Indre et Loire.\",\"breadcrumb\":{\"@id\":\"https:\\\/\\\/www.evialis.com\\\/ph\\\/temoignages\\\/gaec-limouzin\\\/#breadcrumb\"},\"inLanguage\":\"en-GB\",\"potentialAction\":[{\"@type\":\"ReadAction\",\"target\":[\"https:\\\/\\\/www.evialis.com\\\/ph\\\/temoignages\\\/gaec-limouzin\\\/\"]}]},{\"@type\":\"ImageObject\",\"inLanguage\":\"en-GB\",\"@id\":\"https:\\\/\\\/www.evialis.com\\\/ph\\\/temoignages\\\/gaec-limouzin\\\/#primaryimage\",\"url\":\"https:\\\/\\\/www.evialis.com\\\/wp-content\\\/uploads\\\/2021\\\/03\\\/Limouzin2-1-scaled.jpg\",\"contentUrl\":\"https:\\\/\\\/www.evialis.com\\\/wp-content\\\/uploads\\\/2021\\\/03\\\/Limouzin2-1-scaled.jpg\",\"width\":2048,\"height\":1269},{\"@type\":\"BreadcrumbList\",\"@id\":\"https:\\\/\\\/www.evialis.com\\\/ph\\\/temoignages\\\/gaec-limouzin\\\/#breadcrumb\",\"itemListElement\":[{\"@type\":\"ListItem\",\"position\":1,\"name\":\"Home\",\"item\":\"https:\\\/\\\/www.evialis.com\\\/ph\\\/\"},{\"@type\":\"ListItem\",\"position\":2,\"name\":\"Testimonials\",\"item\":\"https:\\\/\\\/www.evialis.com\\\/ph\\\/temoignages\\\/\"},{\"@type\":\"ListItem\",\"position\":3,\"name\":\"GAEC Limouzin\"}]},{\"@type\":\"WebSite\",\"@id\":\"https:\\\/\\\/www.evialis.com\\\/ph\\\/#website\",\"url\":\"https:\\\/\\\/www.evialis.com\\\/ph\\\/\",\"name\":\"EVIALIS\",\"description\":\"Nourrir vos animaux et bien plus - Leader en nutrition animale\",\"potentialAction\":[{\"@type\":\"SearchAction\",\"target\":{\"@type\":\"EntryPoint\",\"urlTemplate\":\"https:\\\/\\\/www.evialis.com\\\/ph\\\/?s={search_term_string}\"},\"query-input\":{\"@type\":\"PropertyValueSpecification\",\"valueRequired\":true,\"valueName\":\"search_term_string\"}}],\"inLanguage\":\"en-GB\"}]}<\/script>\n<!-- \/ Yoast SEO plugin. -->","yoast_head_json":{"title":"T\u00e9moignage \u00e9leveurs caprins & bovins viande - GAEC Limouzin &#8226; EVIALIS","description":"D\u00e9couvrez le t\u00e9moignage du GAEC Limouzin, \u00e9leveurs de ch\u00e8vres Alpines et de Blondes d'Aquitaine en Indre et Loire.","robots":{"index":"index","follow":"follow","max-snippet":"max-snippet:-1","max-image-preview":"max-image-preview:large","max-video-preview":"max-video-preview:-1"},"canonical":"https:\/\/www.evialis.com\/ph\/temoignages\/gaec-limouzin\/","og_locale":"en_GB","og_type":"article","og_title":"T\u00e9moignage \u00e9leveurs caprins & bovins viande - GAEC Limouzin &#8226; EVIALIS","og_description":"D\u00e9couvrez le t\u00e9moignage du GAEC Limouzin, \u00e9leveurs de ch\u00e8vres Alpines et de Blondes d'Aquitaine en Indre et Loire.","og_url":"https:\/\/www.evialis.com\/ph\/temoignages\/gaec-limouzin\/","og_site_name":"EVIALIS","article_modified_time":"2021-07-26T09:19:00+00:00","og_image":[{"width":2048,"height":1269,"url":"https:\/\/www.evialis.com\/wp-content\/uploads\/2021\/03\/Limouzin2-1-scaled.jpg","type":"image\/jpeg"}],"twitter_card":"summary_large_image","twitter_misc":{"Estimated reading time":"2 minutes"},"schema":{"@context":"https:\/\/schema.org","@graph":[{"@type":"WebPage","@id":"https:\/\/www.evialis.com\/ph\/temoignages\/gaec-limouzin\/","url":"https:\/\/www.evialis.com\/ph\/temoignages\/gaec-limouzin\/","name":"T\u00e9moignage \u00e9leveurs caprins & bovins viande - GAEC Limouzin &#8226; EVIALIS","isPartOf":{"@id":"https:\/\/www.evialis.com\/ph\/#website"},"primaryImageOfPage":{"@id":"https:\/\/www.evialis.com\/ph\/temoignages\/gaec-limouzin\/#primaryimage"},"image":{"@id":"https:\/\/www.evialis.com\/ph\/temoignages\/gaec-limouzin\/#primaryimage"},"thumbnailUrl":"https:\/\/www.evialis.com\/wp-content\/uploads\/2021\/03\/Limouzin2-1-scaled.jpg","datePublished":"2021-03-29T13:47:56+00:00","dateModified":"2021-07-26T09:19:00+00:00","description":"D\u00e9couvrez le t\u00e9moignage du GAEC Limouzin, \u00e9leveurs de ch\u00e8vres Alpines et de Blondes d'Aquitaine en Indre et Loire.","breadcrumb":{"@id":"https:\/\/www.evialis.com\/ph\/temoignages\/gaec-limouzin\/#breadcrumb"},"inLanguage":"en-GB","potentialAction":[{"@type":"ReadAction","target":["https:\/\/www.evialis.com\/ph\/temoignages\/gaec-limouzin\/"]}]},{"@type":"ImageObject","inLanguage":"en-GB","@id":"https:\/\/www.evialis.com\/ph\/temoignages\/gaec-limouzin\/#primaryimage","url":"https:\/\/www.evialis.com\/wp-content\/uploads\/2021\/03\/Limouzin2-1-scaled.jpg","contentUrl":"https:\/\/www.evialis.com\/wp-content\/uploads\/2021\/03\/Limouzin2-1-scaled.jpg","width":2048,"height":1269},{"@type":"BreadcrumbList","@id":"https:\/\/www.evialis.com\/ph\/temoignages\/gaec-limouzin\/#breadcrumb","itemListElement":[{"@type":"ListItem","position":1,"name":"Home","item":"https:\/\/www.evialis.com\/ph\/"},{"@type":"ListItem","position":2,"name":"Testimonials","item":"https:\/\/www.evialis.com\/ph\/temoignages\/"},{"@type":"ListItem","position":3,"name":"GAEC Limouzin"}]},{"@type":"WebSite","@id":"https:\/\/www.evialis.com\/ph\/#website","url":"https:\/\/www.evialis.com\/ph\/","name":"EVIALIS","description":"Nourrir vos animaux et bien plus - Leader en nutrition animale","potentialAction":[{"@type":"SearchAction","target":{"@type":"EntryPoint","urlTemplate":"https:\/\/www.evialis.com\/ph\/?s={search_term_string}"},"query-input":{"@type":"PropertyValueSpecification","valueRequired":true,"valueName":"search_term_string"}}],"inLanguage":"en-GB"}]}},"_links":{"self":[{"href":"https:\/\/www.evialis.com\/ph\/wp-json\/wp\/v2\/temoignages\/2158","targetHints":{"allow":["GET"]}}],"collection":[{"href":"https:\/\/www.evialis.com\/ph\/wp-json\/wp\/v2\/temoignages"}],"about":[{"href":"https:\/\/www.evialis.com\/ph\/wp-json\/wp\/v2\/types\/temoignages"}],"wp:featuredmedia":[{"embeddable":true,"href":"https:\/\/www.evialis.com\/ph\/wp-json\/wp\/v2\/media\/4959"}],"wp:attachment":[{"href":"https:\/\/www.evialis.com\/ph\/wp-json\/wp\/v2\/media?parent=2158"}],"wp:term":[{"taxonomy":"especes","embeddable":true,"href":"https:\/\/www.evialis.com\/ph\/wp-json\/wp\/v2\/especes?post=2158"}],"curies":[{"name":"wp","href":"https:\/\/api.w.org\/{rel}","templated":true}]}}