{"id":2156,"date":"2021-03-29T13:47:56","date_gmt":"2021-03-29T13:47:56","guid":{"rendered":"https:\/\/evialis.drwp.fr\/temoignages\/gaec-larchie\/"},"modified":"2021-07-21T12:17:52","modified_gmt":"2021-07-21T12:17:52","slug":"gaec-larchie","status":"publish","type":"temoignages","link":"https:\/\/www.evialis.com\/ph\/temoignages\/gaec-larchie\/","title":{"rendered":"GAEC de Larchie"},"content":{"rendered":"\n<h2 class=\"wp-block-heading\"><strong>La&nbsp;production laiti\u00e8re au service de la qualit\u00e9<\/strong><\/h2>\n\n\n\n<div style=\"height:15px\" aria-hidden=\"true\" class=\"wp-block-spacer\"><\/div>\n\n\n\n<div class=\"wp-block-image\"><figure class=\"aligncenter size-large is-resized\"><img fetchpriority=\"high\" decoding=\"async\" src=\"https:\/\/www.evialis.com\/wp-content\/uploads\/2021\/07\/Larchie-1024x768.jpg\" alt=\"\" class=\"wp-image-5380\" width=\"512\" height=\"384\" srcset=\"https:\/\/www.evialis.com\/wp-content\/uploads\/2021\/07\/Larchie-1024x768.jpg 1024w, https:\/\/www.evialis.com\/wp-content\/uploads\/2021\/07\/Larchie-300x225.jpg 300w, https:\/\/www.evialis.com\/wp-content\/uploads\/2021\/07\/Larchie-768x576.jpg 768w, https:\/\/www.evialis.com\/wp-content\/uploads\/2021\/07\/Larchie-1536x1152.jpg 1536w, https:\/\/www.evialis.com\/wp-content\/uploads\/2021\/07\/Larchie-scaled.jpg 2048w\" sizes=\"(max-width: 512px) 100vw, 512px\" \/><\/figure><\/div>\n\n\n\n<h3 class=\"wp-block-heading\">Bienvenue au GAEC de Larchie<\/h3>\n\n\n\n<p>L\u2019exploitation familiale compte 2 associ\u00e9s, C\u00e9dric et Colette Bouloc et 2 salari\u00e9s. Il y a 4 ans, le GAEC de\u00a0Larchie\u00a0a d\u00e9cid\u00e9 de livrer son lait \u00e0 la laiterie &#8220;Bergers du Larzac&#8221; dans le but d&#8217;<strong>augmenter son volume annuel<\/strong> et d\u2019<strong>am\u00e9liorer sa rentabilit\u00e9<\/strong>. Le prix moyen annuel est depuis l\u00e9g\u00e8rement <strong>sup\u00e9rieur \u00e0 1000 \u20ac les 1 000 L de lait<\/strong>. La gestion du troupeau se fait en <strong>deux p\u00e9riodes d\u2019agnelages<\/strong>. Les agnelages sont tr\u00e8s group\u00e9s pour une meilleure ma\u00eetrise des risques de pertes. La premi\u00e8re p\u00e9riode de mise-bas compte 300 brebis qui agnellent mi-juin. La seconde p\u00e9riode de mise-bas regroupe 320 brebis et 200 agnelles de renouvellement pour un agnelage d\u00e9but octobre. L\u2019organisation des mise-bas permet aux exploitants de <strong>livrer du lait toute l\u2019ann\u00e9e<\/strong>.\u00a0<\/p>\n\n\n\n<div style=\"height:15px\" aria-hidden=\"true\" class=\"wp-block-spacer\"><\/div>\n\n\n\n<blockquote class=\"wp-block-quote is-layout-flow wp-block-quote-is-layout-flow\"><p><strong><em>&#8220;Dans notre organisation, nous sommes totalement investis pour produire de la qualit\u00e9&#8221;&nbsp;<\/em><\/strong><\/p><\/blockquote>\n\n\n\n<div style=\"height:35px\" aria-hidden=\"true\" class=\"wp-block-spacer\"><\/div>\n\n\n\n<h3 class=\"wp-block-heading\">Production<\/h3>\n\n\n\n<div style=\"height:15px\" aria-hidden=\"true\" class=\"wp-block-spacer\"><\/div>\n\n\n\n<p>Dans un objectif de simplification du travail, les exploitants pr\u00e9parent la ration \u00e0 l\u2019aide d\u2019une m\u00e9langeuse. Le choix des correcteurs azot\u00e9s ne s\u2019est pas fait par hasard : le <strong>BERGIROQ<\/strong>, introduit dans la m\u00e9langeuse, permet de <strong>valoriser l\u2019\u00e9nergie du ma\u00efs <\/strong>par l\u2019apport d\u2019azote soluble et d\u2019<strong>\u00e9quilibrer la ration en acides amin\u00e9s essentiels (m\u00e9thionine)<\/strong>. Le <a href=\"https:\/\/www.evialis.com\/gammes\/origine\/?especes=ovins\" target=\"_blank\" rel=\"noreferrer noopener\">FORTOLIS<\/a>, distribu\u00e9 en salle de traite, vient <strong>compl\u00e9ter l\u2019apport d\u2019azote <\/strong>et notamment de prot\u00e9ines d\u2019origines alimentaires (PDIA), non d\u00e9grad\u00e9es dans le rumen (prot\u00e9ines tann\u00e9es).\u00a0<\/p>\n\n\n\n<p>Enfin, l\u2019<strong>ajout de levures vivantes dans le m\u00e9lange<\/strong> permet de <strong>s\u00e9curiser la ration et de minimiser les risques li\u00e9s \u00e0 la pr\u00e9paration en m\u00e9langeuse<\/strong>. Les brebis p\u00e2turent d\u00e8s que possible, g\u00e9n\u00e9ralement de d\u00e9but mars \u00e0 mi- novembre. La <strong>pr\u00e9paration de la mise-bas<\/strong> des brebis est r\u00e9alis\u00e9e avec le <a href=\"https:\/\/www.evialis.com\/nutritionnels-ruminants\/brebigest-nutrition-ovins-mineralisation-complete-anti-oxydant-gamme-star-bloc\/\" target=\"_blank\" rel=\"noreferrer noopener\">STAR BLOC BREBIGEST<\/a>, compl\u00e9t\u00e9 par une <strong>cure vitaminique et\u00a0h\u00e9patique<\/strong>\u00a0(<a href=\"https:\/\/www.evialis.com\/nutritionnels-ruminants\/hepatovit-600-nutrition-ruminants-aliment-reproduction-gamme-diet\/\" target=\"_blank\" rel=\"noreferrer noopener\">HEPATOVIT 600<\/a>, \u00e9galement distribu\u00e9 \u00e0 la lutte). Les agnelles de renouvellement du troupeau ont un programme alimentaire bien d\u00e9fini. A partir de l\u2019\u00e2ge de 3 mois, elles re\u00e7oivent 700 g de <a href=\"https:\/\/www.evialis.com\/aliments-ruminants\/fructis-eclat-nutrition-ovins-gamme-vision-favoriser-croissance-sans-engraisser\/\" target=\"_blank\" rel=\"noreferrer noopener\">FRUCTIS ECLAT INITIAL<\/a> et de la paille \u00e0 volont\u00e9. A l\u2019\u00e2ge de 4 mois, elles continuent leur croissance avec un m\u00e9lange compos\u00e9 d\u2019un tiers de <strong>FORTOLIS BASE INITIAL min\u00e9ralis\u00e9 \u00e0 10%<\/strong> et de deux tiers de c\u00e9r\u00e9ales pour un total ing\u00e9r\u00e9 de 600 g, de foin de prairie et de paille \u00e0 volont\u00e9.\u00a0<\/p>\n\n\n\n<div style=\"height:35px\" aria-hidden=\"true\" class=\"wp-block-spacer\"><\/div>\n\n\n\n<h3 class=\"wp-block-heading\">R\u00e9sultats  techniques<\/h3>\n\n\n\n<div style=\"height:15px\" aria-hidden=\"true\" class=\"wp-block-spacer\"><\/div>\n\n\n\n<p>A l\u2019automne, les brebis ont d\u00e9marr\u00e9 leur production \u00e0 3,4 L de lait pour une MSU \u00e0 120 g\/l. Sur la campagne 2017, la <strong>production laiti\u00e8re moyenne du troupeau a \u00e9t\u00e9 de 380 L par brebis<\/strong> <strong>avec une MSU moyenne de 131,5 g\/L.<\/strong> En moyenne sur les six derniers mois, le taux cellulaire n\u2019a pas d\u00e9pass\u00e9 300 000 UFC\/l. Pour les prochaines ann\u00e9es, le GAEC de\u00a0Larchie\u00a0pr\u00e9voit d\u2019installer un syst\u00e8me de s\u00e9chage en grange.\u00a0<\/p>\n\n\n\n<div style=\"height:35px\" aria-hidden=\"true\" class=\"wp-block-spacer\"><\/div>\n\n\n\n<p class=\"has-text-align-right\"><strong>Jean-Louis COURTY, EVIALIS&nbsp;<\/strong><\/p>\n","protected":false},"featured_media":4928,"parent":0,"template":"","especes":[45],"class_list":["post-2156","temoignages","type-temoignages","status-publish","has-post-thumbnail","hentry","especes-ovins"],"acf":[],"yoast_head":"<!-- This site is optimized with the Yoast SEO plugin v27.5 - https:\/\/yoast.com\/product\/yoast-seo-wordpress\/ -->\n<title>T\u00e9moignage \u00e9leveurs ovins - GAEC de Larchie &#8226; EVIALIS<\/title>\n<meta name=\"description\" content=\"D\u00e9couvrez le t\u00e9moignage du GAEC Larchie, clients Evialis et \u00e9leveurs de 700 brebis de race Lacaune en Aveyron.\" \/>\n<meta name=\"robots\" content=\"index, follow, max-snippet:-1, max-image-preview:large, max-video-preview:-1\" \/>\n<link rel=\"canonical\" href=\"https:\/\/www.evialis.com\/ph\/temoignages\/gaec-larchie\/\" \/>\n<meta property=\"og:locale\" content=\"en_GB\" \/>\n<meta property=\"og:type\" content=\"article\" \/>\n<meta property=\"og:title\" content=\"T\u00e9moignage \u00e9leveurs ovins - GAEC de Larchie &#8226; EVIALIS\" \/>\n<meta property=\"og:description\" content=\"D\u00e9couvrez le t\u00e9moignage du GAEC Larchie, clients Evialis et \u00e9leveurs de 700 brebis de race Lacaune en Aveyron.\" \/>\n<meta property=\"og:url\" content=\"https:\/\/www.evialis.com\/ph\/temoignages\/gaec-larchie\/\" \/>\n<meta property=\"og:site_name\" content=\"EVIALIS\" \/>\n<meta property=\"article:modified_time\" content=\"2021-07-21T12:17:52+00:00\" \/>\n<meta property=\"og:image\" content=\"https:\/\/www.evialis.com\/wp-content\/uploads\/2021\/03\/Larchie-scaled.jpg\" \/>\n\t<meta property=\"og:image:width\" content=\"2048\" \/>\n\t<meta property=\"og:image:height\" content=\"1536\" \/>\n\t<meta property=\"og:image:type\" content=\"image\/jpeg\" \/>\n<meta name=\"twitter:card\" content=\"summary_large_image\" \/>\n<meta name=\"twitter:label1\" content=\"Estimated reading time\" \/>\n\t<meta name=\"twitter:data1\" content=\"3 minutes\" \/>\n<script type=\"application\/ld+json\" class=\"yoast-schema-graph\">{\"@context\":\"https:\\\/\\\/schema.org\",\"@graph\":[{\"@type\":\"WebPage\",\"@id\":\"https:\\\/\\\/www.evialis.com\\\/ph\\\/temoignages\\\/gaec-larchie\\\/\",\"url\":\"https:\\\/\\\/www.evialis.com\\\/ph\\\/temoignages\\\/gaec-larchie\\\/\",\"name\":\"T\u00e9moignage \u00e9leveurs ovins - GAEC de Larchie &#8226; EVIALIS\",\"isPartOf\":{\"@id\":\"https:\\\/\\\/www.evialis.com\\\/ph\\\/#website\"},\"primaryImageOfPage\":{\"@id\":\"https:\\\/\\\/www.evialis.com\\\/ph\\\/temoignages\\\/gaec-larchie\\\/#primaryimage\"},\"image\":{\"@id\":\"https:\\\/\\\/www.evialis.com\\\/ph\\\/temoignages\\\/gaec-larchie\\\/#primaryimage\"},\"thumbnailUrl\":\"https:\\\/\\\/www.evialis.com\\\/wp-content\\\/uploads\\\/2021\\\/03\\\/Larchie-scaled.jpg\",\"datePublished\":\"2021-03-29T13:47:56+00:00\",\"dateModified\":\"2021-07-21T12:17:52+00:00\",\"description\":\"D\u00e9couvrez le t\u00e9moignage du GAEC Larchie, clients Evialis et \u00e9leveurs de 700 brebis de race Lacaune en Aveyron.\",\"breadcrumb\":{\"@id\":\"https:\\\/\\\/www.evialis.com\\\/ph\\\/temoignages\\\/gaec-larchie\\\/#breadcrumb\"},\"inLanguage\":\"en-GB\",\"potentialAction\":[{\"@type\":\"ReadAction\",\"target\":[\"https:\\\/\\\/www.evialis.com\\\/ph\\\/temoignages\\\/gaec-larchie\\\/\"]}]},{\"@type\":\"ImageObject\",\"inLanguage\":\"en-GB\",\"@id\":\"https:\\\/\\\/www.evialis.com\\\/ph\\\/temoignages\\\/gaec-larchie\\\/#primaryimage\",\"url\":\"https:\\\/\\\/www.evialis.com\\\/wp-content\\\/uploads\\\/2021\\\/03\\\/Larchie-scaled.jpg\",\"contentUrl\":\"https:\\\/\\\/www.evialis.com\\\/wp-content\\\/uploads\\\/2021\\\/03\\\/Larchie-scaled.jpg\",\"width\":2048,\"height\":1536},{\"@type\":\"BreadcrumbList\",\"@id\":\"https:\\\/\\\/www.evialis.com\\\/ph\\\/temoignages\\\/gaec-larchie\\\/#breadcrumb\",\"itemListElement\":[{\"@type\":\"ListItem\",\"position\":1,\"name\":\"Home\",\"item\":\"https:\\\/\\\/www.evialis.com\\\/ph\\\/\"},{\"@type\":\"ListItem\",\"position\":2,\"name\":\"Testimonials\",\"item\":\"https:\\\/\\\/www.evialis.com\\\/ph\\\/temoignages\\\/\"},{\"@type\":\"ListItem\",\"position\":3,\"name\":\"GAEC de Larchie\"}]},{\"@type\":\"WebSite\",\"@id\":\"https:\\\/\\\/www.evialis.com\\\/ph\\\/#website\",\"url\":\"https:\\\/\\\/www.evialis.com\\\/ph\\\/\",\"name\":\"EVIALIS\",\"description\":\"Nourrir vos animaux et bien plus - Leader en nutrition animale\",\"potentialAction\":[{\"@type\":\"SearchAction\",\"target\":{\"@type\":\"EntryPoint\",\"urlTemplate\":\"https:\\\/\\\/www.evialis.com\\\/ph\\\/?s={search_term_string}\"},\"query-input\":{\"@type\":\"PropertyValueSpecification\",\"valueRequired\":true,\"valueName\":\"search_term_string\"}}],\"inLanguage\":\"en-GB\"}]}<\/script>\n<!-- \/ Yoast SEO plugin. -->","yoast_head_json":{"title":"T\u00e9moignage \u00e9leveurs ovins - GAEC de Larchie &#8226; EVIALIS","description":"D\u00e9couvrez le t\u00e9moignage du GAEC Larchie, clients Evialis et \u00e9leveurs de 700 brebis de race Lacaune en Aveyron.","robots":{"index":"index","follow":"follow","max-snippet":"max-snippet:-1","max-image-preview":"max-image-preview:large","max-video-preview":"max-video-preview:-1"},"canonical":"https:\/\/www.evialis.com\/ph\/temoignages\/gaec-larchie\/","og_locale":"en_GB","og_type":"article","og_title":"T\u00e9moignage \u00e9leveurs ovins - GAEC de Larchie &#8226; EVIALIS","og_description":"D\u00e9couvrez le t\u00e9moignage du GAEC Larchie, clients Evialis et \u00e9leveurs de 700 brebis de race Lacaune en Aveyron.","og_url":"https:\/\/www.evialis.com\/ph\/temoignages\/gaec-larchie\/","og_site_name":"EVIALIS","article_modified_time":"2021-07-21T12:17:52+00:00","og_image":[{"width":2048,"height":1536,"url":"https:\/\/www.evialis.com\/wp-content\/uploads\/2021\/03\/Larchie-scaled.jpg","type":"image\/jpeg"}],"twitter_card":"summary_large_image","twitter_misc":{"Estimated reading time":"3 minutes"},"schema":{"@context":"https:\/\/schema.org","@graph":[{"@type":"WebPage","@id":"https:\/\/www.evialis.com\/ph\/temoignages\/gaec-larchie\/","url":"https:\/\/www.evialis.com\/ph\/temoignages\/gaec-larchie\/","name":"T\u00e9moignage \u00e9leveurs ovins - GAEC de Larchie &#8226; EVIALIS","isPartOf":{"@id":"https:\/\/www.evialis.com\/ph\/#website"},"primaryImageOfPage":{"@id":"https:\/\/www.evialis.com\/ph\/temoignages\/gaec-larchie\/#primaryimage"},"image":{"@id":"https:\/\/www.evialis.com\/ph\/temoignages\/gaec-larchie\/#primaryimage"},"thumbnailUrl":"https:\/\/www.evialis.com\/wp-content\/uploads\/2021\/03\/Larchie-scaled.jpg","datePublished":"2021-03-29T13:47:56+00:00","dateModified":"2021-07-21T12:17:52+00:00","description":"D\u00e9couvrez le t\u00e9moignage du GAEC Larchie, clients Evialis et \u00e9leveurs de 700 brebis de race Lacaune en Aveyron.","breadcrumb":{"@id":"https:\/\/www.evialis.com\/ph\/temoignages\/gaec-larchie\/#breadcrumb"},"inLanguage":"en-GB","potentialAction":[{"@type":"ReadAction","target":["https:\/\/www.evialis.com\/ph\/temoignages\/gaec-larchie\/"]}]},{"@type":"ImageObject","inLanguage":"en-GB","@id":"https:\/\/www.evialis.com\/ph\/temoignages\/gaec-larchie\/#primaryimage","url":"https:\/\/www.evialis.com\/wp-content\/uploads\/2021\/03\/Larchie-scaled.jpg","contentUrl":"https:\/\/www.evialis.com\/wp-content\/uploads\/2021\/03\/Larchie-scaled.jpg","width":2048,"height":1536},{"@type":"BreadcrumbList","@id":"https:\/\/www.evialis.com\/ph\/temoignages\/gaec-larchie\/#breadcrumb","itemListElement":[{"@type":"ListItem","position":1,"name":"Home","item":"https:\/\/www.evialis.com\/ph\/"},{"@type":"ListItem","position":2,"name":"Testimonials","item":"https:\/\/www.evialis.com\/ph\/temoignages\/"},{"@type":"ListItem","position":3,"name":"GAEC de Larchie"}]},{"@type":"WebSite","@id":"https:\/\/www.evialis.com\/ph\/#website","url":"https:\/\/www.evialis.com\/ph\/","name":"EVIALIS","description":"Nourrir vos animaux et bien plus - Leader en nutrition animale","potentialAction":[{"@type":"SearchAction","target":{"@type":"EntryPoint","urlTemplate":"https:\/\/www.evialis.com\/ph\/?s={search_term_string}"},"query-input":{"@type":"PropertyValueSpecification","valueRequired":true,"valueName":"search_term_string"}}],"inLanguage":"en-GB"}]}},"_links":{"self":[{"href":"https:\/\/www.evialis.com\/ph\/wp-json\/wp\/v2\/temoignages\/2156","targetHints":{"allow":["GET"]}}],"collection":[{"href":"https:\/\/www.evialis.com\/ph\/wp-json\/wp\/v2\/temoignages"}],"about":[{"href":"https:\/\/www.evialis.com\/ph\/wp-json\/wp\/v2\/types\/temoignages"}],"wp:featuredmedia":[{"embeddable":true,"href":"https:\/\/www.evialis.com\/ph\/wp-json\/wp\/v2\/media\/4928"}],"wp:attachment":[{"href":"https:\/\/www.evialis.com\/ph\/wp-json\/wp\/v2\/media?parent=2156"}],"wp:term":[{"taxonomy":"especes","embeddable":true,"href":"https:\/\/www.evialis.com\/ph\/wp-json\/wp\/v2\/especes?post=2156"}],"curies":[{"name":"wp","href":"https:\/\/api.w.org\/{rel}","templated":true}]}}