{"id":2154,"date":"2021-03-29T13:47:56","date_gmt":"2021-03-29T13:47:56","guid":{"rendered":"https:\/\/evialis.drwp.fr\/temoignages\/gaec-lamarque\/"},"modified":"2021-07-26T08:54:50","modified_gmt":"2021-07-26T08:54:50","slug":"gaec-lamarque","status":"publish","type":"temoignages","link":"https:\/\/www.evialis.com\/ph\/temoignages\/gaec-lamarque\/","title":{"rendered":"GAEC Lamarque"},"content":{"rendered":"\n<h2 class=\"wp-block-heading\"><strong>La nouvelle star est blonde<\/strong><\/h2>\n\n\n\n<div style=\"height:15px\" aria-hidden=\"true\" class=\"wp-block-spacer\"><\/div>\n\n\n\n<h3 class=\"wp-block-heading\">Rencontre avec la famille Camguilhem<\/h3>\n\n\n\n<div style=\"height:15px\" aria-hidden=\"true\" class=\"wp-block-spacer\"><\/div>\n\n\n\n<p>C\u2019est entre oc\u00e9an et montagnes, dans le d\u00e9partement des Pyr\u00e9n\u00e9es Atlantiques, que se trouve la famille\u00a0<strong>Camguilhem<\/strong>. Eleveurs et s\u00e9lectionneurs depuis 1987, Aline, Jean-Pierre et leurs fils Fr\u00e9d\u00e9ric et Beno\u00eet \u00e9l\u00e8vent un troupeau de <strong>Blondes d\u2019Aquitaine.<\/strong> <strong>Le troupeau est inscrit au contr\u00f4le de performances et participe activement \u00e0 l\u2019am\u00e9lioration g\u00e9n\u00e9tique et au d\u00e9veloppement de la race Blonde d\u2019Aquitaine<\/strong>. Ici, tous les animaux sont \u00e9lev\u00e9s et vendus pour la reproduction ou gard\u00e9s pour le renouvellement. Seules les vaches de r\u00e9forme sont engraiss\u00e9es et valoris\u00e9es par le Label Rouge &#8220;B\u0153uf de Chalosse&#8221;. <strong>En moyenne, les vaches sortent \u00e0 650kg de carcasse.\u00a0<\/strong><\/p>\n\n\n\n<div style=\"height:35px\" aria-hidden=\"true\" class=\"wp-block-spacer\"><\/div>\n\n\n\n<div class=\"wp-block-image\"><figure class=\"aligncenter size-large is-resized\"><img fetchpriority=\"high\" decoding=\"async\" src=\"https:\/\/www.evialis.com\/wp-content\/uploads\/2021\/07\/Lamarque-1024x768.jpg\" alt=\"\" class=\"wp-image-5392\" width=\"512\" height=\"384\" srcset=\"https:\/\/www.evialis.com\/wp-content\/uploads\/2021\/07\/Lamarque-1024x768.jpg 1024w, https:\/\/www.evialis.com\/wp-content\/uploads\/2021\/07\/Lamarque-300x225.jpg 300w, https:\/\/www.evialis.com\/wp-content\/uploads\/2021\/07\/Lamarque-768x576.jpg 768w, https:\/\/www.evialis.com\/wp-content\/uploads\/2021\/07\/Lamarque-1536x1152.jpg 1536w, https:\/\/www.evialis.com\/wp-content\/uploads\/2021\/07\/Lamarque-scaled.jpg 2048w\" sizes=\"(max-width: 512px) 100vw, 512px\" \/><\/figure><\/div>\n\n\n\n<div style=\"height:35px\" aria-hidden=\"true\" class=\"wp-block-spacer\"><\/div>\n\n\n\n<h3 class=\"wp-block-heading\">Un sch\u00e9ma de reproduction soign\u00e9<\/h3>\n\n\n\n<div style=\"height:15px\" aria-hidden=\"true\" class=\"wp-block-spacer\"><\/div>\n\n\n\n<p>Un tiers du troupeau est conduit en ins\u00e9mination artificielle. Le reste du troupeau est conduit en monte naturelle avec des taureaux exclusivement achet\u00e9s en station. Les meilleures m\u00e8res b\u00e9n\u00e9ficient d\u2019un accouplement dirig\u00e9 par AURIVA.&nbsp;<strong>Au GAEC LAMARQUE, les v\u00ealages sont \u00e9tal\u00e9s sur toute l\u2019ann\u00e9e<\/strong>. Dans leur organisation, <strong>les \u00e9leveurs visent une mise \u00e0 la reproduction des g\u00e9nisses \u00e0 l\u2019\u00e2ge de 17 mois et le taux de renouvellement du troupeau est de 35%.<\/strong> Les performances exceptionnelles observ\u00e9es sur le troupeau t\u00e9moignent du soin apport\u00e9 aux g\u00e9nisses d\u00e8s le plus jeune \u00e2ge. La reproduction est minutieuse et les \u00e9chographies sont nombreuses.&nbsp;<\/p>\n\n\n\n<div style=\"height:35px\" aria-hidden=\"true\" class=\"wp-block-spacer\"><\/div>\n\n\n\n<h3 class=\"wp-block-heading\">Une ann\u00e9e brillante !<\/h3>\n\n\n\n<div style=\"height:25px\" aria-hidden=\"true\" class=\"wp-block-spacer\"><\/div>\n\n\n\n<p>Premi\u00e8re candidature et premi\u00e8re s\u00e9lection pour le <strong>Salon International de l\u2019Agriculture 2018 \u00e0 Paris !<\/strong> En ce d\u00e9but d\u2019ann\u00e9e, la star du GAEC LAMARQUE, c\u2019est&nbsp;<strong>Jazal\u00e9e<\/strong>. &#8220;On a vu en elle son potentiel d\u00e8s le d\u00e9part&#8221;. N\u00e9e en 2014,&nbsp;Jazal\u00e9e&nbsp;a fait parler d\u2019elle au Salon de l\u2019Agriculture 2018 \u00e0 Paris. Elle a fait partie des 5 blondes d\u2019Aquitaine s\u00e9lectionn\u00e9es pour la vente aux ench\u00e8res des vaches grasses du salon et a \u00e9t\u00e9 vendue \u00e0 <strong>23,40 \u20ac le kilo de carcasse. <\/strong>Mais&nbsp;<strong>Jazal\u00e9e&nbsp;a aussi re\u00e7u l\u2019une des 10 victoires des viandes rac\u00e9es. <\/strong>Un beau palmar\u00e8s pour une premi\u00e8re pr\u00e9sentation \u00e0 Paris !&nbsp;<\/p>\n\n\n\n<div style=\"height:35px\" aria-hidden=\"true\" class=\"wp-block-spacer\"><\/div>\n\n\n\n<p class=\"has-text-align-right\"><strong>Jean-Louis COURTY, EVIALIS<\/strong>&nbsp;<\/p>\n","protected":false},"featured_media":3914,"parent":0,"template":"","especes":[55],"class_list":["post-2154","temoignages","type-temoignages","status-publish","has-post-thumbnail","hentry","especes-bovins-viande"],"acf":[],"yoast_head":"<!-- This site is optimized with the Yoast SEO plugin v27.5 - https:\/\/yoast.com\/product\/yoast-seo-wordpress\/ -->\n<title>T\u00e9moignage \u00e9leveurs - GAEC Lamarque &#8226; EVIALIS<\/title>\n<meta name=\"description\" content=\"C\u2019est dans le d\u00e9partement des Pyr\u00e9n\u00e9es Atlantiques que se trouve la famille Camguilhem, \u00e9leveurs et s\u00e9lectionneurs de Blondes d\u2019Aquitaine depuis 1987.\" \/>\n<meta name=\"robots\" content=\"index, follow, max-snippet:-1, max-image-preview:large, max-video-preview:-1\" \/>\n<link rel=\"canonical\" href=\"https:\/\/www.evialis.com\/ph\/temoignages\/gaec-lamarque\/\" \/>\n<meta property=\"og:locale\" content=\"en_GB\" \/>\n<meta property=\"og:type\" content=\"article\" \/>\n<meta property=\"og:title\" content=\"T\u00e9moignage \u00e9leveurs - GAEC Lamarque &#8226; EVIALIS\" \/>\n<meta property=\"og:description\" content=\"C\u2019est dans le d\u00e9partement des Pyr\u00e9n\u00e9es Atlantiques que se trouve la famille Camguilhem, \u00e9leveurs et s\u00e9lectionneurs de Blondes d\u2019Aquitaine depuis 1987.\" \/>\n<meta property=\"og:url\" content=\"https:\/\/www.evialis.com\/ph\/temoignages\/gaec-lamarque\/\" \/>\n<meta property=\"og:site_name\" content=\"EVIALIS\" \/>\n<meta property=\"article:modified_time\" content=\"2021-07-26T08:54:50+00:00\" \/>\n<meta property=\"og:image\" content=\"https:\/\/www.evialis.com\/wp-content\/uploads\/2021\/04\/Lamarque-scaled.jpg\" \/>\n\t<meta property=\"og:image:width\" content=\"2048\" \/>\n\t<meta property=\"og:image:height\" content=\"1536\" \/>\n\t<meta property=\"og:image:type\" content=\"image\/jpeg\" \/>\n<meta name=\"twitter:card\" content=\"summary_large_image\" \/>\n<meta name=\"twitter:label1\" content=\"Estimated reading time\" \/>\n\t<meta name=\"twitter:data1\" content=\"2 minutes\" \/>\n<script type=\"application\/ld+json\" class=\"yoast-schema-graph\">{\"@context\":\"https:\\\/\\\/schema.org\",\"@graph\":[{\"@type\":\"WebPage\",\"@id\":\"https:\\\/\\\/www.evialis.com\\\/ph\\\/temoignages\\\/gaec-lamarque\\\/\",\"url\":\"https:\\\/\\\/www.evialis.com\\\/ph\\\/temoignages\\\/gaec-lamarque\\\/\",\"name\":\"T\u00e9moignage \u00e9leveurs - GAEC Lamarque &#8226; EVIALIS\",\"isPartOf\":{\"@id\":\"https:\\\/\\\/www.evialis.com\\\/ph\\\/#website\"},\"primaryImageOfPage\":{\"@id\":\"https:\\\/\\\/www.evialis.com\\\/ph\\\/temoignages\\\/gaec-lamarque\\\/#primaryimage\"},\"image\":{\"@id\":\"https:\\\/\\\/www.evialis.com\\\/ph\\\/temoignages\\\/gaec-lamarque\\\/#primaryimage\"},\"thumbnailUrl\":\"https:\\\/\\\/www.evialis.com\\\/wp-content\\\/uploads\\\/2021\\\/04\\\/Lamarque-scaled.jpg\",\"datePublished\":\"2021-03-29T13:47:56+00:00\",\"dateModified\":\"2021-07-26T08:54:50+00:00\",\"description\":\"C\u2019est dans le d\u00e9partement des Pyr\u00e9n\u00e9es Atlantiques que se trouve la famille Camguilhem, \u00e9leveurs et s\u00e9lectionneurs de Blondes d\u2019Aquitaine depuis 1987.\",\"breadcrumb\":{\"@id\":\"https:\\\/\\\/www.evialis.com\\\/ph\\\/temoignages\\\/gaec-lamarque\\\/#breadcrumb\"},\"inLanguage\":\"en-GB\",\"potentialAction\":[{\"@type\":\"ReadAction\",\"target\":[\"https:\\\/\\\/www.evialis.com\\\/ph\\\/temoignages\\\/gaec-lamarque\\\/\"]}]},{\"@type\":\"ImageObject\",\"inLanguage\":\"en-GB\",\"@id\":\"https:\\\/\\\/www.evialis.com\\\/ph\\\/temoignages\\\/gaec-lamarque\\\/#primaryimage\",\"url\":\"https:\\\/\\\/www.evialis.com\\\/wp-content\\\/uploads\\\/2021\\\/04\\\/Lamarque-scaled.jpg\",\"contentUrl\":\"https:\\\/\\\/www.evialis.com\\\/wp-content\\\/uploads\\\/2021\\\/04\\\/Lamarque-scaled.jpg\",\"width\":2048,\"height\":1536},{\"@type\":\"BreadcrumbList\",\"@id\":\"https:\\\/\\\/www.evialis.com\\\/ph\\\/temoignages\\\/gaec-lamarque\\\/#breadcrumb\",\"itemListElement\":[{\"@type\":\"ListItem\",\"position\":1,\"name\":\"Home\",\"item\":\"https:\\\/\\\/www.evialis.com\\\/ph\\\/\"},{\"@type\":\"ListItem\",\"position\":2,\"name\":\"Testimonials\",\"item\":\"https:\\\/\\\/www.evialis.com\\\/ph\\\/temoignages\\\/\"},{\"@type\":\"ListItem\",\"position\":3,\"name\":\"GAEC Lamarque\"}]},{\"@type\":\"WebSite\",\"@id\":\"https:\\\/\\\/www.evialis.com\\\/ph\\\/#website\",\"url\":\"https:\\\/\\\/www.evialis.com\\\/ph\\\/\",\"name\":\"EVIALIS\",\"description\":\"Nourrir vos animaux et bien plus - Leader en nutrition animale\",\"potentialAction\":[{\"@type\":\"SearchAction\",\"target\":{\"@type\":\"EntryPoint\",\"urlTemplate\":\"https:\\\/\\\/www.evialis.com\\\/ph\\\/?s={search_term_string}\"},\"query-input\":{\"@type\":\"PropertyValueSpecification\",\"valueRequired\":true,\"valueName\":\"search_term_string\"}}],\"inLanguage\":\"en-GB\"}]}<\/script>\n<!-- \/ Yoast SEO plugin. -->","yoast_head_json":{"title":"T\u00e9moignage \u00e9leveurs - GAEC Lamarque &#8226; EVIALIS","description":"C\u2019est dans le d\u00e9partement des Pyr\u00e9n\u00e9es Atlantiques que se trouve la famille Camguilhem, \u00e9leveurs et s\u00e9lectionneurs de Blondes d\u2019Aquitaine depuis 1987.","robots":{"index":"index","follow":"follow","max-snippet":"max-snippet:-1","max-image-preview":"max-image-preview:large","max-video-preview":"max-video-preview:-1"},"canonical":"https:\/\/www.evialis.com\/ph\/temoignages\/gaec-lamarque\/","og_locale":"en_GB","og_type":"article","og_title":"T\u00e9moignage \u00e9leveurs - GAEC Lamarque &#8226; EVIALIS","og_description":"C\u2019est dans le d\u00e9partement des Pyr\u00e9n\u00e9es Atlantiques que se trouve la famille Camguilhem, \u00e9leveurs et s\u00e9lectionneurs de Blondes d\u2019Aquitaine depuis 1987.","og_url":"https:\/\/www.evialis.com\/ph\/temoignages\/gaec-lamarque\/","og_site_name":"EVIALIS","article_modified_time":"2021-07-26T08:54:50+00:00","og_image":[{"width":2048,"height":1536,"url":"https:\/\/www.evialis.com\/wp-content\/uploads\/2021\/04\/Lamarque-scaled.jpg","type":"image\/jpeg"}],"twitter_card":"summary_large_image","twitter_misc":{"Estimated reading time":"2 minutes"},"schema":{"@context":"https:\/\/schema.org","@graph":[{"@type":"WebPage","@id":"https:\/\/www.evialis.com\/ph\/temoignages\/gaec-lamarque\/","url":"https:\/\/www.evialis.com\/ph\/temoignages\/gaec-lamarque\/","name":"T\u00e9moignage \u00e9leveurs - GAEC Lamarque &#8226; EVIALIS","isPartOf":{"@id":"https:\/\/www.evialis.com\/ph\/#website"},"primaryImageOfPage":{"@id":"https:\/\/www.evialis.com\/ph\/temoignages\/gaec-lamarque\/#primaryimage"},"image":{"@id":"https:\/\/www.evialis.com\/ph\/temoignages\/gaec-lamarque\/#primaryimage"},"thumbnailUrl":"https:\/\/www.evialis.com\/wp-content\/uploads\/2021\/04\/Lamarque-scaled.jpg","datePublished":"2021-03-29T13:47:56+00:00","dateModified":"2021-07-26T08:54:50+00:00","description":"C\u2019est dans le d\u00e9partement des Pyr\u00e9n\u00e9es Atlantiques que se trouve la famille Camguilhem, \u00e9leveurs et s\u00e9lectionneurs de Blondes d\u2019Aquitaine depuis 1987.","breadcrumb":{"@id":"https:\/\/www.evialis.com\/ph\/temoignages\/gaec-lamarque\/#breadcrumb"},"inLanguage":"en-GB","potentialAction":[{"@type":"ReadAction","target":["https:\/\/www.evialis.com\/ph\/temoignages\/gaec-lamarque\/"]}]},{"@type":"ImageObject","inLanguage":"en-GB","@id":"https:\/\/www.evialis.com\/ph\/temoignages\/gaec-lamarque\/#primaryimage","url":"https:\/\/www.evialis.com\/wp-content\/uploads\/2021\/04\/Lamarque-scaled.jpg","contentUrl":"https:\/\/www.evialis.com\/wp-content\/uploads\/2021\/04\/Lamarque-scaled.jpg","width":2048,"height":1536},{"@type":"BreadcrumbList","@id":"https:\/\/www.evialis.com\/ph\/temoignages\/gaec-lamarque\/#breadcrumb","itemListElement":[{"@type":"ListItem","position":1,"name":"Home","item":"https:\/\/www.evialis.com\/ph\/"},{"@type":"ListItem","position":2,"name":"Testimonials","item":"https:\/\/www.evialis.com\/ph\/temoignages\/"},{"@type":"ListItem","position":3,"name":"GAEC Lamarque"}]},{"@type":"WebSite","@id":"https:\/\/www.evialis.com\/ph\/#website","url":"https:\/\/www.evialis.com\/ph\/","name":"EVIALIS","description":"Nourrir vos animaux et bien plus - Leader en nutrition animale","potentialAction":[{"@type":"SearchAction","target":{"@type":"EntryPoint","urlTemplate":"https:\/\/www.evialis.com\/ph\/?s={search_term_string}"},"query-input":{"@type":"PropertyValueSpecification","valueRequired":true,"valueName":"search_term_string"}}],"inLanguage":"en-GB"}]}},"_links":{"self":[{"href":"https:\/\/www.evialis.com\/ph\/wp-json\/wp\/v2\/temoignages\/2154","targetHints":{"allow":["GET"]}}],"collection":[{"href":"https:\/\/www.evialis.com\/ph\/wp-json\/wp\/v2\/temoignages"}],"about":[{"href":"https:\/\/www.evialis.com\/ph\/wp-json\/wp\/v2\/types\/temoignages"}],"wp:featuredmedia":[{"embeddable":true,"href":"https:\/\/www.evialis.com\/ph\/wp-json\/wp\/v2\/media\/3914"}],"wp:attachment":[{"href":"https:\/\/www.evialis.com\/ph\/wp-json\/wp\/v2\/media?parent=2154"}],"wp:term":[{"taxonomy":"especes","embeddable":true,"href":"https:\/\/www.evialis.com\/ph\/wp-json\/wp\/v2\/especes?post=2154"}],"curies":[{"name":"wp","href":"https:\/\/api.w.org\/{rel}","templated":true}]}}