{"id":2152,"date":"2021-03-29T13:47:56","date_gmt":"2021-03-29T13:47:56","guid":{"rendered":"https:\/\/evialis.drwp.fr\/temoignages\/gaec-js2l\/"},"modified":"2021-07-21T14:36:18","modified_gmt":"2021-07-21T14:36:18","slug":"gaec-js2l","status":"publish","type":"temoignages","link":"https:\/\/www.evialis.com\/ph\/temoignages\/gaec-js2l\/","title":{"rendered":"GAEC JS2L"},"content":{"rendered":"\n<h2 class=\"wp-block-heading\"><strong>\u00catre \u00e9leveur avant tout\u202f!<\/strong><\/h2>\n\n\n\n<div style=\"height:15px\" aria-hidden=\"true\" class=\"wp-block-spacer\"><\/div>\n\n\n\n<p><strong>Situ\u00e9 au c\u0153ur de la Bresse Louhannaise, \u00e0 Pierre-de-Bresse (71), le GAEC JS2L compte 2 associ\u00e9s : Julien et Sarah GANDREY. Le GAEC comprend un atelier lait,&nbsp;et des activit\u00e9s annexes.&nbsp;Les deux associ\u00e9s sont aussi largement pr\u00e9sents dans les organisations&nbsp;professionnelles agricoles.<\/strong>&nbsp;<\/p>\n\n\n\n<div style=\"height:35px\" aria-hidden=\"true\" class=\"wp-block-spacer\"><\/div>\n\n\n\n<h3 class=\"wp-block-heading\"><strong>Le GAEC&nbsp;JS2L<\/strong><\/h3>\n\n\n\n<div style=\"height:15px\" aria-hidden=\"true\" class=\"wp-block-spacer\"><\/div>\n\n\n\n<p>Le\u00a0GAEC compte <strong>60 vaches laiti\u00e8res de race\u00a0Prim\u2019Holstein\u00a0\u00e0 plus de 11 000 kg et\u00a0 100\u00a0 g\u00e9nisses<\/strong>.\u00a0 L\u2019\u00e2ge\u00a0 moyen\u00a0 au\u00a0 premier v\u00ealage est de 25 mois et l\u2019intervalle v\u00ealage-v\u00ealage (IVV) est de 385 jours.\u00a0 En\u00a0 2017,\u00a0 l\u2019\u00e9levage\u00a0 est\u00a0 premier\u00a0 du\u00a0 d\u00e9partement\u00a0 en\u00a0 production\u00a0 laiti\u00e8re,\u00a0 tous\u00a0 syst\u00e8mes confondus.\u00a0<\/p>\n\n\n\n<div style=\"height:35px\" aria-hidden=\"true\" class=\"wp-block-spacer\"><\/div>\n\n\n\n<h3 class=\"wp-block-heading\"><strong>La dynamique du GAEC&nbsp;<\/strong><\/h3>\n\n\n\n<div style=\"height:15px\" aria-hidden=\"true\" class=\"wp-block-spacer\"><\/div>\n\n\n\n<p>Au\u00a0 GAEC\u00a0 JS2L,\u00a0 les\u00a0 missions\u00a0 de\u00a0 chacun\u00a0 sont\u00a0 bien\u00a0 d\u00e9finies.\u00a0 Sarah\u00a0 s\u2019occupe\u00a0 du\u00a0 troupeau,\u00a0 de\u00a0 la\u00a0 gestion,\u00a0 de\u00a0 l\u2019entretien\u00a0 du\u00a0 robot\u00a0 et\u00a0 du\u00a0 g\u00eete et Julien s\u2019occupe de l\u2019alimentation, de la reproduction, de l\u2019atelier porcs et des cultures. <strong>Un\u00a0 des\u00a0 piliers\u00a0 de\u00a0 l\u2019\u00e9levage\u00a0 est\u00a0 l\u2019attention\u00a0port\u00e9e\u00a0\u00a0 \u00e0\u00a0\u00a0 limiter\u00a0\u00a0 les\u00a0\u00a0 facteurs\u00a0\u00a0 de\u00a0\u00a0 stress\u00a0\u00a0 \u00e0\u00a0chaque\u00a0\u00e9tape de transition<\/strong>. Les exploitants\u00a0ont ainsi construit un cabanon d\u2019adaptation pour les veaux entre la nurserie et la case post-sevrage. Les g\u00e9nisses, quant \u00e0 elles, b\u00e9n\u00e9ficient d\u2019une p\u00e9riode d\u2019adaptation au robot\u00a0et\u00a0 au\u00a0 troupeau\u00a0 un\u00a0 mois\u00a0 avant\u00a0 v\u00ealage.\u00a0 Enfin\u00a0 pour\u00a0 les\u00a0 vaches,\u00a0 le\u00a0 b\u00e2timent\u00a0 est\u00a0 \u00e9quip\u00e9\u00a0 de\u00a0 logettes creuses, de brosses articul\u00e9es et d\u2019un brumisateur con\u00e7u par les \u00e9leveurs.\u00a0<\/p>\n\n\n\n<div style=\"height:35px\" aria-hidden=\"true\" class=\"wp-block-spacer\"><\/div>\n\n\n\n<div class=\"wp-block-image\"><figure class=\"aligncenter size-large\"><img fetchpriority=\"high\" decoding=\"async\" width=\"401\" height=\"200\" src=\"https:\/\/www.evialis.com\/wp-content\/uploads\/2021\/04\/JS2L2.png\" alt=\"\" class=\"wp-image-3886\" srcset=\"https:\/\/www.evialis.com\/wp-content\/uploads\/2021\/04\/JS2L2.png 401w, https:\/\/www.evialis.com\/wp-content\/uploads\/2021\/04\/JS2L2-300x150.png 300w\" sizes=\"(max-width: 401px) 100vw, 401px\" \/><\/figure><\/div>\n\n\n\n<h3 class=\"wp-block-heading\"><strong>G\u00e9n\u00e9tique et reproduction<\/strong><\/h3>\n\n\n\n<div style=\"height:15px\" aria-hidden=\"true\" class=\"wp-block-spacer\"><\/div>\n\n\n\n<p>Pour\u00a0 Sarah\u00a0 et\u00a0 Julien,<strong>\u00a0 l\u2019objectif\u00a0 est\u00a0 de\u00a0 garder\u00a0 les vaches le plus longtemps possible<\/strong>. Le troupeau\u00a0 est\u00a0 pass\u00e9\u00a0 de\u00a0 40\u00a0 \u00e0\u00a0 60\u00a0 %\u00a0 de\u00a0 multipares.\u00a0 Cela fait \u00e9galement 6 ans qu\u2019ils s\u2019int\u00e9ressent \u00e0 la\u00a0 g\u00e9n\u00e9tique.\u00a0 &#8220;Nous\u00a0 regardons\u00a0 principalement\u00a0 la qualit\u00e9 des membres, les cellules et la morphologie&#8221;.\u00a0\u00a0<\/p>\n\n\n\n<p>Pour\u00a0 <strong>am\u00e9liorer\u00a0 leurs\u00a0 performances\u00a0 de\u00a0 reproduction<\/strong>,\u00a0 Sarah\u00a0 ins\u00e9mine\u00a0 et\u00a0 \u00e9chographie\u00a0 elle-m\u00eame\u00a0 les\u00a0 vaches\u00a0 du\u00a0 troupeau:\u00a0 &#8220;cela\u00a0 nous\u00a0 permet d&#8217;\u00eatre\u00a0au plus proche de nos vaches et de\u00a0 les\u00a0 ins\u00e9miner\u00a0 au\u00a0 bon\u00a0 moment.\u00a0 Elles\u00a0 sont\u00a0 moins\u00a0 stress\u00e9es\u00a0 car\u00a0 elles\u00a0 nous\u00a0 connaissent\u00a0 et\u00a0 nous\u00a0 avons\u00a0 gagn\u00e9\u00a0 un\u00a0 mois\u00a0 d\u2019IVV&#8221;.\u00a0 D\u2019autre\u00a0 part, Sarah s\u2019int\u00e9resse depuis quelques temps \u00e0 l\u2019hom\u00e9opathie autour du v\u00ealage et du veau.\u00a0\u00a0<\/p>\n\n\n\n<div style=\"height:35px\" aria-hidden=\"true\" class=\"wp-block-spacer\"><\/div>\n\n\n\n<h3 class=\"wp-block-heading\"><strong>L\u2019alimentation des vaches laiti\u00e8res&nbsp;<\/strong><\/h3>\n\n\n\n<div style=\"height:15px\" aria-hidden=\"true\" class=\"wp-block-spacer\"><\/div>\n\n\n\n<p>La&nbsp; concentration&nbsp; de&nbsp; la&nbsp; ration&nbsp; m\u00e9lang\u00e9e&nbsp; distribu\u00e9e&nbsp; \u00e0&nbsp; l\u2019auge&nbsp; (par&nbsp; kg&nbsp; MS)&nbsp; est&nbsp; de&nbsp; 0,96&nbsp; UFL,&nbsp; 16 % de MAT, 50 g PDIA, 101g d\u2019ENI et 245 g d\u2019amidon et sucres (crit\u00e8res EVIALIS), 17 % de CB, 4,5 g de Phosphore et 9,2 g de Calcium.&nbsp;&nbsp;<\/p>\n\n\n\n<div class=\"wp-block-image\"><figure class=\"aligncenter size-full\"><img decoding=\"async\" width=\"412\" height=\"471\" src=\"https:\/\/www.evialis.com\/wp-content\/uploads\/2021\/04\/JS2L-1.png\" alt=\"\" class=\"wp-image-3885\" srcset=\"https:\/\/www.evialis.com\/wp-content\/uploads\/2021\/04\/JS2L-1.png 412w, https:\/\/www.evialis.com\/wp-content\/uploads\/2021\/04\/JS2L-1-262x300.png 262w\" sizes=\"(max-width: 412px) 100vw, 412px\" \/><\/figure><\/div>\n\n\n\n<p>Sur\u00a0 les\u00a0 conseils\u00a0 de\u00a0 Lorris\u00a0 Germain,\u00a0 technicien\u00a0 EVIALIS\u00a0 de\u00a0 SOREAL\u00a0 et\u00a0 afin\u00a0 d\u2019\u00eatre\u00a0 au\u00a0 plus\u00a0 pr\u00e8s\u00a0 des\u00a0 besoins\u00a0 des\u00a0 vaches,\u00a0 <strong>la\u00a0 ration\u00a0 est\u00a0 compl\u00e9t\u00e9e\u00a0 au\u00a0 DAC\u00a0 du\u00a0 ROBOT\u00a0 de\u00a0 traite\u00a0 par\u00a0 un aliment sp\u00e9cifique de lactation : le<\/strong> <a href=\"https:\/\/www.evialis.com\/aliments-ruminants\/nutris-reprolact-nutrition-vaches-laitieres-gamme-vision-peri-partum\/\" target=\"_blank\" rel=\"noreferrer noopener\">NUTRIS REPROLACT<\/a>,\u00a0\u00a0 aliment\u00a0\u00a0 complet\u00a0\u00a0 incontournable\u00a0\u00a0 de la gamme EVIALIS.\u00a0\u00a0<\/p>\n\n\n\n<p>Au\u00a0 GAEC\u00a0 JS2L,\u00a0 on soigne l\u2019homog\u00e9n\u00e9it\u00e9 de la\u00a0 ration\u00a0 :\u00a0 &#8220;nous\u00a0 distribuons\u00a0 deux\u00a0 fois\u00a0 par\u00a0 jour\u00a0pour un m\u00e9lange plus homog\u00e8ne&#8221;.\u00a0\u00a0<\/p>\n\n\n\n<p>Les \u00e9leveurs ont r\u00e9cemment ajust\u00e9 leur ration de\u00a0 base\u00a0 :\u00a0 &#8220;<strong>nous\u00a0 r\u00e9coltons\u00a0 des\u00a0 fourrages\u00a0 de\u00a0 tr\u00e8s\u00a0 bonne\u00a0 qualit\u00e9\u00a0 pour\u00a0 avoir\u00a0 une\u00a0 valorisation\u00a0 maximale de la ration de base<\/strong>. Il y a quelques\u00a0ann\u00e9es,\u00a0 nous\u00a0 avions\u00a0 du\u00a0 mal\u00a0 \u00e0\u00a0 faire\u00a0 du\u00a0 lait\u00a0 et\u00a0 nos\u00a0 vaches\u00a0 manquaient\u00a0 d\u2019\u00e9tat\u00a0 corporel.\u00a0 Cela\u00a0 fait aujourd\u2019hui 4 ans que nous travaillons avec EVIALIS\u00a0 et\u00a0 <strong>nous\u00a0 sommes\u00a0 pass\u00e9s\u00a0 de\u00a0 27\u00a0 kg\u00a0 \u00e0\u00a0 plus\u00a0 de\u00a0 40\u00a0 kg\u00a0 de\u00a0 lait\u00a0 en\u00a0 moyenne.<\/strong>\u00a0 De\u00a0 plus,\u00a0 les\u00a0 vaches\u00a0 sont\u00a0 en\u00a0 bonne\u00a0 sant\u00e9,\u00a0 ont\u00a0 de\u00a0 bons\u00a0 aplombs,\u00a0 nous\u00a0 avons\u00a0 des\u00a0 r\u00e9sultats\u00a0 de\u00a0 reproduction corrects et les vaches sont toujours en parfait \u00e9tat&#8221;.\u00a0<\/p>\n\n\n\n<h3 class=\"wp-block-heading\">Et pour la suite ? <\/h3>\n\n\n\n<p><strong>Les\u00a0 attentes\u00a0 des\u00a0 \u00e9leveurs\u00a0 sont\u00a0 maintenant\u00a0 tourn\u00e9es\u00a0 vers\u00a0 une\u00a0 argumentation\u00a0 des\u00a0 TB\u00a0 et\u00a0 TP<\/strong>\u00a0\u00a0\u00a0 et\u00a0\u00a0\u00a0 c\u2019est\u00a0 la\u00a0 raison\u00a0 pour\u00a0 laquelle\u00a0 ils\u00a0 ont\u00a0 remplac\u00e9\u00a0 le\u00a0 correcteur\u00a0 azot\u00e9\u00a0 par\u00a0 le\u00a0 <a href=\"https:\/\/www.evialis.com\/aliments-ruminants\/nutris-plus-azote-nutrition-vaches-laitiere-gamme-vision-quantite-matiere-grasse-lait\/\" target=\"_blank\" rel=\"noreferrer noopener\">NUTRIS PLUS\u00a0 AZOTE<\/a>.\u00a0 Celui-ci\u00a0 est\u00a0 un\u00a0 correcteur\u00a0 azot\u00e9\u00a0 tr\u00e8s concentr\u00e9 sp\u00e9cialement formul\u00e9 pour <strong>corriger\u00a0 les\u00a0 rations\u00a0 d\u00e9ficitaires\u00a0 en\u00a0 azote<\/strong>\u00a0 et\u00a0 pour\u00a0 r\u00e9pondre aux objectifs d\u2019<strong>am\u00e9lioration du TB et du TP des vaches laiti\u00e8res.<\/strong>\u00a0<\/p>\n\n\n\n<div style=\"height:35px\" aria-hidden=\"true\" class=\"wp-block-spacer\"><\/div>\n\n\n\n<p class=\"has-text-align-right\"><strong>Jean-Louis COURTY, EVIALIS<\/strong>&nbsp;<\/p>\n","protected":false},"featured_media":5125,"parent":0,"template":"","especes":[40],"class_list":["post-2152","temoignages","type-temoignages","status-publish","has-post-thumbnail","hentry","especes-vaches-laitieres"],"acf":[],"yoast_head":"<!-- This site is optimized with the Yoast SEO plugin v27.5 - https:\/\/yoast.com\/product\/yoast-seo-wordpress\/ -->\n<title>T\u00e9moignage vaches laiti\u00e8res - GAEC JS2L &#8226; EVIALIS<\/title>\n<meta name=\"description\" content=\"Le GAEC comprend un atelier lait, et des activit\u00e9s annexes, les deux associ\u00e9s sont aussi pr\u00e9sents dans les organisations professionnelles agricoles\" \/>\n<meta name=\"robots\" content=\"index, follow, max-snippet:-1, max-image-preview:large, max-video-preview:-1\" \/>\n<link rel=\"canonical\" href=\"https:\/\/www.evialis.com\/ph\/temoignages\/gaec-js2l\/\" \/>\n<meta property=\"og:locale\" content=\"en_GB\" \/>\n<meta property=\"og:type\" content=\"article\" \/>\n<meta property=\"og:title\" content=\"T\u00e9moignage vaches laiti\u00e8res - GAEC JS2L &#8226; EVIALIS\" \/>\n<meta property=\"og:description\" content=\"Le GAEC comprend un atelier lait, et des activit\u00e9s annexes, les deux associ\u00e9s sont aussi pr\u00e9sents dans les organisations professionnelles agricoles\" \/>\n<meta property=\"og:url\" content=\"https:\/\/www.evialis.com\/ph\/temoignages\/gaec-js2l\/\" \/>\n<meta property=\"og:site_name\" content=\"EVIALIS\" \/>\n<meta property=\"article:modified_time\" content=\"2021-07-21T14:36:18+00:00\" \/>\n<meta property=\"og:image\" content=\"https:\/\/www.evialis.com\/wp-content\/uploads\/2021\/03\/AdobeStock_159644848-scaled.jpeg\" \/>\n\t<meta property=\"og:image:width\" content=\"2048\" \/>\n\t<meta property=\"og:image:height\" content=\"1230\" \/>\n\t<meta property=\"og:image:type\" content=\"image\/jpeg\" \/>\n<meta name=\"twitter:card\" content=\"summary_large_image\" \/>\n<meta name=\"twitter:label1\" content=\"Estimated reading time\" \/>\n\t<meta name=\"twitter:data1\" content=\"4 minutes\" \/>\n<script type=\"application\/ld+json\" class=\"yoast-schema-graph\">{\"@context\":\"https:\\\/\\\/schema.org\",\"@graph\":[{\"@type\":\"WebPage\",\"@id\":\"https:\\\/\\\/www.evialis.com\\\/ph\\\/temoignages\\\/gaec-js2l\\\/\",\"url\":\"https:\\\/\\\/www.evialis.com\\\/ph\\\/temoignages\\\/gaec-js2l\\\/\",\"name\":\"T\u00e9moignage vaches laiti\u00e8res - GAEC JS2L &#8226; EVIALIS\",\"isPartOf\":{\"@id\":\"https:\\\/\\\/www.evialis.com\\\/ph\\\/#website\"},\"primaryImageOfPage\":{\"@id\":\"https:\\\/\\\/www.evialis.com\\\/ph\\\/temoignages\\\/gaec-js2l\\\/#primaryimage\"},\"image\":{\"@id\":\"https:\\\/\\\/www.evialis.com\\\/ph\\\/temoignages\\\/gaec-js2l\\\/#primaryimage\"},\"thumbnailUrl\":\"https:\\\/\\\/www.evialis.com\\\/wp-content\\\/uploads\\\/2021\\\/03\\\/AdobeStock_159644848-scaled.jpeg\",\"datePublished\":\"2021-03-29T13:47:56+00:00\",\"dateModified\":\"2021-07-21T14:36:18+00:00\",\"description\":\"Le GAEC comprend un atelier lait, et des activit\u00e9s annexes, les deux associ\u00e9s sont aussi pr\u00e9sents dans les organisations professionnelles agricoles\",\"breadcrumb\":{\"@id\":\"https:\\\/\\\/www.evialis.com\\\/ph\\\/temoignages\\\/gaec-js2l\\\/#breadcrumb\"},\"inLanguage\":\"en-GB\",\"potentialAction\":[{\"@type\":\"ReadAction\",\"target\":[\"https:\\\/\\\/www.evialis.com\\\/ph\\\/temoignages\\\/gaec-js2l\\\/\"]}]},{\"@type\":\"ImageObject\",\"inLanguage\":\"en-GB\",\"@id\":\"https:\\\/\\\/www.evialis.com\\\/ph\\\/temoignages\\\/gaec-js2l\\\/#primaryimage\",\"url\":\"https:\\\/\\\/www.evialis.com\\\/wp-content\\\/uploads\\\/2021\\\/03\\\/AdobeStock_159644848-scaled.jpeg\",\"contentUrl\":\"https:\\\/\\\/www.evialis.com\\\/wp-content\\\/uploads\\\/2021\\\/03\\\/AdobeStock_159644848-scaled.jpeg\",\"width\":2048,\"height\":1230},{\"@type\":\"BreadcrumbList\",\"@id\":\"https:\\\/\\\/www.evialis.com\\\/ph\\\/temoignages\\\/gaec-js2l\\\/#breadcrumb\",\"itemListElement\":[{\"@type\":\"ListItem\",\"position\":1,\"name\":\"Home\",\"item\":\"https:\\\/\\\/www.evialis.com\\\/ph\\\/\"},{\"@type\":\"ListItem\",\"position\":2,\"name\":\"Testimonials\",\"item\":\"https:\\\/\\\/www.evialis.com\\\/ph\\\/temoignages\\\/\"},{\"@type\":\"ListItem\",\"position\":3,\"name\":\"GAEC JS2L\"}]},{\"@type\":\"WebSite\",\"@id\":\"https:\\\/\\\/www.evialis.com\\\/ph\\\/#website\",\"url\":\"https:\\\/\\\/www.evialis.com\\\/ph\\\/\",\"name\":\"EVIALIS\",\"description\":\"Nourrir vos animaux et bien plus - Leader en nutrition animale\",\"potentialAction\":[{\"@type\":\"SearchAction\",\"target\":{\"@type\":\"EntryPoint\",\"urlTemplate\":\"https:\\\/\\\/www.evialis.com\\\/ph\\\/?s={search_term_string}\"},\"query-input\":{\"@type\":\"PropertyValueSpecification\",\"valueRequired\":true,\"valueName\":\"search_term_string\"}}],\"inLanguage\":\"en-GB\"}]}<\/script>\n<!-- \/ Yoast SEO plugin. -->","yoast_head_json":{"title":"T\u00e9moignage vaches laiti\u00e8res - GAEC JS2L &#8226; EVIALIS","description":"Le GAEC comprend un atelier lait, et des activit\u00e9s annexes, les deux associ\u00e9s sont aussi pr\u00e9sents dans les organisations professionnelles agricoles","robots":{"index":"index","follow":"follow","max-snippet":"max-snippet:-1","max-image-preview":"max-image-preview:large","max-video-preview":"max-video-preview:-1"},"canonical":"https:\/\/www.evialis.com\/ph\/temoignages\/gaec-js2l\/","og_locale":"en_GB","og_type":"article","og_title":"T\u00e9moignage vaches laiti\u00e8res - GAEC JS2L &#8226; EVIALIS","og_description":"Le GAEC comprend un atelier lait, et des activit\u00e9s annexes, les deux associ\u00e9s sont aussi pr\u00e9sents dans les organisations professionnelles agricoles","og_url":"https:\/\/www.evialis.com\/ph\/temoignages\/gaec-js2l\/","og_site_name":"EVIALIS","article_modified_time":"2021-07-21T14:36:18+00:00","og_image":[{"width":2048,"height":1230,"url":"https:\/\/www.evialis.com\/wp-content\/uploads\/2021\/03\/AdobeStock_159644848-scaled.jpeg","type":"image\/jpeg"}],"twitter_card":"summary_large_image","twitter_misc":{"Estimated reading time":"4 minutes"},"schema":{"@context":"https:\/\/schema.org","@graph":[{"@type":"WebPage","@id":"https:\/\/www.evialis.com\/ph\/temoignages\/gaec-js2l\/","url":"https:\/\/www.evialis.com\/ph\/temoignages\/gaec-js2l\/","name":"T\u00e9moignage vaches laiti\u00e8res - GAEC JS2L &#8226; EVIALIS","isPartOf":{"@id":"https:\/\/www.evialis.com\/ph\/#website"},"primaryImageOfPage":{"@id":"https:\/\/www.evialis.com\/ph\/temoignages\/gaec-js2l\/#primaryimage"},"image":{"@id":"https:\/\/www.evialis.com\/ph\/temoignages\/gaec-js2l\/#primaryimage"},"thumbnailUrl":"https:\/\/www.evialis.com\/wp-content\/uploads\/2021\/03\/AdobeStock_159644848-scaled.jpeg","datePublished":"2021-03-29T13:47:56+00:00","dateModified":"2021-07-21T14:36:18+00:00","description":"Le GAEC comprend un atelier lait, et des activit\u00e9s annexes, les deux associ\u00e9s sont aussi pr\u00e9sents dans les organisations professionnelles agricoles","breadcrumb":{"@id":"https:\/\/www.evialis.com\/ph\/temoignages\/gaec-js2l\/#breadcrumb"},"inLanguage":"en-GB","potentialAction":[{"@type":"ReadAction","target":["https:\/\/www.evialis.com\/ph\/temoignages\/gaec-js2l\/"]}]},{"@type":"ImageObject","inLanguage":"en-GB","@id":"https:\/\/www.evialis.com\/ph\/temoignages\/gaec-js2l\/#primaryimage","url":"https:\/\/www.evialis.com\/wp-content\/uploads\/2021\/03\/AdobeStock_159644848-scaled.jpeg","contentUrl":"https:\/\/www.evialis.com\/wp-content\/uploads\/2021\/03\/AdobeStock_159644848-scaled.jpeg","width":2048,"height":1230},{"@type":"BreadcrumbList","@id":"https:\/\/www.evialis.com\/ph\/temoignages\/gaec-js2l\/#breadcrumb","itemListElement":[{"@type":"ListItem","position":1,"name":"Home","item":"https:\/\/www.evialis.com\/ph\/"},{"@type":"ListItem","position":2,"name":"Testimonials","item":"https:\/\/www.evialis.com\/ph\/temoignages\/"},{"@type":"ListItem","position":3,"name":"GAEC JS2L"}]},{"@type":"WebSite","@id":"https:\/\/www.evialis.com\/ph\/#website","url":"https:\/\/www.evialis.com\/ph\/","name":"EVIALIS","description":"Nourrir vos animaux et bien plus - Leader en nutrition animale","potentialAction":[{"@type":"SearchAction","target":{"@type":"EntryPoint","urlTemplate":"https:\/\/www.evialis.com\/ph\/?s={search_term_string}"},"query-input":{"@type":"PropertyValueSpecification","valueRequired":true,"valueName":"search_term_string"}}],"inLanguage":"en-GB"}]}},"_links":{"self":[{"href":"https:\/\/www.evialis.com\/ph\/wp-json\/wp\/v2\/temoignages\/2152","targetHints":{"allow":["GET"]}}],"collection":[{"href":"https:\/\/www.evialis.com\/ph\/wp-json\/wp\/v2\/temoignages"}],"about":[{"href":"https:\/\/www.evialis.com\/ph\/wp-json\/wp\/v2\/types\/temoignages"}],"wp:featuredmedia":[{"embeddable":true,"href":"https:\/\/www.evialis.com\/ph\/wp-json\/wp\/v2\/media\/5125"}],"wp:attachment":[{"href":"https:\/\/www.evialis.com\/ph\/wp-json\/wp\/v2\/media?parent=2152"}],"wp:term":[{"taxonomy":"especes","embeddable":true,"href":"https:\/\/www.evialis.com\/ph\/wp-json\/wp\/v2\/especes?post=2152"}],"curies":[{"name":"wp","href":"https:\/\/api.w.org\/{rel}","templated":true}]}}