{"id":2148,"date":"2021-03-29T13:47:56","date_gmt":"2021-03-29T13:47:56","guid":{"rendered":"https:\/\/evialis.drwp.fr\/temoignages\/gaec-du-coudray\/"},"modified":"2021-07-21T13:43:43","modified_gmt":"2021-07-21T13:43:43","slug":"gaec-du-coudray","status":"publish","type":"temoignages","link":"https:\/\/www.evialis.com\/ph\/temoignages\/gaec-du-coudray\/","title":{"rendered":"GAEC du Coudray"},"content":{"rendered":"\n<h2 class=\"wp-block-heading\"><strong><strong>Ambition &amp; r\u00e9ussite<\/strong><\/strong><\/h2>\n\n\n\n<div style=\"height:15px\" aria-hidden=\"true\" class=\"wp-block-spacer\"><\/div>\n\n\n\n<p><strong>Anne-Marie et Alain, dirigent d\u2019une main de ma\u00eetre leur exploitation agricole. Accompagn\u00e9s par un salari\u00e9 et un apprenti en BTS ACSE (Analyse, Conduite et Strat\u00e9gie de l\u2019Entreprise agricole), ils ont pour ambition, cette ann\u00e9e, de produire 1million de litres de lait.<\/strong>&nbsp;<\/p>\n\n\n\n<div style=\"height:20px\" aria-hidden=\"true\" class=\"wp-block-spacer\"><\/div>\n\n\n\n<div class=\"wp-block-image\"><figure class=\"aligncenter size-large is-resized\"><img fetchpriority=\"high\" decoding=\"async\" src=\"https:\/\/www.evialis.com\/wp-content\/uploads\/2021\/07\/Coudray-1024x549.jpg\" alt=\"\" class=\"wp-image-5384\" width=\"512\" height=\"275\" srcset=\"https:\/\/www.evialis.com\/wp-content\/uploads\/2021\/07\/Coudray-1024x549.jpg 1024w, https:\/\/www.evialis.com\/wp-content\/uploads\/2021\/07\/Coudray-300x161.jpg 300w, https:\/\/www.evialis.com\/wp-content\/uploads\/2021\/07\/Coudray-768x412.jpg 768w, https:\/\/www.evialis.com\/wp-content\/uploads\/2021\/07\/Coudray-1536x823.jpg 1536w, https:\/\/www.evialis.com\/wp-content\/uploads\/2021\/07\/Coudray-scaled.jpg 2048w\" sizes=\"(max-width: 512px) 100vw, 512px\" \/><\/figure><\/div>\n\n\n\n<div style=\"height:35px\" aria-hidden=\"true\" class=\"wp-block-spacer\"><\/div>\n\n\n\n<h3 class=\"wp-block-heading\">A la d\u00e9couverte du GAEC<\/h3>\n\n\n\n<div style=\"height:15px\" aria-hidden=\"true\" class=\"wp-block-spacer\"><\/div>\n\n\n\n<p>Au&nbsp;d\u00e9part seul, Alain produisait en 2008 environ 250000 litres de lait. Il reprend alors la ferme de son beau-p\u00e8re avec ses 100 vaches allaitantes qu&#8217;il transforme en quota laitier. 5 ans apr\u00e8s, l\u2019exploitation&nbsp;avait doubl\u00e9 de volume et&nbsp;produisait&nbsp;500000 litres de lait. Voyant la vitesse \u00e0 laquelle le GAEC se d\u00e9veloppait, Anne-Marie a d\u00e9cid\u00e9 de quitter son poste d\u2019enseignante pour \u00e9pauler son mari au quotidien. Une d\u00e9cision qui a permis au couple d\u2019\u00eatre aussi davantage pr\u00e9sent \u00e0 la ferme pour leurs 4&nbsp;enfants.&nbsp;<\/p>\n\n\n\n<p><strong>Aujourd\u2019hui, ils vont produire 1 million de\u00a0litres\u00a0de\u00a0lait gr\u00e2ce aux 120 vaches laiti\u00e8res de l\u2019exploitation<\/strong>. Un volume possible gr\u00e2ce \u00e0 la transformation du quota vache allaitante en quota vache laiti\u00e8re, qui am\u00e8ne 280000 litres de lait suppl\u00e9mentaires. Une mani\u00e8re pour eux de <strong>valoriser au maximum leurs troupeaux.<\/strong> Le lait est ensuite livr\u00e9 en non OGM \u00e0 la\u00a0fromagerie\u00a0BEL (la Vache qui rit, Babybel, Kiri,\u00a0Leerdammer, Boursin&#8230;).\u00a0<\/p>\n\n\n\n<div style=\"height:35px\" aria-hidden=\"true\" class=\"wp-block-spacer\"><\/div>\n\n\n\n<h3 class=\"wp-block-heading\">L&#8217;alimentation des bovins<\/h3>\n\n\n\n<div style=\"height:15px\" aria-hidden=\"true\" class=\"wp-block-spacer\"><\/div>\n\n\n\n<p>Pour atteindre ces performances, une\u00a0alimentation\u00a0ad\u00e9quate est indispensable. Dans la m\u00e9langeuse, Anne-Marie &amp; Alain ins\u00e8rent de l\u2019<strong>enrubannage de luzerne, du foin de luzerne, le COLAZO NAT SOL INITIAL, du bl\u00e9, de l\u2019ensilage\u00a0de ma\u00efs, du min\u00e9ral avec levure vivante, du bicarbonate, de l\u2019ur\u00e9e et du sel<\/strong>. Au niveau des 2 robots, ils m\u00e9langent 2 kg d\u2019<a href=\"https:\/\/www.evialis.com\/aliments-ruminants\/azolis-excel-nutrition-vaches-laitiere-gamme-vision-protection-performance-debut-lactation\/\">AZOLIS EXCEL<\/a> et 2kg de RUMIS\u00a0L\u00a0NEO INITIAL pour une production de 30 L de lait par vache.\u00a0<\/p>\n\n\n\n<p>Cette ration mixte fibreuse avec 2 correcteurs azot\u00e9s permet d\u2019apporter les sources de PDI n\u00e9cessaires aux besoins des vaches. Les\u00a0crit\u00e8res\u00a0EVIALIS en ENI\/IFE sont alors respect\u00e9s pour <strong>optimiser la production des vaches\u00a0laiti\u00e8res<\/strong>. Il existe une production compl\u00e9mentaire qu\u2019est l\u2019engraissement de taurillons.\u00a0<\/p>\n\n\n\n<div style=\"height:15px\" aria-hidden=\"true\" class=\"wp-block-spacer\"><\/div>\n\n\n\n<blockquote class=\"wp-block-quote is-layout-flow wp-block-quote-is-layout-flow\"><p><strong><em>\u201cPendant la p\u00e9riode estivale, il est pratiqu\u00e9 l\u2019affouragement en vert pour tout le troupeau des vaches laiti\u00e8res.\u201d<\/em><\/strong>&nbsp;<\/p><\/blockquote>\n\n\n\n<div style=\"height:35px\" aria-hidden=\"true\" class=\"wp-block-spacer\"><\/div>\n\n\n\n<h3 class=\"wp-block-heading\">Un accompagnement personnalis\u00e9 et de qualit\u00e9<\/h3>\n\n\n\n<div style=\"height:15px\" aria-hidden=\"true\" class=\"wp-block-spacer\"><\/div>\n\n\n\n<p>Le couple appr\u00e9cie travailler au quotidien avec EVIALIS car ils peuvent avoir une r\u00e9ponse rapide \u00e0 leurs besoins et acc\u00e9der \u00e0 une qualit\u00e9 de produits haut de gamme. Depuis qu\u2019ils\u00a0travaillent\u00a0avec Jacky BRAULT, leur technicien, ils ont pu ainsi <strong>am\u00e9liorer la productivit\u00e9 par animal tant en vache laiti\u00e8re qu\u2019en bovin viande<\/strong>. Cet interlocuteur local, leur certifie d\u2019avoir des conseils personnalis\u00e9s de qualit\u00e9 et rapides. Demain, Antoine RAMARE, prendra la suite de Jacky pour suivre et d\u00e9velopper cet\u00a0\u00e9levage.\u00a0<\/p>\n\n\n\n<div style=\"height:35px\" aria-hidden=\"true\" class=\"wp-block-spacer\"><\/div>\n\n\n\n<h3 class=\"wp-block-heading\">R\u00e9sultats techniques<\/h3>\n\n\n\n<div style=\"height:15px\" aria-hidden=\"true\" class=\"wp-block-spacer\"><\/div>\n\n\n\n<p>Si\u00a0on regarde les r\u00e9sultats en d\u00e9tail, au GAEC DU COUDRAY, <strong>une vache laiti\u00e8re produit\u00a0environ\u00a09800 litres de lait par an pour un TB de 38,7 et un TP de 32,8<\/strong>. L\u2019\u00e2ge au 1er v\u00ealage est d\u2019environ 28 mois. En bovin viande, l\u2019IVV (intervalle v\u00ealage\/v\u00ealage) est de 410 jours pour les Blondes d\u2019Aquitaine et le GMQ moyen des taurillons est de 1500g\/j. Concernant<strong> les poids de sortie de carcasse, ils sont d\u2019environ 500kg.<\/strong>\u00a0<\/p>\n\n\n\n<p>Pour l\u2019avenir, le couple ne manque pas d\u2019ambitions&nbsp;! Ils souhaitent continuer \u00e0 produire dans de bonnes conditions et am\u00e9liorer le niveau de marge. Ils veulent aussi r\u00e9soudre les&nbsp;soucis&nbsp;li\u00e9s aux probl\u00e8mes de pattes et limiter le gaspillage alimentaire. Leur prochain&nbsp;investissement&nbsp;?&nbsp;Un robot d\u2019alimentation pour gagner du temps et de l\u2019argent !&nbsp;<\/p>\n\n\n\n<div style=\"height:35px\" aria-hidden=\"true\" class=\"wp-block-spacer\"><\/div>\n\n\n\n<p class=\"has-text-align-right\">&nbsp;<strong>Jean-Louis COURTY, EVIALIS<\/strong><\/p>\n","protected":false},"featured_media":4938,"parent":0,"template":"","especes":[40,55],"class_list":["post-2148","temoignages","type-temoignages","status-publish","has-post-thumbnail","hentry","especes-vaches-laitieres","especes-bovins-viande"],"acf":[],"yoast_head":"<!-- This site is optimized with the Yoast SEO plugin v27.5 - https:\/\/yoast.com\/product\/yoast-seo-wordpress\/ -->\n<title>T\u00e9moignage \u00e9leveurs - GAEC du Coudray &#8226; EVIALIS<\/title>\n<meta name=\"description\" content=\"Anne-Marie et Alain, dirigent d\u2019une main de ma\u00eetre leur exploitation agricole et ont pour ambition de produire 1million de litres de lait.\" \/>\n<meta name=\"robots\" content=\"index, follow, max-snippet:-1, max-image-preview:large, max-video-preview:-1\" \/>\n<link rel=\"canonical\" href=\"https:\/\/www.evialis.com\/ph\/temoignages\/gaec-du-coudray\/\" \/>\n<meta property=\"og:locale\" content=\"en_GB\" \/>\n<meta property=\"og:type\" content=\"article\" \/>\n<meta property=\"og:title\" content=\"T\u00e9moignage \u00e9leveurs - GAEC du Coudray &#8226; EVIALIS\" \/>\n<meta property=\"og:description\" content=\"Anne-Marie et Alain, dirigent d\u2019une main de ma\u00eetre leur exploitation agricole et ont pour ambition de produire 1million de litres de lait.\" \/>\n<meta property=\"og:url\" content=\"https:\/\/www.evialis.com\/ph\/temoignages\/gaec-du-coudray\/\" \/>\n<meta property=\"og:site_name\" content=\"EVIALIS\" \/>\n<meta property=\"article:modified_time\" content=\"2021-07-21T13:43:43+00:00\" \/>\n<meta property=\"og:image\" content=\"https:\/\/www.evialis.com\/wp-content\/uploads\/2021\/03\/Coudray-scaled.jpg\" \/>\n\t<meta property=\"og:image:width\" content=\"2048\" \/>\n\t<meta property=\"og:image:height\" content=\"1152\" \/>\n\t<meta property=\"og:image:type\" content=\"image\/jpeg\" \/>\n<meta name=\"twitter:card\" content=\"summary_large_image\" \/>\n<meta name=\"twitter:label1\" content=\"Estimated reading time\" \/>\n\t<meta name=\"twitter:data1\" content=\"3 minutes\" \/>\n<script type=\"application\/ld+json\" class=\"yoast-schema-graph\">{\"@context\":\"https:\\\/\\\/schema.org\",\"@graph\":[{\"@type\":\"WebPage\",\"@id\":\"https:\\\/\\\/www.evialis.com\\\/ph\\\/temoignages\\\/gaec-du-coudray\\\/\",\"url\":\"https:\\\/\\\/www.evialis.com\\\/ph\\\/temoignages\\\/gaec-du-coudray\\\/\",\"name\":\"T\u00e9moignage \u00e9leveurs - GAEC du Coudray &#8226; EVIALIS\",\"isPartOf\":{\"@id\":\"https:\\\/\\\/www.evialis.com\\\/ph\\\/#website\"},\"primaryImageOfPage\":{\"@id\":\"https:\\\/\\\/www.evialis.com\\\/ph\\\/temoignages\\\/gaec-du-coudray\\\/#primaryimage\"},\"image\":{\"@id\":\"https:\\\/\\\/www.evialis.com\\\/ph\\\/temoignages\\\/gaec-du-coudray\\\/#primaryimage\"},\"thumbnailUrl\":\"https:\\\/\\\/www.evialis.com\\\/wp-content\\\/uploads\\\/2021\\\/03\\\/Coudray-scaled.jpg\",\"datePublished\":\"2021-03-29T13:47:56+00:00\",\"dateModified\":\"2021-07-21T13:43:43+00:00\",\"description\":\"Anne-Marie et Alain, dirigent d\u2019une main de ma\u00eetre leur exploitation agricole et ont pour ambition de produire 1million de litres de lait.\",\"breadcrumb\":{\"@id\":\"https:\\\/\\\/www.evialis.com\\\/ph\\\/temoignages\\\/gaec-du-coudray\\\/#breadcrumb\"},\"inLanguage\":\"en-GB\",\"potentialAction\":[{\"@type\":\"ReadAction\",\"target\":[\"https:\\\/\\\/www.evialis.com\\\/ph\\\/temoignages\\\/gaec-du-coudray\\\/\"]}]},{\"@type\":\"ImageObject\",\"inLanguage\":\"en-GB\",\"@id\":\"https:\\\/\\\/www.evialis.com\\\/ph\\\/temoignages\\\/gaec-du-coudray\\\/#primaryimage\",\"url\":\"https:\\\/\\\/www.evialis.com\\\/wp-content\\\/uploads\\\/2021\\\/03\\\/Coudray-scaled.jpg\",\"contentUrl\":\"https:\\\/\\\/www.evialis.com\\\/wp-content\\\/uploads\\\/2021\\\/03\\\/Coudray-scaled.jpg\",\"width\":2048,\"height\":1152},{\"@type\":\"BreadcrumbList\",\"@id\":\"https:\\\/\\\/www.evialis.com\\\/ph\\\/temoignages\\\/gaec-du-coudray\\\/#breadcrumb\",\"itemListElement\":[{\"@type\":\"ListItem\",\"position\":1,\"name\":\"Home\",\"item\":\"https:\\\/\\\/www.evialis.com\\\/ph\\\/\"},{\"@type\":\"ListItem\",\"position\":2,\"name\":\"Testimonials\",\"item\":\"https:\\\/\\\/www.evialis.com\\\/ph\\\/temoignages\\\/\"},{\"@type\":\"ListItem\",\"position\":3,\"name\":\"GAEC du Coudray\"}]},{\"@type\":\"WebSite\",\"@id\":\"https:\\\/\\\/www.evialis.com\\\/ph\\\/#website\",\"url\":\"https:\\\/\\\/www.evialis.com\\\/ph\\\/\",\"name\":\"EVIALIS\",\"description\":\"Nourrir vos animaux et bien plus - Leader en nutrition animale\",\"potentialAction\":[{\"@type\":\"SearchAction\",\"target\":{\"@type\":\"EntryPoint\",\"urlTemplate\":\"https:\\\/\\\/www.evialis.com\\\/ph\\\/?s={search_term_string}\"},\"query-input\":{\"@type\":\"PropertyValueSpecification\",\"valueRequired\":true,\"valueName\":\"search_term_string\"}}],\"inLanguage\":\"en-GB\"}]}<\/script>\n<!-- \/ Yoast SEO plugin. -->","yoast_head_json":{"title":"T\u00e9moignage \u00e9leveurs - GAEC du Coudray &#8226; EVIALIS","description":"Anne-Marie et Alain, dirigent d\u2019une main de ma\u00eetre leur exploitation agricole et ont pour ambition de produire 1million de litres de lait.","robots":{"index":"index","follow":"follow","max-snippet":"max-snippet:-1","max-image-preview":"max-image-preview:large","max-video-preview":"max-video-preview:-1"},"canonical":"https:\/\/www.evialis.com\/ph\/temoignages\/gaec-du-coudray\/","og_locale":"en_GB","og_type":"article","og_title":"T\u00e9moignage \u00e9leveurs - GAEC du Coudray &#8226; EVIALIS","og_description":"Anne-Marie et Alain, dirigent d\u2019une main de ma\u00eetre leur exploitation agricole et ont pour ambition de produire 1million de litres de lait.","og_url":"https:\/\/www.evialis.com\/ph\/temoignages\/gaec-du-coudray\/","og_site_name":"EVIALIS","article_modified_time":"2021-07-21T13:43:43+00:00","og_image":[{"width":2048,"height":1152,"url":"https:\/\/www.evialis.com\/wp-content\/uploads\/2021\/03\/Coudray-scaled.jpg","type":"image\/jpeg"}],"twitter_card":"summary_large_image","twitter_misc":{"Estimated reading time":"3 minutes"},"schema":{"@context":"https:\/\/schema.org","@graph":[{"@type":"WebPage","@id":"https:\/\/www.evialis.com\/ph\/temoignages\/gaec-du-coudray\/","url":"https:\/\/www.evialis.com\/ph\/temoignages\/gaec-du-coudray\/","name":"T\u00e9moignage \u00e9leveurs - GAEC du Coudray &#8226; EVIALIS","isPartOf":{"@id":"https:\/\/www.evialis.com\/ph\/#website"},"primaryImageOfPage":{"@id":"https:\/\/www.evialis.com\/ph\/temoignages\/gaec-du-coudray\/#primaryimage"},"image":{"@id":"https:\/\/www.evialis.com\/ph\/temoignages\/gaec-du-coudray\/#primaryimage"},"thumbnailUrl":"https:\/\/www.evialis.com\/wp-content\/uploads\/2021\/03\/Coudray-scaled.jpg","datePublished":"2021-03-29T13:47:56+00:00","dateModified":"2021-07-21T13:43:43+00:00","description":"Anne-Marie et Alain, dirigent d\u2019une main de ma\u00eetre leur exploitation agricole et ont pour ambition de produire 1million de litres de lait.","breadcrumb":{"@id":"https:\/\/www.evialis.com\/ph\/temoignages\/gaec-du-coudray\/#breadcrumb"},"inLanguage":"en-GB","potentialAction":[{"@type":"ReadAction","target":["https:\/\/www.evialis.com\/ph\/temoignages\/gaec-du-coudray\/"]}]},{"@type":"ImageObject","inLanguage":"en-GB","@id":"https:\/\/www.evialis.com\/ph\/temoignages\/gaec-du-coudray\/#primaryimage","url":"https:\/\/www.evialis.com\/wp-content\/uploads\/2021\/03\/Coudray-scaled.jpg","contentUrl":"https:\/\/www.evialis.com\/wp-content\/uploads\/2021\/03\/Coudray-scaled.jpg","width":2048,"height":1152},{"@type":"BreadcrumbList","@id":"https:\/\/www.evialis.com\/ph\/temoignages\/gaec-du-coudray\/#breadcrumb","itemListElement":[{"@type":"ListItem","position":1,"name":"Home","item":"https:\/\/www.evialis.com\/ph\/"},{"@type":"ListItem","position":2,"name":"Testimonials","item":"https:\/\/www.evialis.com\/ph\/temoignages\/"},{"@type":"ListItem","position":3,"name":"GAEC du Coudray"}]},{"@type":"WebSite","@id":"https:\/\/www.evialis.com\/ph\/#website","url":"https:\/\/www.evialis.com\/ph\/","name":"EVIALIS","description":"Nourrir vos animaux et bien plus - Leader en nutrition animale","potentialAction":[{"@type":"SearchAction","target":{"@type":"EntryPoint","urlTemplate":"https:\/\/www.evialis.com\/ph\/?s={search_term_string}"},"query-input":{"@type":"PropertyValueSpecification","valueRequired":true,"valueName":"search_term_string"}}],"inLanguage":"en-GB"}]}},"_links":{"self":[{"href":"https:\/\/www.evialis.com\/ph\/wp-json\/wp\/v2\/temoignages\/2148","targetHints":{"allow":["GET"]}}],"collection":[{"href":"https:\/\/www.evialis.com\/ph\/wp-json\/wp\/v2\/temoignages"}],"about":[{"href":"https:\/\/www.evialis.com\/ph\/wp-json\/wp\/v2\/types\/temoignages"}],"wp:featuredmedia":[{"embeddable":true,"href":"https:\/\/www.evialis.com\/ph\/wp-json\/wp\/v2\/media\/4938"}],"wp:attachment":[{"href":"https:\/\/www.evialis.com\/ph\/wp-json\/wp\/v2\/media?parent=2148"}],"wp:term":[{"taxonomy":"especes","embeddable":true,"href":"https:\/\/www.evialis.com\/ph\/wp-json\/wp\/v2\/especes?post=2148"}],"curies":[{"name":"wp","href":"https:\/\/api.w.org\/{rel}","templated":true}]}}