{"id":2140,"date":"2021-03-29T13:47:56","date_gmt":"2021-03-29T13:47:56","guid":{"rendered":"https:\/\/evialis.drwp.fr\/temoignages\/earl-les-courants-dr\/"},"modified":"2021-06-08T12:52:51","modified_gmt":"2021-06-08T12:52:51","slug":"earl-les-courants-dr","status":"publish","type":"temoignages","link":"https:\/\/www.evialis.com\/ph\/temoignages\/earl-les-courants-dr\/","title":{"rendered":"EARL Les Courants d&#8217;R"},"content":{"rendered":"\n<h2 class=\"wp-block-heading\"><strong>Une installation r\u00e9ussie<\/strong><\/h2>\n\n\n\n<div style=\"height:35px\" aria-hidden=\"true\" class=\"wp-block-spacer\"><\/div>\n\n\n\n<h3 class=\"wp-block-heading\">Rencontre avec S\u00e9bastien Pelletier<\/h3>\n\n\n\n<div style=\"height:15px\" aria-hidden=\"true\" class=\"wp-block-spacer\"><\/div>\n\n\n\n<p>S\u00e9bastien Pelletier s\u2019est install\u00e9 sur la ferme familiale en 2008 au d\u00e9part \u00e0 la retraite de son p\u00e8re. \u00c0 cette p\u00e9riode, l\u2019\u00e9levage se sp\u00e9cialise dans les ch\u00e8vres, abandonnant les productions ovines et bovines. L\u2019atelier est pass\u00e9 de 230 \u00e0 730 ch\u00e8vres avec un objectif de 1000 ch\u00e8vres \u00e0 l\u2019horizon 2020. Le d\u00e9part \u00e0 la retraite de sa maman a engendr\u00e9 l\u2019embauche de 2 salari\u00e9s \u00e0 temps plein.&nbsp;&nbsp;<\/p>\n\n\n\n<p>En 2009, suite \u00e0 son installation, S\u00e9bastien souhaite am\u00e9liorer sa production laiti\u00e8re tout en augmentant son cheptel. Il fait donc le choix de changer de fournisseur et fait confiance \u00e0 M\u00e9lanie&nbsp;Descoux, responsable technique nutrition des Ets BEAUCHAMP. La d\u00e9cision est prise de partir sur une ration&nbsp;s\u00e8che.&nbsp;<\/p>\n\n\n\n<p><strong>La<\/strong><strong>&nbsp;production laiti\u00e8re passe de 750 kg \u00e0 1150 kg en l\u2019espace de 5 ans, avec une am\u00e9lioration notable des taux.<\/strong>&nbsp;<\/p>\n\n\n\n<p>Comme le t\u00e9moigne S\u00e9bastien : &#8220;Une relation technique et de confiance s\u2019est install\u00e9e avec M\u00e9lanie, en lien avec ma contr\u00f4leuse laiti\u00e8re. Depuis ce jour, les d\u00e9cisions strat\u00e9giques sont prises en concertation pour am\u00e9liorer mes r\u00e9sultats technico-\u00e9conomiques.&#8221;&nbsp;&nbsp;<\/p>\n\n\n\n<div style=\"height:35px\" aria-hidden=\"true\" class=\"wp-block-spacer\"><\/div>\n\n\n\n<h3 class=\"wp-block-heading\">L&#8217;alimentation des ch\u00e8vres<\/h3>\n\n\n\n<div style=\"height:15px\" aria-hidden=\"true\" class=\"wp-block-spacer\"><\/div>\n\n\n\n<p>En termes d\u2019alimentation, l\u2019objectif est de faire consommer le maximum de fourrages grossiers tout en apportant un aliment compl\u00e9mentaire adapt\u00e9 aux besoins nutritionnels de l\u2019animal. Ce travail commence avec le p\u00e9ri-partum, p\u00e9riode pendant laquelle on mettra l\u2019accent sur l\u2019ingestion de fourrages tout en maintenant un apport \u00e9quilibr\u00e9 d\u2019aliments et de min\u00e9raux. Durant les p\u00e9riodes sensibles, d\u2019octobre \u00e0 mai, une suppl\u00e9mentation PULMOFIT est incorpor\u00e9e \u00e0 l\u2019aliment pour limiter les risques pulmonaires. A chaque contr\u00f4le laitier, la ration est recalibr\u00e9e.&nbsp;<\/p>\n\n\n\n<p>Tous&nbsp;les chevreaux naissant sur l\u2019\u00e9levage sont \u00e9lev\u00e9s ou engraiss\u00e9s. Ils re\u00e7oivent 10 % de leur poids en colostrum par&nbsp;drenchage.&nbsp;<\/p>\n\n\n\n<p>Apr\u00e8s 5 \u00e0 7 jours en nurserie, les chevrettes sont s\u00e9par\u00e9es des m\u00e2les et re\u00e7oivent du CARELIS ECLAT (aliment sp\u00e9cial chevrette) et de la paille fraiche. L\u2019astuce de l\u2019\u00e9leveur : mettre \u00e0 disposition des animaux de l\u2019argile pure qui servira de tampon et limitera le d\u00e9veloppement de l\u2019ecthyma. Le sevrage a lieu \u00e0 12 kg pour les chevrettes, elles sont ensuite rationn\u00e9es en aliment jusqu\u2019\u00e0 une consommation de 1,2 kg par jour et ce jusqu\u2019\u00e0 ce qu\u2019elles p\u00e8sent 30 kg. L\u2019objectif est d\u2019avoir des mises-bas \u00e0 13 mois, en d\u00e9cal\u00e9 des ch\u00e8vres, pour une meilleure organisation du travail. Certaines chevrettes peuvent partir en lactation prolong\u00e9e (18 mois) en cas de premi\u00e8re mise-bas tardive. Les Ets BEAUCHAMP avec le BTPL et EVIALIS ont d\u00e9cid\u00e9 de cr\u00e9er un groupe de producteurs laitiers caprins r\u00e9f\u00e9rents. Ces \u00e9leveurs partenaires dont S\u00e9bastien Pelletier permettront de valider l\u2019efficience des programmes alimentaires EVIALIS.&nbsp;<\/p>\n\n\n\n<div style=\"height:35px\" aria-hidden=\"true\" class=\"wp-block-spacer\"><\/div>\n\n\n\n<p class=\"has-text-align-right\"><strong>&nbsp;Jean-Louis COURTY, EVIALIS<\/strong><\/p>\n","protected":false},"featured_media":4888,"parent":0,"template":"","especes":[71],"class_list":["post-2140","temoignages","type-temoignages","status-publish","has-post-thumbnail","hentry","especes-caprins"],"acf":[],"yoast_head":"<!-- This site is optimized with the Yoast SEO plugin v27.4 - https:\/\/yoast.com\/product\/yoast-seo-wordpress\/ -->\n<title>T\u00e9moignage \u00e9leveurs caprins - EARL Les Courants d&#039;R &#8226; EVIALIS<\/title>\n<meta name=\"description\" content=\"S\u00e9bastien Pelletier s\u2019est install\u00e9 sur la ferme familiale au d\u00e9part \u00e0 la retraite de son p\u00e8re et s&#039;est sp\u00e9cialis\u00e9 dans l&#039;\u00e9levage caprin.\" \/>\n<meta name=\"robots\" content=\"index, follow, max-snippet:-1, max-image-preview:large, max-video-preview:-1\" \/>\n<link rel=\"canonical\" href=\"https:\/\/www.evialis.com\/ph\/temoignages\/earl-les-courants-dr\/\" \/>\n<meta property=\"og:locale\" content=\"en_GB\" \/>\n<meta property=\"og:type\" content=\"article\" \/>\n<meta property=\"og:title\" content=\"T\u00e9moignage \u00e9leveurs caprins - EARL Les Courants d&#039;R &#8226; EVIALIS\" \/>\n<meta property=\"og:description\" content=\"S\u00e9bastien Pelletier s\u2019est install\u00e9 sur la ferme familiale au d\u00e9part \u00e0 la retraite de son p\u00e8re et s&#039;est sp\u00e9cialis\u00e9 dans l&#039;\u00e9levage caprin.\" \/>\n<meta property=\"og:url\" content=\"https:\/\/www.evialis.com\/ph\/temoignages\/earl-les-courants-dr\/\" \/>\n<meta property=\"og:site_name\" content=\"EVIALIS\" \/>\n<meta property=\"article:modified_time\" content=\"2021-06-08T12:52:51+00:00\" \/>\n<meta property=\"og:image\" content=\"https:\/\/www.evialis.com\/wp-content\/uploads\/2021\/03\/IMG_5354-scaled.jpg\" \/>\n\t<meta property=\"og:image:width\" content=\"2048\" \/>\n\t<meta property=\"og:image:height\" content=\"1365\" \/>\n\t<meta property=\"og:image:type\" content=\"image\/jpeg\" \/>\n<meta name=\"twitter:card\" content=\"summary_large_image\" \/>\n<meta name=\"twitter:label1\" content=\"Estimated reading time\" \/>\n\t<meta name=\"twitter:data1\" content=\"2 minutes\" \/>\n<script type=\"application\/ld+json\" class=\"yoast-schema-graph\">{\"@context\":\"https:\\\/\\\/schema.org\",\"@graph\":[{\"@type\":\"WebPage\",\"@id\":\"https:\\\/\\\/www.evialis.com\\\/ph\\\/temoignages\\\/earl-les-courants-dr\\\/\",\"url\":\"https:\\\/\\\/www.evialis.com\\\/ph\\\/temoignages\\\/earl-les-courants-dr\\\/\",\"name\":\"T\u00e9moignage \u00e9leveurs caprins - EARL Les Courants d'R &#8226; EVIALIS\",\"isPartOf\":{\"@id\":\"https:\\\/\\\/www.evialis.com\\\/ph\\\/#website\"},\"primaryImageOfPage\":{\"@id\":\"https:\\\/\\\/www.evialis.com\\\/ph\\\/temoignages\\\/earl-les-courants-dr\\\/#primaryimage\"},\"image\":{\"@id\":\"https:\\\/\\\/www.evialis.com\\\/ph\\\/temoignages\\\/earl-les-courants-dr\\\/#primaryimage\"},\"thumbnailUrl\":\"https:\\\/\\\/www.evialis.com\\\/wp-content\\\/uploads\\\/2021\\\/03\\\/IMG_5354-scaled.jpg\",\"datePublished\":\"2021-03-29T13:47:56+00:00\",\"dateModified\":\"2021-06-08T12:52:51+00:00\",\"description\":\"S\u00e9bastien Pelletier s\u2019est install\u00e9 sur la ferme familiale au d\u00e9part \u00e0 la retraite de son p\u00e8re et s'est sp\u00e9cialis\u00e9 dans l'\u00e9levage caprin.\",\"breadcrumb\":{\"@id\":\"https:\\\/\\\/www.evialis.com\\\/ph\\\/temoignages\\\/earl-les-courants-dr\\\/#breadcrumb\"},\"inLanguage\":\"en-GB\",\"potentialAction\":[{\"@type\":\"ReadAction\",\"target\":[\"https:\\\/\\\/www.evialis.com\\\/ph\\\/temoignages\\\/earl-les-courants-dr\\\/\"]}]},{\"@type\":\"ImageObject\",\"inLanguage\":\"en-GB\",\"@id\":\"https:\\\/\\\/www.evialis.com\\\/ph\\\/temoignages\\\/earl-les-courants-dr\\\/#primaryimage\",\"url\":\"https:\\\/\\\/www.evialis.com\\\/wp-content\\\/uploads\\\/2021\\\/03\\\/IMG_5354-scaled.jpg\",\"contentUrl\":\"https:\\\/\\\/www.evialis.com\\\/wp-content\\\/uploads\\\/2021\\\/03\\\/IMG_5354-scaled.jpg\",\"width\":2048,\"height\":1365,\"caption\":\"courants d'r\"},{\"@type\":\"BreadcrumbList\",\"@id\":\"https:\\\/\\\/www.evialis.com\\\/ph\\\/temoignages\\\/earl-les-courants-dr\\\/#breadcrumb\",\"itemListElement\":[{\"@type\":\"ListItem\",\"position\":1,\"name\":\"Home\",\"item\":\"https:\\\/\\\/www.evialis.com\\\/ph\\\/\"},{\"@type\":\"ListItem\",\"position\":2,\"name\":\"Testimonials\",\"item\":\"https:\\\/\\\/www.evialis.com\\\/ph\\\/temoignages\\\/\"},{\"@type\":\"ListItem\",\"position\":3,\"name\":\"EARL Les Courants d&rsquo;R\"}]},{\"@type\":\"WebSite\",\"@id\":\"https:\\\/\\\/www.evialis.com\\\/ph\\\/#website\",\"url\":\"https:\\\/\\\/www.evialis.com\\\/ph\\\/\",\"name\":\"EVIALIS\",\"description\":\"Nourrir vos animaux et bien plus - Leader en nutrition animale\",\"potentialAction\":[{\"@type\":\"SearchAction\",\"target\":{\"@type\":\"EntryPoint\",\"urlTemplate\":\"https:\\\/\\\/www.evialis.com\\\/ph\\\/?s={search_term_string}\"},\"query-input\":{\"@type\":\"PropertyValueSpecification\",\"valueRequired\":true,\"valueName\":\"search_term_string\"}}],\"inLanguage\":\"en-GB\"}]}<\/script>\n<!-- \/ Yoast SEO plugin. -->","yoast_head_json":{"title":"T\u00e9moignage \u00e9leveurs caprins - EARL Les Courants d'R &#8226; EVIALIS","description":"S\u00e9bastien Pelletier s\u2019est install\u00e9 sur la ferme familiale au d\u00e9part \u00e0 la retraite de son p\u00e8re et s'est sp\u00e9cialis\u00e9 dans l'\u00e9levage caprin.","robots":{"index":"index","follow":"follow","max-snippet":"max-snippet:-1","max-image-preview":"max-image-preview:large","max-video-preview":"max-video-preview:-1"},"canonical":"https:\/\/www.evialis.com\/ph\/temoignages\/earl-les-courants-dr\/","og_locale":"en_GB","og_type":"article","og_title":"T\u00e9moignage \u00e9leveurs caprins - EARL Les Courants d'R &#8226; EVIALIS","og_description":"S\u00e9bastien Pelletier s\u2019est install\u00e9 sur la ferme familiale au d\u00e9part \u00e0 la retraite de son p\u00e8re et s'est sp\u00e9cialis\u00e9 dans l'\u00e9levage caprin.","og_url":"https:\/\/www.evialis.com\/ph\/temoignages\/earl-les-courants-dr\/","og_site_name":"EVIALIS","article_modified_time":"2021-06-08T12:52:51+00:00","og_image":[{"width":2048,"height":1365,"url":"https:\/\/www.evialis.com\/wp-content\/uploads\/2021\/03\/IMG_5354-scaled.jpg","type":"image\/jpeg"}],"twitter_card":"summary_large_image","twitter_misc":{"Estimated reading time":"2 minutes"},"schema":{"@context":"https:\/\/schema.org","@graph":[{"@type":"WebPage","@id":"https:\/\/www.evialis.com\/ph\/temoignages\/earl-les-courants-dr\/","url":"https:\/\/www.evialis.com\/ph\/temoignages\/earl-les-courants-dr\/","name":"T\u00e9moignage \u00e9leveurs caprins - EARL Les Courants d'R &#8226; EVIALIS","isPartOf":{"@id":"https:\/\/www.evialis.com\/ph\/#website"},"primaryImageOfPage":{"@id":"https:\/\/www.evialis.com\/ph\/temoignages\/earl-les-courants-dr\/#primaryimage"},"image":{"@id":"https:\/\/www.evialis.com\/ph\/temoignages\/earl-les-courants-dr\/#primaryimage"},"thumbnailUrl":"https:\/\/www.evialis.com\/wp-content\/uploads\/2021\/03\/IMG_5354-scaled.jpg","datePublished":"2021-03-29T13:47:56+00:00","dateModified":"2021-06-08T12:52:51+00:00","description":"S\u00e9bastien Pelletier s\u2019est install\u00e9 sur la ferme familiale au d\u00e9part \u00e0 la retraite de son p\u00e8re et s'est sp\u00e9cialis\u00e9 dans l'\u00e9levage caprin.","breadcrumb":{"@id":"https:\/\/www.evialis.com\/ph\/temoignages\/earl-les-courants-dr\/#breadcrumb"},"inLanguage":"en-GB","potentialAction":[{"@type":"ReadAction","target":["https:\/\/www.evialis.com\/ph\/temoignages\/earl-les-courants-dr\/"]}]},{"@type":"ImageObject","inLanguage":"en-GB","@id":"https:\/\/www.evialis.com\/ph\/temoignages\/earl-les-courants-dr\/#primaryimage","url":"https:\/\/www.evialis.com\/wp-content\/uploads\/2021\/03\/IMG_5354-scaled.jpg","contentUrl":"https:\/\/www.evialis.com\/wp-content\/uploads\/2021\/03\/IMG_5354-scaled.jpg","width":2048,"height":1365,"caption":"courants d'r"},{"@type":"BreadcrumbList","@id":"https:\/\/www.evialis.com\/ph\/temoignages\/earl-les-courants-dr\/#breadcrumb","itemListElement":[{"@type":"ListItem","position":1,"name":"Home","item":"https:\/\/www.evialis.com\/ph\/"},{"@type":"ListItem","position":2,"name":"Testimonials","item":"https:\/\/www.evialis.com\/ph\/temoignages\/"},{"@type":"ListItem","position":3,"name":"EARL Les Courants d&rsquo;R"}]},{"@type":"WebSite","@id":"https:\/\/www.evialis.com\/ph\/#website","url":"https:\/\/www.evialis.com\/ph\/","name":"EVIALIS","description":"Nourrir vos animaux et bien plus - Leader en nutrition animale","potentialAction":[{"@type":"SearchAction","target":{"@type":"EntryPoint","urlTemplate":"https:\/\/www.evialis.com\/ph\/?s={search_term_string}"},"query-input":{"@type":"PropertyValueSpecification","valueRequired":true,"valueName":"search_term_string"}}],"inLanguage":"en-GB"}]}},"_links":{"self":[{"href":"https:\/\/www.evialis.com\/ph\/wp-json\/wp\/v2\/temoignages\/2140","targetHints":{"allow":["GET"]}}],"collection":[{"href":"https:\/\/www.evialis.com\/ph\/wp-json\/wp\/v2\/temoignages"}],"about":[{"href":"https:\/\/www.evialis.com\/ph\/wp-json\/wp\/v2\/types\/temoignages"}],"wp:featuredmedia":[{"embeddable":true,"href":"https:\/\/www.evialis.com\/ph\/wp-json\/wp\/v2\/media\/4888"}],"wp:attachment":[{"href":"https:\/\/www.evialis.com\/ph\/wp-json\/wp\/v2\/media?parent=2140"}],"wp:term":[{"taxonomy":"especes","embeddable":true,"href":"https:\/\/www.evialis.com\/ph\/wp-json\/wp\/v2\/especes?post=2140"}],"curies":[{"name":"wp","href":"https:\/\/api.w.org\/{rel}","templated":true}]}}