{"id":2136,"date":"2021-03-29T13:47:56","date_gmt":"2021-03-29T13:47:56","guid":{"rendered":"https:\/\/evialis.drwp.fr\/temoignages\/pasquine\/"},"modified":"2021-06-07T14:40:22","modified_gmt":"2021-06-07T14:40:22","slug":"pasquine","status":"publish","type":"temoignages","link":"https:\/\/www.evialis.com\/ph\/temoignages\/pasquine\/","title":{"rendered":"Pasquine"},"content":{"rendered":"\n<h2 class=\"wp-block-heading\"><strong>Place \u00e0 la ration s\u00e8che&nbsp;!<\/strong><\/h2>\n\n\n\n<div style=\"height:15px\" aria-hidden=\"true\" class=\"wp-block-spacer\"><\/div>\n\n\n\n<p>L\u2019histoire de Claudine, Michel et Yoan&nbsp;Pasquine, g\u00e9rants de l\u2019exploitation familiale a d\u00e9but\u00e9 en 1974.Elle se composait, \u00e0 l\u2019\u00e9poque, d\u2019un b\u00e2timent de 40 places en stabulation libre. L\u2019installation a depuis, beaucoup \u00e9volu\u00e9 puisqu\u2019elle est aujourd\u2019hui \u00e9quip\u00e9e de logettes pouvant accueillir jusqu\u2019\u00e0 80 vaches en production.&nbsp;<\/p>\n\n\n\n<div style=\"height:35px\" aria-hidden=\"true\" class=\"wp-block-spacer\"><\/div>\n\n\n\n<h3 class=\"wp-block-heading\"><strong>Alimentation<\/strong><\/h3>\n\n\n\n<div style=\"height:15px\" aria-hidden=\"true\" class=\"wp-block-spacer\"><\/div>\n\n\n\n<p>Une des particularit\u00e9s de cet \u00e9levage, c\u2019est sa conduite alimentaire. La stabulation est en effet \u00e9quip\u00e9e de 10 distributeurs d\u2019aliment concentr\u00e9 qui leur permettent de travailler en ration&nbsp;s\u00e8che. Ce&nbsp;mode d\u2019alimentation a \u00e9t\u00e9 mis en place en 2012. &#8220;L\u2019objectif \u00e9tait de valoriser le parcellaire et d\u2019atteindre l\u2019autonomie fourrag\u00e8re dans une zone g\u00e9ographique o\u00f9 les productions&nbsp;v\u00e9g\u00e9tales&nbsp;sont co\u00fbteuses&#8221;. En 2017, les \u00e9leveurs ont pass\u00e9 la totalit\u00e9 des surfaces disponibles en herbe pour viser l\u2019autonomie compl\u00e8te en fourrage.<\/p>\n\n\n\n<div style=\"height:35px\" aria-hidden=\"true\" class=\"wp-block-spacer\"><\/div>\n\n\n\n<h3 class=\"wp-block-heading\"><strong>Production<\/strong><\/h3>\n\n\n\n<div style=\"height:15px\" aria-hidden=\"true\" class=\"wp-block-spacer\"><\/div>\n\n\n\n<p>Aujourd\u2019hui, le troupeau est compos\u00e9 de 57 vaches laiti\u00e8res qui leur ont permis de livrer 520 000 l. de lait en 2017. Les taux moyens du lait produit sur l\u2019exploitation \u00e9taient alors de 38 g de TB et 32,5 g de TP. Sur le plan \u00e9conomique, l\u2019alimentation repr\u00e9sente 172 \u20ac\/1 000 l. dont 28 de foin et 144 de concentr\u00e9s.&nbsp;<\/p>\n\n\n\n<div style=\"height:35px\" aria-hidden=\"true\" class=\"wp-block-spacer\"><\/div>\n\n\n\n<h3 class=\"wp-block-heading\"><strong>Reproduction<\/strong><\/h3>\n\n\n\n<div style=\"height:15px\" aria-hidden=\"true\" class=\"wp-block-spacer\"><\/div>\n\n\n\n<p>Le taux de renouvellement du troupeau est de 29% et l\u2019\u00e2ge moyen \u00e0 la premi\u00e8re IA est de 19 mois. La conduite alimentaire des g\u00e9nisses de renouvellement se base sur les m\u00eames&nbsp;aliments&nbsp;que ceux distribu\u00e9s aux vaches&nbsp;laiti\u00e8res. Le&nbsp;d\u00e9fi des exploitants pour les prochaines ann\u00e9es sera l\u2019optimisation de la ration s\u00e8che et donc de la qualit\u00e9 des fourrages de l\u2019exploitation. Les projets d\u2019\u00e9volution continuent pour la famille&nbsp;Pasquine&nbsp;puisqu\u2019il est d\u00e9j\u00e0 pr\u00e9vu une modification des b\u00e2timents pour accueillir \u00e0 l\u2019avenir jusqu\u2019\u00e0 100 vaches en production.&nbsp;<\/p>\n\n\n\n<div style=\"height:35px\" aria-hidden=\"true\" class=\"wp-block-spacer\"><\/div>\n\n\n\n<p class=\"has-text-align-right\"><strong>Jean-Louis COURTY, EVIALIS&nbsp;<\/strong><\/p>\n","protected":false},"featured_media":3917,"parent":0,"template":"","especes":[40],"class_list":["post-2136","temoignages","type-temoignages","status-publish","has-post-thumbnail","hentry","especes-vaches-laitieres"],"acf":[],"yoast_head":"<!-- This site is optimized with the Yoast SEO plugin v27.4 - https:\/\/yoast.com\/product\/yoast-seo-wordpress\/ -->\n<title>T\u00e9moignage \u00e9leveurs - Famille Pasquine &#8226; EVIALIS<\/title>\n<meta name=\"description\" content=\"L\u2019histoire de l&#039;exploitation Pasquine a d\u00e9but\u00e9 en 1974. L\u2019installation a depuis, beaucoup \u00e9volu\u00e9 puisqu\u2019elle est aujourd\u2019hui \u00e9quip\u00e9e de logettes pouvant accueillir jusqu\u2019\u00e0 80 vaches en production.\" \/>\n<meta name=\"robots\" content=\"index, follow, max-snippet:-1, max-image-preview:large, max-video-preview:-1\" \/>\n<link rel=\"canonical\" href=\"https:\/\/www.evialis.com\/ph\/temoignages\/pasquine\/\" \/>\n<meta property=\"og:locale\" content=\"en_GB\" \/>\n<meta property=\"og:type\" content=\"article\" \/>\n<meta property=\"og:title\" content=\"T\u00e9moignage \u00e9leveurs - Famille Pasquine &#8226; EVIALIS\" \/>\n<meta property=\"og:description\" content=\"L\u2019histoire de l&#039;exploitation Pasquine a d\u00e9but\u00e9 en 1974. L\u2019installation a depuis, beaucoup \u00e9volu\u00e9 puisqu\u2019elle est aujourd\u2019hui \u00e9quip\u00e9e de logettes pouvant accueillir jusqu\u2019\u00e0 80 vaches en production.\" \/>\n<meta property=\"og:url\" content=\"https:\/\/www.evialis.com\/ph\/temoignages\/pasquine\/\" \/>\n<meta property=\"og:site_name\" content=\"EVIALIS\" \/>\n<meta property=\"article:modified_time\" content=\"2021-06-07T14:40:22+00:00\" \/>\n<meta property=\"og:image\" content=\"https:\/\/www.evialis.com\/wp-content\/uploads\/2021\/04\/Pasquine-2-scaled.jpg\" \/>\n\t<meta property=\"og:image:width\" content=\"2048\" \/>\n\t<meta property=\"og:image:height\" content=\"1150\" \/>\n\t<meta property=\"og:image:type\" content=\"image\/jpeg\" \/>\n<meta name=\"twitter:card\" content=\"summary_large_image\" \/>\n<meta name=\"twitter:label1\" content=\"Estimated reading time\" \/>\n\t<meta name=\"twitter:data1\" content=\"2 minutes\" \/>\n<script type=\"application\/ld+json\" class=\"yoast-schema-graph\">{\"@context\":\"https:\\\/\\\/schema.org\",\"@graph\":[{\"@type\":\"WebPage\",\"@id\":\"https:\\\/\\\/www.evialis.com\\\/ph\\\/temoignages\\\/pasquine\\\/\",\"url\":\"https:\\\/\\\/www.evialis.com\\\/ph\\\/temoignages\\\/pasquine\\\/\",\"name\":\"T\u00e9moignage \u00e9leveurs - Famille Pasquine &#8226; EVIALIS\",\"isPartOf\":{\"@id\":\"https:\\\/\\\/www.evialis.com\\\/ph\\\/#website\"},\"primaryImageOfPage\":{\"@id\":\"https:\\\/\\\/www.evialis.com\\\/ph\\\/temoignages\\\/pasquine\\\/#primaryimage\"},\"image\":{\"@id\":\"https:\\\/\\\/www.evialis.com\\\/ph\\\/temoignages\\\/pasquine\\\/#primaryimage\"},\"thumbnailUrl\":\"https:\\\/\\\/www.evialis.com\\\/wp-content\\\/uploads\\\/2021\\\/04\\\/Pasquine-2-scaled.jpg\",\"datePublished\":\"2021-03-29T13:47:56+00:00\",\"dateModified\":\"2021-06-07T14:40:22+00:00\",\"description\":\"L\u2019histoire de l'exploitation Pasquine a d\u00e9but\u00e9 en 1974. L\u2019installation a depuis, beaucoup \u00e9volu\u00e9 puisqu\u2019elle est aujourd\u2019hui \u00e9quip\u00e9e de logettes pouvant accueillir jusqu\u2019\u00e0 80 vaches en production.\",\"breadcrumb\":{\"@id\":\"https:\\\/\\\/www.evialis.com\\\/ph\\\/temoignages\\\/pasquine\\\/#breadcrumb\"},\"inLanguage\":\"en-GB\",\"potentialAction\":[{\"@type\":\"ReadAction\",\"target\":[\"https:\\\/\\\/www.evialis.com\\\/ph\\\/temoignages\\\/pasquine\\\/\"]}]},{\"@type\":\"ImageObject\",\"inLanguage\":\"en-GB\",\"@id\":\"https:\\\/\\\/www.evialis.com\\\/ph\\\/temoignages\\\/pasquine\\\/#primaryimage\",\"url\":\"https:\\\/\\\/www.evialis.com\\\/wp-content\\\/uploads\\\/2021\\\/04\\\/Pasquine-2-scaled.jpg\",\"contentUrl\":\"https:\\\/\\\/www.evialis.com\\\/wp-content\\\/uploads\\\/2021\\\/04\\\/Pasquine-2-scaled.jpg\",\"width\":2048,\"height\":1150,\"caption\":\"Hisilicon Balong\"},{\"@type\":\"BreadcrumbList\",\"@id\":\"https:\\\/\\\/www.evialis.com\\\/ph\\\/temoignages\\\/pasquine\\\/#breadcrumb\",\"itemListElement\":[{\"@type\":\"ListItem\",\"position\":1,\"name\":\"Home\",\"item\":\"https:\\\/\\\/www.evialis.com\\\/ph\\\/\"},{\"@type\":\"ListItem\",\"position\":2,\"name\":\"Testimonials\",\"item\":\"https:\\\/\\\/www.evialis.com\\\/ph\\\/temoignages\\\/\"},{\"@type\":\"ListItem\",\"position\":3,\"name\":\"Pasquine\"}]},{\"@type\":\"WebSite\",\"@id\":\"https:\\\/\\\/www.evialis.com\\\/ph\\\/#website\",\"url\":\"https:\\\/\\\/www.evialis.com\\\/ph\\\/\",\"name\":\"EVIALIS\",\"description\":\"Nourrir vos animaux et bien plus - Leader en nutrition animale\",\"potentialAction\":[{\"@type\":\"SearchAction\",\"target\":{\"@type\":\"EntryPoint\",\"urlTemplate\":\"https:\\\/\\\/www.evialis.com\\\/ph\\\/?s={search_term_string}\"},\"query-input\":{\"@type\":\"PropertyValueSpecification\",\"valueRequired\":true,\"valueName\":\"search_term_string\"}}],\"inLanguage\":\"en-GB\"}]}<\/script>\n<!-- \/ Yoast SEO plugin. -->","yoast_head_json":{"title":"T\u00e9moignage \u00e9leveurs - Famille Pasquine &#8226; EVIALIS","description":"L\u2019histoire de l'exploitation Pasquine a d\u00e9but\u00e9 en 1974. L\u2019installation a depuis, beaucoup \u00e9volu\u00e9 puisqu\u2019elle est aujourd\u2019hui \u00e9quip\u00e9e de logettes pouvant accueillir jusqu\u2019\u00e0 80 vaches en production.","robots":{"index":"index","follow":"follow","max-snippet":"max-snippet:-1","max-image-preview":"max-image-preview:large","max-video-preview":"max-video-preview:-1"},"canonical":"https:\/\/www.evialis.com\/ph\/temoignages\/pasquine\/","og_locale":"en_GB","og_type":"article","og_title":"T\u00e9moignage \u00e9leveurs - Famille Pasquine &#8226; EVIALIS","og_description":"L\u2019histoire de l'exploitation Pasquine a d\u00e9but\u00e9 en 1974. L\u2019installation a depuis, beaucoup \u00e9volu\u00e9 puisqu\u2019elle est aujourd\u2019hui \u00e9quip\u00e9e de logettes pouvant accueillir jusqu\u2019\u00e0 80 vaches en production.","og_url":"https:\/\/www.evialis.com\/ph\/temoignages\/pasquine\/","og_site_name":"EVIALIS","article_modified_time":"2021-06-07T14:40:22+00:00","og_image":[{"width":2048,"height":1150,"url":"https:\/\/www.evialis.com\/wp-content\/uploads\/2021\/04\/Pasquine-2-scaled.jpg","type":"image\/jpeg"}],"twitter_card":"summary_large_image","twitter_misc":{"Estimated reading time":"2 minutes"},"schema":{"@context":"https:\/\/schema.org","@graph":[{"@type":"WebPage","@id":"https:\/\/www.evialis.com\/ph\/temoignages\/pasquine\/","url":"https:\/\/www.evialis.com\/ph\/temoignages\/pasquine\/","name":"T\u00e9moignage \u00e9leveurs - Famille Pasquine &#8226; EVIALIS","isPartOf":{"@id":"https:\/\/www.evialis.com\/ph\/#website"},"primaryImageOfPage":{"@id":"https:\/\/www.evialis.com\/ph\/temoignages\/pasquine\/#primaryimage"},"image":{"@id":"https:\/\/www.evialis.com\/ph\/temoignages\/pasquine\/#primaryimage"},"thumbnailUrl":"https:\/\/www.evialis.com\/wp-content\/uploads\/2021\/04\/Pasquine-2-scaled.jpg","datePublished":"2021-03-29T13:47:56+00:00","dateModified":"2021-06-07T14:40:22+00:00","description":"L\u2019histoire de l'exploitation Pasquine a d\u00e9but\u00e9 en 1974. L\u2019installation a depuis, beaucoup \u00e9volu\u00e9 puisqu\u2019elle est aujourd\u2019hui \u00e9quip\u00e9e de logettes pouvant accueillir jusqu\u2019\u00e0 80 vaches en production.","breadcrumb":{"@id":"https:\/\/www.evialis.com\/ph\/temoignages\/pasquine\/#breadcrumb"},"inLanguage":"en-GB","potentialAction":[{"@type":"ReadAction","target":["https:\/\/www.evialis.com\/ph\/temoignages\/pasquine\/"]}]},{"@type":"ImageObject","inLanguage":"en-GB","@id":"https:\/\/www.evialis.com\/ph\/temoignages\/pasquine\/#primaryimage","url":"https:\/\/www.evialis.com\/wp-content\/uploads\/2021\/04\/Pasquine-2-scaled.jpg","contentUrl":"https:\/\/www.evialis.com\/wp-content\/uploads\/2021\/04\/Pasquine-2-scaled.jpg","width":2048,"height":1150,"caption":"Hisilicon Balong"},{"@type":"BreadcrumbList","@id":"https:\/\/www.evialis.com\/ph\/temoignages\/pasquine\/#breadcrumb","itemListElement":[{"@type":"ListItem","position":1,"name":"Home","item":"https:\/\/www.evialis.com\/ph\/"},{"@type":"ListItem","position":2,"name":"Testimonials","item":"https:\/\/www.evialis.com\/ph\/temoignages\/"},{"@type":"ListItem","position":3,"name":"Pasquine"}]},{"@type":"WebSite","@id":"https:\/\/www.evialis.com\/ph\/#website","url":"https:\/\/www.evialis.com\/ph\/","name":"EVIALIS","description":"Nourrir vos animaux et bien plus - Leader en nutrition animale","potentialAction":[{"@type":"SearchAction","target":{"@type":"EntryPoint","urlTemplate":"https:\/\/www.evialis.com\/ph\/?s={search_term_string}"},"query-input":{"@type":"PropertyValueSpecification","valueRequired":true,"valueName":"search_term_string"}}],"inLanguage":"en-GB"}]}},"_links":{"self":[{"href":"https:\/\/www.evialis.com\/ph\/wp-json\/wp\/v2\/temoignages\/2136","targetHints":{"allow":["GET"]}}],"collection":[{"href":"https:\/\/www.evialis.com\/ph\/wp-json\/wp\/v2\/temoignages"}],"about":[{"href":"https:\/\/www.evialis.com\/ph\/wp-json\/wp\/v2\/types\/temoignages"}],"wp:featuredmedia":[{"embeddable":true,"href":"https:\/\/www.evialis.com\/ph\/wp-json\/wp\/v2\/media\/3917"}],"wp:attachment":[{"href":"https:\/\/www.evialis.com\/ph\/wp-json\/wp\/v2\/media?parent=2136"}],"wp:term":[{"taxonomy":"especes","embeddable":true,"href":"https:\/\/www.evialis.com\/ph\/wp-json\/wp\/v2\/especes?post=2136"}],"curies":[{"name":"wp","href":"https:\/\/api.w.org\/{rel}","templated":true}]}}